{"id":1630,"date":"2025-03-14T19:17:41","date_gmt":"2025-03-14T18:17:41","guid":{"rendered":"https:\/\/hronvodackymaraton.sk\/?page_id=1630"},"modified":"2025-04-15T07:29:10","modified_gmt":"2025-04-15T05:29:10","slug":"z-historie-slavie-vsdl-zvolen","status":"publish","type":"page","link":"https:\/\/d.r4.wbsprt.com\/hronvodackymaraton.sk\/z-historie-slavie-vsdl-zvolen\/","title":{"rendered":"Z hist\u00f3rie Sl\u00e1vie V\u0160DL Zvolen"},"content":{"rendered":"<p><strong>Gal\u00e9ria je zostaven\u00e1 z fotografi\u00ed z arch\u00edvov Milana Vollmanna, Mojm\u00edra Dr\u00e1bka, Mira Chebe\u0148a a Imra Vidu.<\/strong><\/p>\n<p>&nbsp;<\/p>\n<p><img loading=\"lazy\" decoding=\"async\" class=\"size-medium wp-image-1644\" src=\"http:\/\/hronvodackymaraton.sk\/wp-content\/uploads\/2025\/03\/MV-II-300x205.jpg\" alt=\"\" width=\"300\" height=\"205\" srcset=\"http:\/\/d.r4.wbsprt.com\/hronvodackymaraton.sk\/wp-content\/uploads\/2025\/03\/MV-II-300x205.jpg 300w, http:\/\/d.r4.wbsprt.com\/hronvodackymaraton.sk\/wp-content\/uploads\/2025\/03\/MV-II-1024x698.jpg 1024w, http:\/\/d.r4.wbsprt.com\/hronvodackymaraton.sk\/wp-content\/uploads\/2025\/03\/MV-II-768x524.jpg 768w, http:\/\/d.r4.wbsprt.com\/hronvodackymaraton.sk\/wp-content\/uploads\/2025\/03\/MV-II-1536x1047.jpg 1536w, http:\/\/d.r4.wbsprt.com\/hronvodackymaraton.sk\/wp-content\/uploads\/2025\/03\/MV-II-2048x1396.jpg 2048w\" sizes=\"auto, (max-width: 300px) 100vw, 300px\" \/><\/p>\n<p style=\"text-align: left;\">N\u00e1vrat z III. kvalifika\u010dn\u00e9ho z\u00e1vodu II. VT, Podbansk\u00e9, m\u00e1j 1971, Pretek\u00e1rky a pretek\u00e1ri Sl\u00e1vie V\u0160LD Zvolen. Foten\u00e9 pred hotelom Savoy v Ru\u017eomberku. (z arch\u00edvu Milana Vollmanna)<\/p>\n<p>&nbsp;<\/p>\n<figure id=\"attachment_1633\" aria-describedby=\"caption-attachment-1633\" style=\"width: 300px\" class=\"wp-caption alignnone\"><img loading=\"lazy\" decoding=\"async\" class=\"size-medium wp-image-1633\" src=\"http:\/\/hronvodackymaraton.sk\/wp-content\/uploads\/2025\/03\/MV-I-300x234.jpg\" alt=\"\" width=\"300\" height=\"234\" srcset=\"http:\/\/d.r4.wbsprt.com\/hronvodackymaraton.sk\/wp-content\/uploads\/2025\/03\/MV-I-300x234.jpg 300w, http:\/\/d.r4.wbsprt.com\/hronvodackymaraton.sk\/wp-content\/uploads\/2025\/03\/MV-I-1024x797.jpg 1024w, http:\/\/d.r4.wbsprt.com\/hronvodackymaraton.sk\/wp-content\/uploads\/2025\/03\/MV-I-768x598.jpg 768w, http:\/\/d.r4.wbsprt.com\/hronvodackymaraton.sk\/wp-content\/uploads\/2025\/03\/MV-I-1536x1196.jpg 1536w, http:\/\/d.r4.wbsprt.com\/hronvodackymaraton.sk\/wp-content\/uploads\/2025\/03\/MV-I-2048x1595.jpg 2048w\" sizes=\"auto, (max-width: 300px) 100vw, 300px\" \/><figcaption id=\"caption-attachment-1633\" class=\"wp-caption-text\">Majstrovstv\u00e1 Slovenska Liptovsk\u00fd Hr\u00e1dok, j\u00fal 1970, Milan Vollmann a Jano Han\u00e1k. ( z arch\u00edvu Milana Vollmanna)<\/figcaption><\/figure>\n<p><img loading=\"lazy\" decoding=\"async\" class=\"size-medium wp-image-1634 alignnone\" src=\"http:\/\/hronvodackymaraton.sk\/wp-content\/uploads\/2025\/03\/MV-IV-210x300.jpg\" alt=\"\" width=\"210\" height=\"300\" srcset=\"http:\/\/d.r4.wbsprt.com\/hronvodackymaraton.sk\/wp-content\/uploads\/2025\/03\/MV-IV-210x300.jpg 210w, http:\/\/d.r4.wbsprt.com\/hronvodackymaraton.sk\/wp-content\/uploads\/2025\/03\/MV-IV-716x1024.jpg 716w, http:\/\/d.r4.wbsprt.com\/hronvodackymaraton.sk\/wp-content\/uploads\/2025\/03\/MV-IV-768x1099.jpg 768w, http:\/\/d.r4.wbsprt.com\/hronvodackymaraton.sk\/wp-content\/uploads\/2025\/03\/MV-IV-1073x1536.jpg 1073w, http:\/\/d.r4.wbsprt.com\/hronvodackymaraton.sk\/wp-content\/uploads\/2025\/03\/MV-IV-1431x2048.jpg 1431w, http:\/\/d.r4.wbsprt.com\/hronvodackymaraton.sk\/wp-content\/uploads\/2025\/03\/MV-IV-scaled.jpg 1789w\" sizes=\"auto, (max-width: 210px) 100vw, 210px\" \/><\/p>\n<p>18 ro\u010dn\u00fd Mari\u00e1n\u00a0Havl\u00ed\u010dek, 1971, reprezentant \u010ceskoslovenska. (z arch\u00edvu Milana Vollmanna)<\/p>\n<p><img loading=\"lazy\" decoding=\"async\" class=\"size-medium wp-image-1636 alignnone\" src=\"http:\/\/hronvodackymaraton.sk\/wp-content\/uploads\/2025\/03\/MV-V-226x300.jpg\" alt=\"\" width=\"226\" height=\"300\" srcset=\"http:\/\/d.r4.wbsprt.com\/hronvodackymaraton.sk\/wp-content\/uploads\/2025\/03\/MV-V-226x300.jpg 226w, http:\/\/d.r4.wbsprt.com\/hronvodackymaraton.sk\/wp-content\/uploads\/2025\/03\/MV-V-771x1024.jpg 771w, http:\/\/d.r4.wbsprt.com\/hronvodackymaraton.sk\/wp-content\/uploads\/2025\/03\/MV-V-768x1021.jpg 768w, http:\/\/d.r4.wbsprt.com\/hronvodackymaraton.sk\/wp-content\/uploads\/2025\/03\/MV-V-1156x1536.jpg 1156w, http:\/\/d.r4.wbsprt.com\/hronvodackymaraton.sk\/wp-content\/uploads\/2025\/03\/MV-V-1541x2048.jpg 1541w, http:\/\/d.r4.wbsprt.com\/hronvodackymaraton.sk\/wp-content\/uploads\/2025\/03\/MV-V-scaled.jpg 1926w\" sizes=\"auto, (max-width: 226px) 100vw, 226px\" \/><\/p>\n<p>Mari\u00e1n Havl\u00ed\u010dek, reprezentant \u010ceskoslovenska. (z arch\u00edvu Milana Vollmanna)<\/p>\n<p><img loading=\"lazy\" decoding=\"async\" class=\"size-medium wp-image-1637 alignnone\" src=\"http:\/\/hronvodackymaraton.sk\/wp-content\/uploads\/2025\/03\/MV-VI-300x218.jpg\" alt=\"\" width=\"300\" height=\"218\" srcset=\"http:\/\/d.r4.wbsprt.com\/hronvodackymaraton.sk\/wp-content\/uploads\/2025\/03\/MV-VI-300x218.jpg 300w, http:\/\/d.r4.wbsprt.com\/hronvodackymaraton.sk\/wp-content\/uploads\/2025\/03\/MV-VI-1024x744.jpg 1024w, http:\/\/d.r4.wbsprt.com\/hronvodackymaraton.sk\/wp-content\/uploads\/2025\/03\/MV-VI-768x558.jpg 768w, http:\/\/d.r4.wbsprt.com\/hronvodackymaraton.sk\/wp-content\/uploads\/2025\/03\/MV-VI-1536x1116.jpg 1536w, http:\/\/d.r4.wbsprt.com\/hronvodackymaraton.sk\/wp-content\/uploads\/2025\/03\/MV-VI-2048x1489.jpg 2048w\" sizes=\"auto, (max-width: 300px) 100vw, 300px\" \/><\/p>\n<p>Vod\u00e1cky v\u00fdcvik \u0161tudentiek V\u0160LD, leto 1972 Rich\u0148ava. Chrbtom Jano Stachera, Mari\u00e1n Hal\u00ed\u010dek a Majka \u0160imkov\u00e1. (z arch\u00edvu Milana Vollmanna)<\/p>\n<p><img loading=\"lazy\" decoding=\"async\" class=\"size-medium wp-image-1638\" src=\"http:\/\/hronvodackymaraton.sk\/wp-content\/uploads\/2025\/03\/MV-VII-300x205.jpg\" alt=\"\" width=\"300\" height=\"205\" srcset=\"http:\/\/d.r4.wbsprt.com\/hronvodackymaraton.sk\/wp-content\/uploads\/2025\/03\/MV-VII-300x205.jpg 300w, http:\/\/d.r4.wbsprt.com\/hronvodackymaraton.sk\/wp-content\/uploads\/2025\/03\/MV-VII-1024x699.jpg 1024w, http:\/\/d.r4.wbsprt.com\/hronvodackymaraton.sk\/wp-content\/uploads\/2025\/03\/MV-VII-768x524.jpg 768w, http:\/\/d.r4.wbsprt.com\/hronvodackymaraton.sk\/wp-content\/uploads\/2025\/03\/MV-VII-1536x1049.jpg 1536w, http:\/\/d.r4.wbsprt.com\/hronvodackymaraton.sk\/wp-content\/uploads\/2025\/03\/MV-VII.jpg 1860w\" sizes=\"auto, (max-width: 300px) 100vw, 300px\" \/><\/p>\n<p>Kvalifik\u00e1\u010d I. VT, apr\u00edl 1974 Labe, Vrchlab\u00ed, Milan Vollmann. (z arch\u00edvu Milana Vollmanna)<\/p>\n<p><img loading=\"lazy\" decoding=\"async\" class=\"size-medium wp-image-1639\" src=\"http:\/\/hronvodackymaraton.sk\/wp-content\/uploads\/2025\/03\/MV-VIII-300x198.jpg\" alt=\"\" width=\"300\" height=\"198\" srcset=\"http:\/\/d.r4.wbsprt.com\/hronvodackymaraton.sk\/wp-content\/uploads\/2025\/03\/MV-VIII-300x198.jpg 300w, http:\/\/d.r4.wbsprt.com\/hronvodackymaraton.sk\/wp-content\/uploads\/2025\/03\/MV-VIII-1024x676.jpg 1024w, http:\/\/d.r4.wbsprt.com\/hronvodackymaraton.sk\/wp-content\/uploads\/2025\/03\/MV-VIII-768x507.jpg 768w, http:\/\/d.r4.wbsprt.com\/hronvodackymaraton.sk\/wp-content\/uploads\/2025\/03\/MV-VIII-1536x1014.jpg 1536w, http:\/\/d.r4.wbsprt.com\/hronvodackymaraton.sk\/wp-content\/uploads\/2025\/03\/MV-VIII-2048x1352.jpg 2048w\" sizes=\"auto, (max-width: 300px) 100vw, 300px\" \/><\/p>\n<p>Podbansk\u00e9, Bel\u00e1, j\u00fan 1974, Milan Vollmann. (z arch\u00edvu Milana Vollmanna)<\/p>\n<p><img loading=\"lazy\" decoding=\"async\" class=\"size-medium wp-image-1635\" src=\"http:\/\/hronvodackymaraton.sk\/wp-content\/uploads\/2025\/03\/MV-IX-300x210.jpg\" alt=\"\" width=\"300\" height=\"210\" srcset=\"http:\/\/d.r4.wbsprt.com\/hronvodackymaraton.sk\/wp-content\/uploads\/2025\/03\/MV-IX-300x210.jpg 300w, http:\/\/d.r4.wbsprt.com\/hronvodackymaraton.sk\/wp-content\/uploads\/2025\/03\/MV-IX-1024x716.jpg 1024w, http:\/\/d.r4.wbsprt.com\/hronvodackymaraton.sk\/wp-content\/uploads\/2025\/03\/MV-IX-768x537.jpg 768w, http:\/\/d.r4.wbsprt.com\/hronvodackymaraton.sk\/wp-content\/uploads\/2025\/03\/MV-IX-1536x1073.jpg 1536w, http:\/\/d.r4.wbsprt.com\/hronvodackymaraton.sk\/wp-content\/uploads\/2025\/03\/MV-IX-2048x1431.jpg 2048w\" sizes=\"auto, (max-width: 300px) 100vw, 300px\" \/><\/p>\n<p>Majstrovstv\u00e1 \u010ceskoslovenska, j\u00fal 1974, Vltava-Lipno, Papiere\u0148. Milan Vollmann. ( z arch\u00edvu Milana Vollmanna)<\/p>\n<p><img loading=\"lazy\" decoding=\"async\" class=\"size-medium wp-image-1640\" src=\"http:\/\/hronvodackymaraton.sk\/wp-content\/uploads\/2025\/03\/MV-X-300x183.jpg\" alt=\"\" width=\"300\" height=\"183\" srcset=\"http:\/\/d.r4.wbsprt.com\/hronvodackymaraton.sk\/wp-content\/uploads\/2025\/03\/MV-X-300x183.jpg 300w, http:\/\/d.r4.wbsprt.com\/hronvodackymaraton.sk\/wp-content\/uploads\/2025\/03\/MV-X-1024x626.jpg 1024w, http:\/\/d.r4.wbsprt.com\/hronvodackymaraton.sk\/wp-content\/uploads\/2025\/03\/MV-X-768x470.jpg 768w, http:\/\/d.r4.wbsprt.com\/hronvodackymaraton.sk\/wp-content\/uploads\/2025\/03\/MV-X-1536x939.jpg 1536w, http:\/\/d.r4.wbsprt.com\/hronvodackymaraton.sk\/wp-content\/uploads\/2025\/03\/MV-X-2048x1252.jpg 2048w\" sizes=\"auto, (max-width: 300px) 100vw, 300px\" \/><\/p>\n<p>Han\u00e1cky slalom, september 1974, Olomouc, Morava. Milan Vollmann. (z arch\u00edvu Milana Vollmanna)<\/p>\n<p><img loading=\"lazy\" decoding=\"async\" class=\"size-medium wp-image-1641\" src=\"http:\/\/hronvodackymaraton.sk\/wp-content\/uploads\/2025\/03\/MV-XI-300x194.jpg\" alt=\"\" width=\"300\" height=\"194\" srcset=\"http:\/\/d.r4.wbsprt.com\/hronvodackymaraton.sk\/wp-content\/uploads\/2025\/03\/MV-XI-300x194.jpg 300w, http:\/\/d.r4.wbsprt.com\/hronvodackymaraton.sk\/wp-content\/uploads\/2025\/03\/MV-XI-1024x661.jpg 1024w, http:\/\/d.r4.wbsprt.com\/hronvodackymaraton.sk\/wp-content\/uploads\/2025\/03\/MV-XI-768x496.jpg 768w, http:\/\/d.r4.wbsprt.com\/hronvodackymaraton.sk\/wp-content\/uploads\/2025\/03\/MV-XI-1536x992.jpg 1536w, http:\/\/d.r4.wbsprt.com\/hronvodackymaraton.sk\/wp-content\/uploads\/2025\/03\/MV-XI-2048x1323.jpg 2048w\" sizes=\"auto, (max-width: 300px) 100vw, 300px\" \/><\/p>\n<p>Havl\u00ed\u010dkov memori\u00e1l, j\u00fan 1976 Zvolen, elektr\u00e1rensk\u00fd kan\u00e1l pred \u00fast\u00edm do Hrona. (z archvu Milana Vollmanna)<\/p>\n<p><img loading=\"lazy\" decoding=\"async\" class=\"size-medium wp-image-1642\" src=\"http:\/\/hronvodackymaraton.sk\/wp-content\/uploads\/2025\/03\/MV-XII-300x192.jpg\" alt=\"\" width=\"300\" height=\"192\" srcset=\"http:\/\/d.r4.wbsprt.com\/hronvodackymaraton.sk\/wp-content\/uploads\/2025\/03\/MV-XII-300x192.jpg 300w, http:\/\/d.r4.wbsprt.com\/hronvodackymaraton.sk\/wp-content\/uploads\/2025\/03\/MV-XII-1024x655.jpg 1024w, http:\/\/d.r4.wbsprt.com\/hronvodackymaraton.sk\/wp-content\/uploads\/2025\/03\/MV-XII-768x492.jpg 768w, http:\/\/d.r4.wbsprt.com\/hronvodackymaraton.sk\/wp-content\/uploads\/2025\/03\/MV-XII-1536x983.jpg 1536w, http:\/\/d.r4.wbsprt.com\/hronvodackymaraton.sk\/wp-content\/uploads\/2025\/03\/MV-XII-2048x1311.jpg 2048w\" sizes=\"auto, (max-width: 300px) 100vw, 300px\" \/><\/p>\n<p>Elektr\u00e1rensk\u00fd kan\u00e1l, 1978 Zvolen, za ha\u0165ou. Tr\u00e9ning zjazdu. (z arch\u00edvu Milana Vollmanna)<\/p>\n<p><img loading=\"lazy\" decoding=\"async\" class=\"size-medium wp-image-1646\" src=\"http:\/\/hronvodackymaraton.sk\/wp-content\/uploads\/2025\/03\/MV-XIII-300x197.jpg\" alt=\"\" width=\"300\" height=\"197\" srcset=\"http:\/\/d.r4.wbsprt.com\/hronvodackymaraton.sk\/wp-content\/uploads\/2025\/03\/MV-XIII-300x197.jpg 300w, http:\/\/d.r4.wbsprt.com\/hronvodackymaraton.sk\/wp-content\/uploads\/2025\/03\/MV-XIII-1024x672.jpg 1024w, http:\/\/d.r4.wbsprt.com\/hronvodackymaraton.sk\/wp-content\/uploads\/2025\/03\/MV-XIII-768x504.jpg 768w, http:\/\/d.r4.wbsprt.com\/hronvodackymaraton.sk\/wp-content\/uploads\/2025\/03\/MV-XIII-1536x1009.jpg 1536w, http:\/\/d.r4.wbsprt.com\/hronvodackymaraton.sk\/wp-content\/uploads\/2025\/03\/MV-XIII-2048x1345.jpg 2048w\" sizes=\"auto, (max-width: 300px) 100vw, 300px\" \/><\/p>\n<p>Medzin\u00e1rodn\u00e9 preteky Nowy Sacz, Po\u013esko, leto 1979. Z\u013eava v tepl\u00e1koch Milan Vollmann, vzadu Imro Vida, v strede Jano Stachera a ved\u013ea bratia Mar\u010dokovci. (z arch\u00edvu Milana Vollmanna)<img loading=\"lazy\" decoding=\"async\" class=\"size-medium wp-image-1643\" src=\"http:\/\/hronvodackymaraton.sk\/wp-content\/uploads\/2025\/03\/MV-XIV-300x175.jpg\" alt=\"\" width=\"300\" height=\"175\" srcset=\"http:\/\/d.r4.wbsprt.com\/hronvodackymaraton.sk\/wp-content\/uploads\/2025\/03\/MV-XIV-300x175.jpg 300w, http:\/\/d.r4.wbsprt.com\/hronvodackymaraton.sk\/wp-content\/uploads\/2025\/03\/MV-XIV-1024x598.jpg 1024w, http:\/\/d.r4.wbsprt.com\/hronvodackymaraton.sk\/wp-content\/uploads\/2025\/03\/MV-XIV-768x448.jpg 768w, http:\/\/d.r4.wbsprt.com\/hronvodackymaraton.sk\/wp-content\/uploads\/2025\/03\/MV-XIV-1536x897.jpg 1536w, http:\/\/d.r4.wbsprt.com\/hronvodackymaraton.sk\/wp-content\/uploads\/2025\/03\/MV-XIV-2048x1196.jpg 2048w\" sizes=\"auto, (max-width: 300px) 100vw, 300px\" \/><\/p>\n<p>Medzin\u00e1rodn\u00e9 preteky, Nowy Sacz, Po\u013esko, leto 1979. Milan Vollmann (z arch\u00edvu Milana Vollmanna)<\/p>\n<p><img loading=\"lazy\" decoding=\"async\" class=\"size-medium wp-image-1647\" src=\"http:\/\/hronvodackymaraton.sk\/wp-content\/uploads\/2025\/03\/MV-XV-300x198.jpg\" alt=\"\" width=\"300\" height=\"198\" srcset=\"http:\/\/d.r4.wbsprt.com\/hronvodackymaraton.sk\/wp-content\/uploads\/2025\/03\/MV-XV-300x198.jpg 300w, http:\/\/d.r4.wbsprt.com\/hronvodackymaraton.sk\/wp-content\/uploads\/2025\/03\/MV-XV-1024x675.jpg 1024w, http:\/\/d.r4.wbsprt.com\/hronvodackymaraton.sk\/wp-content\/uploads\/2025\/03\/MV-XV-768x506.jpg 768w, http:\/\/d.r4.wbsprt.com\/hronvodackymaraton.sk\/wp-content\/uploads\/2025\/03\/MV-XV-1536x1013.jpg 1536w, http:\/\/d.r4.wbsprt.com\/hronvodackymaraton.sk\/wp-content\/uploads\/2025\/03\/MV-XV-2048x1350.jpg 2048w\" sizes=\"auto, (max-width: 300px) 100vw, 300px\" \/><\/p>\n<p>Zvolen, Hron za hlavnou ha\u0165ou. 1980, Milan Vollmann. (z arch\u00edvu Milana Vollmanna)<\/p>\n<p><img loading=\"lazy\" decoding=\"async\" class=\"size-medium wp-image-1654\" src=\"http:\/\/hronvodackymaraton.sk\/wp-content\/uploads\/2025\/03\/foto-1-300x217.jpg\" alt=\"\" width=\"300\" height=\"217\" srcset=\"http:\/\/d.r4.wbsprt.com\/hronvodackymaraton.sk\/wp-content\/uploads\/2025\/03\/foto-1-300x217.jpg 300w, http:\/\/d.r4.wbsprt.com\/hronvodackymaraton.sk\/wp-content\/uploads\/2025\/03\/foto-1-1024x741.jpg 1024w, http:\/\/d.r4.wbsprt.com\/hronvodackymaraton.sk\/wp-content\/uploads\/2025\/03\/foto-1-768x556.jpg 768w, http:\/\/d.r4.wbsprt.com\/hronvodackymaraton.sk\/wp-content\/uploads\/2025\/03\/foto-1.jpg 1370w\" sizes=\"auto, (max-width: 300px) 100vw, 300px\" \/><\/p>\n<p>Za\u010diatky v starej lodenici 1975, bratia Sla\u0161\u0165anovci (Jano a Peter), v strede I.Vida.<\/p>\n<p><img loading=\"lazy\" decoding=\"async\" class=\"size-medium wp-image-1658\" src=\"http:\/\/hronvodackymaraton.sk\/wp-content\/uploads\/2025\/03\/foto-5-300x217.jpg\" alt=\"\" width=\"300\" height=\"217\" srcset=\"http:\/\/d.r4.wbsprt.com\/hronvodackymaraton.sk\/wp-content\/uploads\/2025\/03\/foto-5-300x217.jpg 300w, http:\/\/d.r4.wbsprt.com\/hronvodackymaraton.sk\/wp-content\/uploads\/2025\/03\/foto-5-1024x739.jpg 1024w, http:\/\/d.r4.wbsprt.com\/hronvodackymaraton.sk\/wp-content\/uploads\/2025\/03\/foto-5-768x554.jpg 768w, http:\/\/d.r4.wbsprt.com\/hronvodackymaraton.sk\/wp-content\/uploads\/2025\/03\/foto-5-1536x1109.jpg 1536w, http:\/\/d.r4.wbsprt.com\/hronvodackymaraton.sk\/wp-content\/uploads\/2025\/03\/foto-5-2048x1478.jpg 2048w\" sizes=\"auto, (max-width: 300px) 100vw, 300px\" \/><\/p>\n<p>Tr\u00e9ning Lipno I.Vida 1980<\/p>\n<p><img loading=\"lazy\" decoding=\"async\" class=\"size-medium wp-image-1656\" src=\"http:\/\/hronvodackymaraton.sk\/wp-content\/uploads\/2025\/03\/foto-3-300x225.jpg\" alt=\"\" width=\"300\" height=\"225\" srcset=\"http:\/\/d.r4.wbsprt.com\/hronvodackymaraton.sk\/wp-content\/uploads\/2025\/03\/foto-3-300x225.jpg 300w, http:\/\/d.r4.wbsprt.com\/hronvodackymaraton.sk\/wp-content\/uploads\/2025\/03\/foto-3-1024x769.jpg 1024w, http:\/\/d.r4.wbsprt.com\/hronvodackymaraton.sk\/wp-content\/uploads\/2025\/03\/foto-3-768x577.jpg 768w, http:\/\/d.r4.wbsprt.com\/hronvodackymaraton.sk\/wp-content\/uploads\/2025\/03\/foto-3-1536x1154.jpg 1536w, http:\/\/d.r4.wbsprt.com\/hronvodackymaraton.sk\/wp-content\/uploads\/2025\/03\/foto-3.jpg 1785w\" sizes=\"auto, (max-width: 300px) 100vw, 300px\" \/><\/p>\n<p>Juniorsk\u00e1 reprezent\u00e1cia \u010cSSR 1981 Rak\u00fasko, tr\u00e9neri Svoboda, T\u0159e\u0161\u0148\u00e1k, Skolil. Zo Slov\u00e1kov P.Sla\u0161\u0165an, I.Vida, K.Rozmu\u0161, J.Ontko<\/p>\n<p><img loading=\"lazy\" decoding=\"async\" class=\"size-medium wp-image-1657\" src=\"http:\/\/hronvodackymaraton.sk\/wp-content\/uploads\/2025\/03\/foto-4-300x214.jpg\" alt=\"\" width=\"300\" height=\"214\" srcset=\"http:\/\/d.r4.wbsprt.com\/hronvodackymaraton.sk\/wp-content\/uploads\/2025\/03\/foto-4-300x214.jpg 300w, http:\/\/d.r4.wbsprt.com\/hronvodackymaraton.sk\/wp-content\/uploads\/2025\/03\/foto-4-1024x730.jpg 1024w, http:\/\/d.r4.wbsprt.com\/hronvodackymaraton.sk\/wp-content\/uploads\/2025\/03\/foto-4-768x547.jpg 768w, http:\/\/d.r4.wbsprt.com\/hronvodackymaraton.sk\/wp-content\/uploads\/2025\/03\/foto-4-1536x1094.jpg 1536w, http:\/\/d.r4.wbsprt.com\/hronvodackymaraton.sk\/wp-content\/uploads\/2025\/03\/foto-4-2048x1459.jpg 2048w\" sizes=\"auto, (max-width: 300px) 100vw, 300px\" \/><\/p>\n<p>SP Augsburg hliadky C1 1985, Ontko, Vida, Hajdu\u010d\u00edk<\/p>\n<p><img loading=\"lazy\" decoding=\"async\" class=\"alignnone size-medium wp-image-1661\" src=\"http:\/\/hronvodackymaraton.sk\/wp-content\/uploads\/2025\/03\/foto-8-300x200.jpg\" alt=\"\" width=\"300\" height=\"200\" srcset=\"http:\/\/d.r4.wbsprt.com\/hronvodackymaraton.sk\/wp-content\/uploads\/2025\/03\/foto-8-300x200.jpg 300w, http:\/\/d.r4.wbsprt.com\/hronvodackymaraton.sk\/wp-content\/uploads\/2025\/03\/foto-8-1024x683.jpg 1024w, http:\/\/d.r4.wbsprt.com\/hronvodackymaraton.sk\/wp-content\/uploads\/2025\/03\/foto-8-768x512.jpg 768w, http:\/\/d.r4.wbsprt.com\/hronvodackymaraton.sk\/wp-content\/uploads\/2025\/03\/foto-8-1536x1024.jpg 1536w, http:\/\/d.r4.wbsprt.com\/hronvodackymaraton.sk\/wp-content\/uploads\/2025\/03\/foto-8.jpg 1764w\" sizes=\"auto, (max-width: 300px) 100vw, 300px\" \/><\/p>\n<p><img loading=\"lazy\" decoding=\"async\" class=\"size-medium wp-image-1655\" src=\"http:\/\/hronvodackymaraton.sk\/wp-content\/uploads\/2025\/03\/foto-2-300x195.jpg\" alt=\"\" width=\"300\" height=\"195\" srcset=\"http:\/\/d.r4.wbsprt.com\/hronvodackymaraton.sk\/wp-content\/uploads\/2025\/03\/foto-2-300x195.jpg 300w, http:\/\/d.r4.wbsprt.com\/hronvodackymaraton.sk\/wp-content\/uploads\/2025\/03\/foto-2-1024x666.jpg 1024w, http:\/\/d.r4.wbsprt.com\/hronvodackymaraton.sk\/wp-content\/uploads\/2025\/03\/foto-2-768x499.jpg 768w, http:\/\/d.r4.wbsprt.com\/hronvodackymaraton.sk\/wp-content\/uploads\/2025\/03\/foto-2-1536x998.jpg 1536w, http:\/\/d.r4.wbsprt.com\/hronvodackymaraton.sk\/wp-content\/uploads\/2025\/03\/foto-2.jpg 1771w\" sizes=\"auto, (max-width: 300px) 100vw, 300px\" \/><\/p>\n<p>Majstrovstv\u00e1 \u010ceskoslovenska, Karlove Vary 1983 Hliadka C1 Kulh\u00e1nek, Vida a chalan z Ko\u0161\u00edc<\/p>\n<p><img loading=\"lazy\" decoding=\"async\" class=\"size-medium wp-image-1659\" src=\"http:\/\/hronvodackymaraton.sk\/wp-content\/uploads\/2025\/03\/foto-6-300x211.jpg\" alt=\"\" width=\"300\" height=\"211\" srcset=\"http:\/\/d.r4.wbsprt.com\/hronvodackymaraton.sk\/wp-content\/uploads\/2025\/03\/foto-6-300x211.jpg 300w, http:\/\/d.r4.wbsprt.com\/hronvodackymaraton.sk\/wp-content\/uploads\/2025\/03\/foto-6-1024x720.jpg 1024w, http:\/\/d.r4.wbsprt.com\/hronvodackymaraton.sk\/wp-content\/uploads\/2025\/03\/foto-6-768x540.jpg 768w, http:\/\/d.r4.wbsprt.com\/hronvodackymaraton.sk\/wp-content\/uploads\/2025\/03\/foto-6.jpg 1339w\" sizes=\"auto, (max-width: 300px) 100vw, 300px\" \/><\/p>\n<p>Zjazd na Kamenici asi 1988 I.Vida<\/p>\n<p>&nbsp;<\/p>\n<p><img loading=\"lazy\" decoding=\"async\" class=\"size-medium wp-image-1690\" src=\"http:\/\/hronvodackymaraton.sk\/wp-content\/uploads\/2025\/03\/1.-021971-chata-VSLD-Donovaly-210x300.jpg\" alt=\"\" width=\"210\" height=\"300\" srcset=\"http:\/\/d.r4.wbsprt.com\/hronvodackymaraton.sk\/wp-content\/uploads\/2025\/03\/1.-021971-chata-VSLD-Donovaly-210x300.jpg 210w, http:\/\/d.r4.wbsprt.com\/hronvodackymaraton.sk\/wp-content\/uploads\/2025\/03\/1.-021971-chata-VSLD-Donovaly-718x1024.jpg 718w, http:\/\/d.r4.wbsprt.com\/hronvodackymaraton.sk\/wp-content\/uploads\/2025\/03\/1.-021971-chata-VSLD-Donovaly-768x1096.jpg 768w, http:\/\/d.r4.wbsprt.com\/hronvodackymaraton.sk\/wp-content\/uploads\/2025\/03\/1.-021971-chata-VSLD-Donovaly-1077x1536.jpg 1077w, http:\/\/d.r4.wbsprt.com\/hronvodackymaraton.sk\/wp-content\/uploads\/2025\/03\/1.-021971-chata-VSLD-Donovaly-1435x2048.jpg 1435w, http:\/\/d.r4.wbsprt.com\/hronvodackymaraton.sk\/wp-content\/uploads\/2025\/03\/1.-021971-chata-VSLD-Donovaly-scaled.jpg 1794w\" sizes=\"auto, (max-width: 210px) 100vw, 210px\" \/><\/p>\n<p>021971- chata V\u0160LD Donovaly<\/p>\n<figure id=\"attachment_1689\" aria-describedby=\"caption-attachment-1689\" style=\"width: 300px\" class=\"wp-caption alignnone\"><img loading=\"lazy\" decoding=\"async\" class=\"size-medium wp-image-1689\" src=\"http:\/\/hronvodackymaraton.sk\/wp-content\/uploads\/2025\/03\/2.-081972-studna-nove-lodenice-Zvolen-300x202.jpg\" alt=\"\" width=\"300\" height=\"202\" srcset=\"http:\/\/d.r4.wbsprt.com\/hronvodackymaraton.sk\/wp-content\/uploads\/2025\/03\/2.-081972-studna-nove-lodenice-Zvolen-300x202.jpg 300w, http:\/\/d.r4.wbsprt.com\/hronvodackymaraton.sk\/wp-content\/uploads\/2025\/03\/2.-081972-studna-nove-lodenice-Zvolen-1024x689.jpg 1024w, http:\/\/d.r4.wbsprt.com\/hronvodackymaraton.sk\/wp-content\/uploads\/2025\/03\/2.-081972-studna-nove-lodenice-Zvolen-768x517.jpg 768w, http:\/\/d.r4.wbsprt.com\/hronvodackymaraton.sk\/wp-content\/uploads\/2025\/03\/2.-081972-studna-nove-lodenice-Zvolen-1536x1034.jpg 1536w, http:\/\/d.r4.wbsprt.com\/hronvodackymaraton.sk\/wp-content\/uploads\/2025\/03\/2.-081972-studna-nove-lodenice-Zvolen-2048x1379.jpg 2048w\" sizes=\"auto, (max-width: 300px) 100vw, 300px\" \/><figcaption id=\"caption-attachment-1689\" class=\"wp-caption-text\">081972 &#8211; studna nov\u00e9 lod\u011bnice Zvolen<\/figcaption><\/figure>\n<p>&nbsp;<\/p>\n<figure id=\"attachment_1688\" aria-describedby=\"caption-attachment-1688\" style=\"width: 207px\" class=\"wp-caption alignnone\"><img loading=\"lazy\" decoding=\"async\" class=\"size-medium wp-image-1688\" src=\"http:\/\/hronvodackymaraton.sk\/wp-content\/uploads\/2025\/03\/3.-091972-MPS-Pieniny-207x300.jpg\" alt=\"\" width=\"207\" height=\"300\" srcset=\"http:\/\/d.r4.wbsprt.com\/hronvodackymaraton.sk\/wp-content\/uploads\/2025\/03\/3.-091972-MPS-Pieniny-207x300.jpg 207w, http:\/\/d.r4.wbsprt.com\/hronvodackymaraton.sk\/wp-content\/uploads\/2025\/03\/3.-091972-MPS-Pieniny-706x1024.jpg 706w, http:\/\/d.r4.wbsprt.com\/hronvodackymaraton.sk\/wp-content\/uploads\/2025\/03\/3.-091972-MPS-Pieniny-768x1114.jpg 768w, http:\/\/d.r4.wbsprt.com\/hronvodackymaraton.sk\/wp-content\/uploads\/2025\/03\/3.-091972-MPS-Pieniny-1059x1536.jpg 1059w, http:\/\/d.r4.wbsprt.com\/hronvodackymaraton.sk\/wp-content\/uploads\/2025\/03\/3.-091972-MPS-Pieniny-1412x2048.jpg 1412w, http:\/\/d.r4.wbsprt.com\/hronvodackymaraton.sk\/wp-content\/uploads\/2025\/03\/3.-091972-MPS-Pieniny-scaled.jpg 1765w\" sizes=\"auto, (max-width: 207px) 100vw, 207px\" \/><figcaption id=\"caption-attachment-1688\" class=\"wp-caption-text\">MPS Pieniny<\/figcaption><\/figure>\n<p>&nbsp;<\/p>\n<figure id=\"attachment_1687\" aria-describedby=\"caption-attachment-1687\" style=\"width: 300px\" class=\"wp-caption alignnone\"><img loading=\"lazy\" decoding=\"async\" class=\"size-medium wp-image-1687\" src=\"http:\/\/hronvodackymaraton.sk\/wp-content\/uploads\/2025\/03\/4.-051973-7.CS-Univerziada-B.Bystrica-300x199.jpg\" alt=\"\" width=\"300\" height=\"199\" srcset=\"http:\/\/d.r4.wbsprt.com\/hronvodackymaraton.sk\/wp-content\/uploads\/2025\/03\/4.-051973-7.CS-Univerziada-B.Bystrica-300x199.jpg 300w, http:\/\/d.r4.wbsprt.com\/hronvodackymaraton.sk\/wp-content\/uploads\/2025\/03\/4.-051973-7.CS-Univerziada-B.Bystrica-1024x678.jpg 1024w, http:\/\/d.r4.wbsprt.com\/hronvodackymaraton.sk\/wp-content\/uploads\/2025\/03\/4.-051973-7.CS-Univerziada-B.Bystrica-768x509.jpg 768w, http:\/\/d.r4.wbsprt.com\/hronvodackymaraton.sk\/wp-content\/uploads\/2025\/03\/4.-051973-7.CS-Univerziada-B.Bystrica-1536x1018.jpg 1536w, http:\/\/d.r4.wbsprt.com\/hronvodackymaraton.sk\/wp-content\/uploads\/2025\/03\/4.-051973-7.CS-Univerziada-B.Bystrica-2048x1357.jpg 2048w\" sizes=\"auto, (max-width: 300px) 100vw, 300px\" \/><figcaption id=\"caption-attachment-1687\" class=\"wp-caption-text\">7. \u010cS Univerzi\u00e1da B.Bystrica<\/figcaption><\/figure>\n<p>&nbsp;<\/p>\n<figure id=\"attachment_1686\" aria-describedby=\"caption-attachment-1686\" style=\"width: 208px\" class=\"wp-caption alignnone\"><img loading=\"lazy\" decoding=\"async\" class=\"size-medium wp-image-1686\" src=\"http:\/\/hronvodackymaraton.sk\/wp-content\/uploads\/2025\/03\/5.-051974-kvalif.II_.VT-Bucina-Zvolen-208x300.jpg\" alt=\"\" width=\"208\" height=\"300\" srcset=\"http:\/\/d.r4.wbsprt.com\/hronvodackymaraton.sk\/wp-content\/uploads\/2025\/03\/5.-051974-kvalif.II_.VT-Bucina-Zvolen-208x300.jpg 208w, http:\/\/d.r4.wbsprt.com\/hronvodackymaraton.sk\/wp-content\/uploads\/2025\/03\/5.-051974-kvalif.II_.VT-Bucina-Zvolen-710x1024.jpg 710w, http:\/\/d.r4.wbsprt.com\/hronvodackymaraton.sk\/wp-content\/uploads\/2025\/03\/5.-051974-kvalif.II_.VT-Bucina-Zvolen-768x1107.jpg 768w, http:\/\/d.r4.wbsprt.com\/hronvodackymaraton.sk\/wp-content\/uploads\/2025\/03\/5.-051974-kvalif.II_.VT-Bucina-Zvolen-1065x1536.jpg 1065w, http:\/\/d.r4.wbsprt.com\/hronvodackymaraton.sk\/wp-content\/uploads\/2025\/03\/5.-051974-kvalif.II_.VT-Bucina-Zvolen-1420x2048.jpg 1420w, http:\/\/d.r4.wbsprt.com\/hronvodackymaraton.sk\/wp-content\/uploads\/2025\/03\/5.-051974-kvalif.II_.VT-Bucina-Zvolen-scaled.jpg 1775w\" sizes=\"auto, (max-width: 208px) 100vw, 208px\" \/><figcaption id=\"caption-attachment-1686\" class=\"wp-caption-text\">051974 kvalif.II.VT Bu\u010dina Zvolen<\/figcaption><\/figure>\n<p>&nbsp;<\/p>\n<figure id=\"attachment_1685\" aria-describedby=\"caption-attachment-1685\" style=\"width: 300px\" class=\"wp-caption alignnone\"><img loading=\"lazy\" decoding=\"async\" class=\"size-medium wp-image-1685\" src=\"http:\/\/hronvodackymaraton.sk\/wp-content\/uploads\/2025\/03\/6.-051975-Nova-lodenice-ZV-Lejsal-Drabek-Blahus-300x214.jpg\" alt=\"\" width=\"300\" height=\"214\" srcset=\"http:\/\/d.r4.wbsprt.com\/hronvodackymaraton.sk\/wp-content\/uploads\/2025\/03\/6.-051975-Nova-lodenice-ZV-Lejsal-Drabek-Blahus-300x214.jpg 300w, http:\/\/d.r4.wbsprt.com\/hronvodackymaraton.sk\/wp-content\/uploads\/2025\/03\/6.-051975-Nova-lodenice-ZV-Lejsal-Drabek-Blahus-1024x730.jpg 1024w, http:\/\/d.r4.wbsprt.com\/hronvodackymaraton.sk\/wp-content\/uploads\/2025\/03\/6.-051975-Nova-lodenice-ZV-Lejsal-Drabek-Blahus-768x547.jpg 768w, http:\/\/d.r4.wbsprt.com\/hronvodackymaraton.sk\/wp-content\/uploads\/2025\/03\/6.-051975-Nova-lodenice-ZV-Lejsal-Drabek-Blahus-1536x1095.jpg 1536w, http:\/\/d.r4.wbsprt.com\/hronvodackymaraton.sk\/wp-content\/uploads\/2025\/03\/6.-051975-Nova-lodenice-ZV-Lejsal-Drabek-Blahus-2048x1459.jpg 2048w\" sizes=\"auto, (max-width: 300px) 100vw, 300px\" \/><figcaption id=\"caption-attachment-1685\" class=\"wp-caption-text\">051975 &#8211; Nov\u00e1 lod\u011bnice ZV Lejsal-Dr\u00e1bek-Blahu\u0161<\/figcaption><\/figure>\n<p>&nbsp;<\/p>\n<figure id=\"attachment_1684\" aria-describedby=\"caption-attachment-1684\" style=\"width: 300px\" class=\"wp-caption alignnone\"><img loading=\"lazy\" decoding=\"async\" class=\"size-medium wp-image-1684\" src=\"http:\/\/hronvodackymaraton.sk\/wp-content\/uploads\/2025\/03\/7.-051975-Nova-lodenice-ZV-Lejsal-300x222.jpg\" alt=\"\" width=\"300\" height=\"222\" srcset=\"http:\/\/d.r4.wbsprt.com\/hronvodackymaraton.sk\/wp-content\/uploads\/2025\/03\/7.-051975-Nova-lodenice-ZV-Lejsal-300x222.jpg 300w, http:\/\/d.r4.wbsprt.com\/hronvodackymaraton.sk\/wp-content\/uploads\/2025\/03\/7.-051975-Nova-lodenice-ZV-Lejsal-1024x757.jpg 1024w, http:\/\/d.r4.wbsprt.com\/hronvodackymaraton.sk\/wp-content\/uploads\/2025\/03\/7.-051975-Nova-lodenice-ZV-Lejsal-768x568.jpg 768w, http:\/\/d.r4.wbsprt.com\/hronvodackymaraton.sk\/wp-content\/uploads\/2025\/03\/7.-051975-Nova-lodenice-ZV-Lejsal-1536x1135.jpg 1536w, http:\/\/d.r4.wbsprt.com\/hronvodackymaraton.sk\/wp-content\/uploads\/2025\/03\/7.-051975-Nova-lodenice-ZV-Lejsal-2048x1514.jpg 2048w\" sizes=\"auto, (max-width: 300px) 100vw, 300px\" \/><figcaption id=\"caption-attachment-1684\" class=\"wp-caption-text\">Nov\u00e1 lod\u011bnice ZV Lejsal<\/figcaption><\/figure>\n<p>&nbsp;<\/p>\n<figure id=\"attachment_1683\" aria-describedby=\"caption-attachment-1683\" style=\"width: 300px\" class=\"wp-caption alignnone\"><img loading=\"lazy\" decoding=\"async\" class=\"size-medium wp-image-1683\" src=\"http:\/\/hronvodackymaraton.sk\/wp-content\/uploads\/2025\/03\/8.-051976-elev-Imro-Vida-300x193.jpg\" alt=\"\" width=\"300\" height=\"193\" srcset=\"http:\/\/d.r4.wbsprt.com\/hronvodackymaraton.sk\/wp-content\/uploads\/2025\/03\/8.-051976-elev-Imro-Vida-300x193.jpg 300w, http:\/\/d.r4.wbsprt.com\/hronvodackymaraton.sk\/wp-content\/uploads\/2025\/03\/8.-051976-elev-Imro-Vida-1024x659.jpg 1024w, http:\/\/d.r4.wbsprt.com\/hronvodackymaraton.sk\/wp-content\/uploads\/2025\/03\/8.-051976-elev-Imro-Vida-768x494.jpg 768w, http:\/\/d.r4.wbsprt.com\/hronvodackymaraton.sk\/wp-content\/uploads\/2025\/03\/8.-051976-elev-Imro-Vida-1536x988.jpg 1536w, http:\/\/d.r4.wbsprt.com\/hronvodackymaraton.sk\/wp-content\/uploads\/2025\/03\/8.-051976-elev-Imro-Vida-2048x1317.jpg 2048w\" sizes=\"auto, (max-width: 300px) 100vw, 300px\" \/><figcaption id=\"caption-attachment-1683\" class=\"wp-caption-text\">051976 &#8211; el\u00e9v Imro Vida<\/figcaption><\/figure>\n<p>&nbsp;<\/p>\n<figure id=\"attachment_1682\" aria-describedby=\"caption-attachment-1682\" style=\"width: 300px\" class=\"wp-caption alignnone\"><img loading=\"lazy\" decoding=\"async\" class=\"size-medium wp-image-1682\" src=\"http:\/\/hronvodackymaraton.sk\/wp-content\/uploads\/2025\/03\/9.-051976-cestovani-Slavia-VSLD-ZV-300x234.jpg\" alt=\"\" width=\"300\" height=\"234\" srcset=\"http:\/\/d.r4.wbsprt.com\/hronvodackymaraton.sk\/wp-content\/uploads\/2025\/03\/9.-051976-cestovani-Slavia-VSLD-ZV-300x234.jpg 300w, http:\/\/d.r4.wbsprt.com\/hronvodackymaraton.sk\/wp-content\/uploads\/2025\/03\/9.-051976-cestovani-Slavia-VSLD-ZV-1024x798.jpg 1024w, http:\/\/d.r4.wbsprt.com\/hronvodackymaraton.sk\/wp-content\/uploads\/2025\/03\/9.-051976-cestovani-Slavia-VSLD-ZV-768x599.jpg 768w, http:\/\/d.r4.wbsprt.com\/hronvodackymaraton.sk\/wp-content\/uploads\/2025\/03\/9.-051976-cestovani-Slavia-VSLD-ZV-1536x1198.jpg 1536w, http:\/\/d.r4.wbsprt.com\/hronvodackymaraton.sk\/wp-content\/uploads\/2025\/03\/9.-051976-cestovani-Slavia-VSLD-ZV-2048x1597.jpg 2048w\" sizes=\"auto, (max-width: 300px) 100vw, 300px\" \/><figcaption id=\"caption-attachment-1682\" class=\"wp-caption-text\">051976 &#8211; cestov\u00e1n\u00ed Sl\u00e1via V\u0160LD ZV<\/figcaption><\/figure>\n<p>&nbsp;<\/p>\n<figure id=\"attachment_1681\" aria-describedby=\"caption-attachment-1681\" style=\"width: 300px\" class=\"wp-caption alignnone\"><img loading=\"lazy\" decoding=\"async\" class=\"size-medium wp-image-1681\" src=\"http:\/\/hronvodackymaraton.sk\/wp-content\/uploads\/2025\/03\/10.-051976-cestovani-Slavia-VSLD-Zvolen-300x219.jpg\" alt=\"\" width=\"300\" height=\"219\" srcset=\"http:\/\/d.r4.wbsprt.com\/hronvodackymaraton.sk\/wp-content\/uploads\/2025\/03\/10.-051976-cestovani-Slavia-VSLD-Zvolen-300x219.jpg 300w, http:\/\/d.r4.wbsprt.com\/hronvodackymaraton.sk\/wp-content\/uploads\/2025\/03\/10.-051976-cestovani-Slavia-VSLD-Zvolen-1024x749.jpg 1024w, http:\/\/d.r4.wbsprt.com\/hronvodackymaraton.sk\/wp-content\/uploads\/2025\/03\/10.-051976-cestovani-Slavia-VSLD-Zvolen-768x561.jpg 768w, http:\/\/d.r4.wbsprt.com\/hronvodackymaraton.sk\/wp-content\/uploads\/2025\/03\/10.-051976-cestovani-Slavia-VSLD-Zvolen-1536x1123.jpg 1536w, http:\/\/d.r4.wbsprt.com\/hronvodackymaraton.sk\/wp-content\/uploads\/2025\/03\/10.-051976-cestovani-Slavia-VSLD-Zvolen-2048x1497.jpg 2048w\" sizes=\"auto, (max-width: 300px) 100vw, 300px\" \/><figcaption id=\"caption-attachment-1681\" class=\"wp-caption-text\">051976 &#8211; cestov\u00e1n\u00ed Sl\u00e1via V\u0160LD Zvolen<\/figcaption><\/figure>\n<p>&nbsp;<\/p>\n<figure id=\"attachment_1680\" aria-describedby=\"caption-attachment-1680\" style=\"width: 300px\" class=\"wp-caption alignnone\"><img loading=\"lazy\" decoding=\"async\" class=\"size-medium wp-image-1680\" src=\"http:\/\/hronvodackymaraton.sk\/wp-content\/uploads\/2025\/03\/11.-051976-Kvalifikac-Podbanske-Vollmann-300x212.jpg\" alt=\"\" width=\"300\" height=\"212\" srcset=\"http:\/\/d.r4.wbsprt.com\/hronvodackymaraton.sk\/wp-content\/uploads\/2025\/03\/11.-051976-Kvalifikac-Podbanske-Vollmann-300x212.jpg 300w, http:\/\/d.r4.wbsprt.com\/hronvodackymaraton.sk\/wp-content\/uploads\/2025\/03\/11.-051976-Kvalifikac-Podbanske-Vollmann-1024x722.jpg 1024w, http:\/\/d.r4.wbsprt.com\/hronvodackymaraton.sk\/wp-content\/uploads\/2025\/03\/11.-051976-Kvalifikac-Podbanske-Vollmann-768x542.jpg 768w, http:\/\/d.r4.wbsprt.com\/hronvodackymaraton.sk\/wp-content\/uploads\/2025\/03\/11.-051976-Kvalifikac-Podbanske-Vollmann-1536x1084.jpg 1536w, http:\/\/d.r4.wbsprt.com\/hronvodackymaraton.sk\/wp-content\/uploads\/2025\/03\/11.-051976-Kvalifikac-Podbanske-Vollmann-2048x1445.jpg 2048w\" sizes=\"auto, (max-width: 300px) 100vw, 300px\" \/><figcaption id=\"caption-attachment-1680\" class=\"wp-caption-text\">051976 Kvalifik\u00e1\u010d Podb\u00e1nsk\u00e9 Vollmann<\/figcaption><\/figure>\n<p>&nbsp;<\/p>\n<figure id=\"attachment_1679\" aria-describedby=\"caption-attachment-1679\" style=\"width: 211px\" class=\"wp-caption alignnone\"><img loading=\"lazy\" decoding=\"async\" class=\"size-medium wp-image-1679\" src=\"http:\/\/hronvodackymaraton.sk\/wp-content\/uploads\/2025\/03\/12.-061977-Labska-soutezka-Spindl-Obavy-o-kamarady-211x300.jpg\" alt=\"\" width=\"211\" height=\"300\" srcset=\"http:\/\/d.r4.wbsprt.com\/hronvodackymaraton.sk\/wp-content\/uploads\/2025\/03\/12.-061977-Labska-soutezka-Spindl-Obavy-o-kamarady-211x300.jpg 211w, http:\/\/d.r4.wbsprt.com\/hronvodackymaraton.sk\/wp-content\/uploads\/2025\/03\/12.-061977-Labska-soutezka-Spindl-Obavy-o-kamarady-720x1024.jpg 720w, http:\/\/d.r4.wbsprt.com\/hronvodackymaraton.sk\/wp-content\/uploads\/2025\/03\/12.-061977-Labska-soutezka-Spindl-Obavy-o-kamarady-768x1092.jpg 768w, http:\/\/d.r4.wbsprt.com\/hronvodackymaraton.sk\/wp-content\/uploads\/2025\/03\/12.-061977-Labska-soutezka-Spindl-Obavy-o-kamarady-1080x1536.jpg 1080w, http:\/\/d.r4.wbsprt.com\/hronvodackymaraton.sk\/wp-content\/uploads\/2025\/03\/12.-061977-Labska-soutezka-Spindl-Obavy-o-kamarady-1440x2048.jpg 1440w, http:\/\/d.r4.wbsprt.com\/hronvodackymaraton.sk\/wp-content\/uploads\/2025\/03\/12.-061977-Labska-soutezka-Spindl-Obavy-o-kamarady-scaled.jpg 1800w\" sizes=\"auto, (max-width: 211px) 100vw, 211px\" \/><figcaption id=\"caption-attachment-1679\" class=\"wp-caption-text\">061977 Labsk\u00e1 sout\u011bzka \u0160pindl Obavy o kamar\u00e1dy<\/figcaption><\/figure>\n<p>&nbsp;<\/p>\n<figure id=\"attachment_1678\" aria-describedby=\"caption-attachment-1678\" style=\"width: 300px\" class=\"wp-caption alignnone\"><img loading=\"lazy\" decoding=\"async\" class=\"size-medium wp-image-1678\" src=\"http:\/\/hronvodackymaraton.sk\/wp-content\/uploads\/2025\/03\/13.-061977-Labska-soutezka-Spindl-Spanielova-Drabkova-300x201.jpg\" alt=\"\" width=\"300\" height=\"201\" srcset=\"http:\/\/d.r4.wbsprt.com\/hronvodackymaraton.sk\/wp-content\/uploads\/2025\/03\/13.-061977-Labska-soutezka-Spindl-Spanielova-Drabkova-300x201.jpg 300w, http:\/\/d.r4.wbsprt.com\/hronvodackymaraton.sk\/wp-content\/uploads\/2025\/03\/13.-061977-Labska-soutezka-Spindl-Spanielova-Drabkova-1024x685.jpg 1024w, http:\/\/d.r4.wbsprt.com\/hronvodackymaraton.sk\/wp-content\/uploads\/2025\/03\/13.-061977-Labska-soutezka-Spindl-Spanielova-Drabkova-768x514.jpg 768w, http:\/\/d.r4.wbsprt.com\/hronvodackymaraton.sk\/wp-content\/uploads\/2025\/03\/13.-061977-Labska-soutezka-Spindl-Spanielova-Drabkova-1536x1028.jpg 1536w, http:\/\/d.r4.wbsprt.com\/hronvodackymaraton.sk\/wp-content\/uploads\/2025\/03\/13.-061977-Labska-soutezka-Spindl-Spanielova-Drabkova-2048x1370.jpg 2048w\" sizes=\"auto, (max-width: 300px) 100vw, 300px\" \/><figcaption id=\"caption-attachment-1678\" class=\"wp-caption-text\">061977 Labsk\u00e1 sout\u011bzka \u0160pindl \u0160panielov\u00e1-Dr\u00e1bkov\u00e1<\/figcaption><\/figure>\n<p>&nbsp;<\/p>\n<figure id=\"attachment_1677\" aria-describedby=\"caption-attachment-1677\" style=\"width: 210px\" class=\"wp-caption alignnone\"><img loading=\"lazy\" decoding=\"async\" class=\"size-medium wp-image-1677\" src=\"http:\/\/hronvodackymaraton.sk\/wp-content\/uploads\/2025\/03\/14.-071977-cesta-MS-Spittal-an-der-Drau-Rakousko-210x300.jpg\" alt=\"\" width=\"210\" height=\"300\" srcset=\"http:\/\/d.r4.wbsprt.com\/hronvodackymaraton.sk\/wp-content\/uploads\/2025\/03\/14.-071977-cesta-MS-Spittal-an-der-Drau-Rakousko-210x300.jpg 210w, http:\/\/d.r4.wbsprt.com\/hronvodackymaraton.sk\/wp-content\/uploads\/2025\/03\/14.-071977-cesta-MS-Spittal-an-der-Drau-Rakousko-716x1024.jpg 716w, http:\/\/d.r4.wbsprt.com\/hronvodackymaraton.sk\/wp-content\/uploads\/2025\/03\/14.-071977-cesta-MS-Spittal-an-der-Drau-Rakousko-768x1099.jpg 768w, http:\/\/d.r4.wbsprt.com\/hronvodackymaraton.sk\/wp-content\/uploads\/2025\/03\/14.-071977-cesta-MS-Spittal-an-der-Drau-Rakousko-1073x1536.jpg 1073w, http:\/\/d.r4.wbsprt.com\/hronvodackymaraton.sk\/wp-content\/uploads\/2025\/03\/14.-071977-cesta-MS-Spittal-an-der-Drau-Rakousko-1431x2048.jpg 1431w, http:\/\/d.r4.wbsprt.com\/hronvodackymaraton.sk\/wp-content\/uploads\/2025\/03\/14.-071977-cesta-MS-Spittal-an-der-Drau-Rakousko-scaled.jpg 1789w\" sizes=\"auto, (max-width: 210px) 100vw, 210px\" \/><figcaption id=\"caption-attachment-1677\" class=\"wp-caption-text\">071977 cesta MS Spittal an der Drau Rakousko<\/figcaption><\/figure>\n<p>&nbsp;<\/p>\n<figure id=\"attachment_1676\" aria-describedby=\"caption-attachment-1676\" style=\"width: 221px\" class=\"wp-caption alignnone\"><img loading=\"lazy\" decoding=\"async\" class=\"size-medium wp-image-1676\" src=\"http:\/\/hronvodackymaraton.sk\/wp-content\/uploads\/2025\/03\/15.-071977-MS-Spitall-Hlavnicka-Stachera-Cabrnoch-221x300.jpg\" alt=\"\" width=\"221\" height=\"300\" srcset=\"http:\/\/d.r4.wbsprt.com\/hronvodackymaraton.sk\/wp-content\/uploads\/2025\/03\/15.-071977-MS-Spitall-Hlavnicka-Stachera-Cabrnoch-221x300.jpg 221w, http:\/\/d.r4.wbsprt.com\/hronvodackymaraton.sk\/wp-content\/uploads\/2025\/03\/15.-071977-MS-Spitall-Hlavnicka-Stachera-Cabrnoch-755x1024.jpg 755w, http:\/\/d.r4.wbsprt.com\/hronvodackymaraton.sk\/wp-content\/uploads\/2025\/03\/15.-071977-MS-Spitall-Hlavnicka-Stachera-Cabrnoch-768x1041.jpg 768w, http:\/\/d.r4.wbsprt.com\/hronvodackymaraton.sk\/wp-content\/uploads\/2025\/03\/15.-071977-MS-Spitall-Hlavnicka-Stachera-Cabrnoch-1133x1536.jpg 1133w, http:\/\/d.r4.wbsprt.com\/hronvodackymaraton.sk\/wp-content\/uploads\/2025\/03\/15.-071977-MS-Spitall-Hlavnicka-Stachera-Cabrnoch-1510x2048.jpg 1510w, http:\/\/d.r4.wbsprt.com\/hronvodackymaraton.sk\/wp-content\/uploads\/2025\/03\/15.-071977-MS-Spitall-Hlavnicka-Stachera-Cabrnoch-scaled.jpg 1888w\" sizes=\"auto, (max-width: 221px) 100vw, 221px\" \/><figcaption id=\"caption-attachment-1676\" class=\"wp-caption-text\">071977 &#8211; MS Spitall Hlavni\u010dka-Stachera-Cabrnoch<\/figcaption><\/figure>\n<p>&nbsp;<\/p>\n<figure id=\"attachment_1675\" aria-describedby=\"caption-attachment-1675\" style=\"width: 201px\" class=\"wp-caption alignnone\"><img loading=\"lazy\" decoding=\"async\" class=\"size-medium wp-image-1675\" src=\"http:\/\/hronvodackymaraton.sk\/wp-content\/uploads\/2025\/03\/16.-Hlavnicka-sef-Slavia-VSD-Zilina-201x300.jpg\" alt=\"\" width=\"201\" height=\"300\" srcset=\"http:\/\/d.r4.wbsprt.com\/hronvodackymaraton.sk\/wp-content\/uploads\/2025\/03\/16.-Hlavnicka-sef-Slavia-VSD-Zilina-201x300.jpg 201w, http:\/\/d.r4.wbsprt.com\/hronvodackymaraton.sk\/wp-content\/uploads\/2025\/03\/16.-Hlavnicka-sef-Slavia-VSD-Zilina-686x1024.jpg 686w, http:\/\/d.r4.wbsprt.com\/hronvodackymaraton.sk\/wp-content\/uploads\/2025\/03\/16.-Hlavnicka-sef-Slavia-VSD-Zilina-768x1147.jpg 768w, http:\/\/d.r4.wbsprt.com\/hronvodackymaraton.sk\/wp-content\/uploads\/2025\/03\/16.-Hlavnicka-sef-Slavia-VSD-Zilina-1029x1536.jpg 1029w, http:\/\/d.r4.wbsprt.com\/hronvodackymaraton.sk\/wp-content\/uploads\/2025\/03\/16.-Hlavnicka-sef-Slavia-VSD-Zilina-1372x2048.jpg 1372w, http:\/\/d.r4.wbsprt.com\/hronvodackymaraton.sk\/wp-content\/uploads\/2025\/03\/16.-Hlavnicka-sef-Slavia-VSD-Zilina-scaled.jpg 1715w\" sizes=\"auto, (max-width: 201px) 100vw, 201px\" \/><figcaption id=\"caption-attachment-1675\" class=\"wp-caption-text\">Hlavni\u010dka \u0161\u00e9f Sl\u00e1via V\u0160D \u017dilina<\/figcaption><\/figure>\n<p>&nbsp;<\/p>\n<figure id=\"attachment_1674\" aria-describedby=\"caption-attachment-1674\" style=\"width: 300px\" class=\"wp-caption alignnone\"><img loading=\"lazy\" decoding=\"async\" class=\"size-medium wp-image-1674\" src=\"http:\/\/hronvodackymaraton.sk\/wp-content\/uploads\/2025\/03\/17.-1977-Pavel-Mraz-neurceno-300x200.jpg\" alt=\"\" width=\"300\" height=\"200\" srcset=\"http:\/\/d.r4.wbsprt.com\/hronvodackymaraton.sk\/wp-content\/uploads\/2025\/03\/17.-1977-Pavel-Mraz-neurceno-300x200.jpg 300w, http:\/\/d.r4.wbsprt.com\/hronvodackymaraton.sk\/wp-content\/uploads\/2025\/03\/17.-1977-Pavel-Mraz-neurceno-1024x681.jpg 1024w, http:\/\/d.r4.wbsprt.com\/hronvodackymaraton.sk\/wp-content\/uploads\/2025\/03\/17.-1977-Pavel-Mraz-neurceno-768x511.jpg 768w, http:\/\/d.r4.wbsprt.com\/hronvodackymaraton.sk\/wp-content\/uploads\/2025\/03\/17.-1977-Pavel-Mraz-neurceno-1536x1022.jpg 1536w, http:\/\/d.r4.wbsprt.com\/hronvodackymaraton.sk\/wp-content\/uploads\/2025\/03\/17.-1977-Pavel-Mraz-neurceno-2048x1362.jpg 2048w\" sizes=\"auto, (max-width: 300px) 100vw, 300px\" \/><figcaption id=\"caption-attachment-1674\" class=\"wp-caption-text\">1977 Pavel Mr\u00e1z -neur\u010deno<\/figcaption><\/figure>\n<p>&nbsp;<\/p>\n<figure id=\"attachment_1673\" aria-describedby=\"caption-attachment-1673\" style=\"width: 300px\" class=\"wp-caption alignnone\"><img loading=\"lazy\" decoding=\"async\" class=\"size-medium wp-image-1673\" src=\"http:\/\/hronvodackymaraton.sk\/wp-content\/uploads\/2025\/03\/18.-041978-Kamenice-trening-Drabek-Vida-300x256.jpg\" alt=\"\" width=\"300\" height=\"256\" srcset=\"http:\/\/d.r4.wbsprt.com\/hronvodackymaraton.sk\/wp-content\/uploads\/2025\/03\/18.-041978-Kamenice-trening-Drabek-Vida-300x256.jpg 300w, http:\/\/d.r4.wbsprt.com\/hronvodackymaraton.sk\/wp-content\/uploads\/2025\/03\/18.-041978-Kamenice-trening-Drabek-Vida-1024x873.jpg 1024w, http:\/\/d.r4.wbsprt.com\/hronvodackymaraton.sk\/wp-content\/uploads\/2025\/03\/18.-041978-Kamenice-trening-Drabek-Vida-768x655.jpg 768w, http:\/\/d.r4.wbsprt.com\/hronvodackymaraton.sk\/wp-content\/uploads\/2025\/03\/18.-041978-Kamenice-trening-Drabek-Vida-1536x1310.jpg 1536w, http:\/\/d.r4.wbsprt.com\/hronvodackymaraton.sk\/wp-content\/uploads\/2025\/03\/18.-041978-Kamenice-trening-Drabek-Vida-2048x1746.jpg 2048w\" sizes=\"auto, (max-width: 300px) 100vw, 300px\" \/><figcaption id=\"caption-attachment-1673\" class=\"wp-caption-text\">041978 &#8211; Kamenice tr\u00e9ning Dr\u00e1bek-Vida<\/figcaption><\/figure>\n<p>&nbsp;<\/p>\n<figure id=\"attachment_1671\" aria-describedby=\"caption-attachment-1671\" style=\"width: 300px\" class=\"wp-caption alignnone\"><img loading=\"lazy\" decoding=\"async\" class=\"size-medium wp-image-1671\" src=\"http:\/\/hronvodackymaraton.sk\/wp-content\/uploads\/2025\/03\/19.-081978-XXX.TS-L.Mikulas-Drabek-300x229.jpg\" alt=\"\" width=\"300\" height=\"229\" srcset=\"http:\/\/d.r4.wbsprt.com\/hronvodackymaraton.sk\/wp-content\/uploads\/2025\/03\/19.-081978-XXX.TS-L.Mikulas-Drabek-300x229.jpg 300w, http:\/\/d.r4.wbsprt.com\/hronvodackymaraton.sk\/wp-content\/uploads\/2025\/03\/19.-081978-XXX.TS-L.Mikulas-Drabek-1024x782.jpg 1024w, http:\/\/d.r4.wbsprt.com\/hronvodackymaraton.sk\/wp-content\/uploads\/2025\/03\/19.-081978-XXX.TS-L.Mikulas-Drabek-768x586.jpg 768w, http:\/\/d.r4.wbsprt.com\/hronvodackymaraton.sk\/wp-content\/uploads\/2025\/03\/19.-081978-XXX.TS-L.Mikulas-Drabek-1536x1172.jpg 1536w, http:\/\/d.r4.wbsprt.com\/hronvodackymaraton.sk\/wp-content\/uploads\/2025\/03\/19.-081978-XXX.TS-L.Mikulas-Drabek-2048x1563.jpg 2048w\" sizes=\"auto, (max-width: 300px) 100vw, 300px\" \/><figcaption id=\"caption-attachment-1671\" class=\"wp-caption-text\">081978 &#8211; XXX.TS L.Mikul\u00e1\u0161 Dr\u00e1bek<\/figcaption><\/figure>\n<p>&nbsp;<\/p>\n<figure id=\"attachment_1670\" aria-describedby=\"caption-attachment-1670\" style=\"width: 300px\" class=\"wp-caption alignnone\"><img loading=\"lazy\" decoding=\"async\" class=\"size-medium wp-image-1670\" src=\"http:\/\/hronvodackymaraton.sk\/wp-content\/uploads\/2025\/03\/20.-081978-XXX-TS-L.Mikulas-Drabek-300x230.jpg\" alt=\"\" width=\"300\" height=\"230\" srcset=\"http:\/\/d.r4.wbsprt.com\/hronvodackymaraton.sk\/wp-content\/uploads\/2025\/03\/20.-081978-XXX-TS-L.Mikulas-Drabek-300x230.jpg 300w, http:\/\/d.r4.wbsprt.com\/hronvodackymaraton.sk\/wp-content\/uploads\/2025\/03\/20.-081978-XXX-TS-L.Mikulas-Drabek-1024x787.jpg 1024w, http:\/\/d.r4.wbsprt.com\/hronvodackymaraton.sk\/wp-content\/uploads\/2025\/03\/20.-081978-XXX-TS-L.Mikulas-Drabek-768x590.jpg 768w, http:\/\/d.r4.wbsprt.com\/hronvodackymaraton.sk\/wp-content\/uploads\/2025\/03\/20.-081978-XXX-TS-L.Mikulas-Drabek-1536x1180.jpg 1536w, http:\/\/d.r4.wbsprt.com\/hronvodackymaraton.sk\/wp-content\/uploads\/2025\/03\/20.-081978-XXX-TS-L.Mikulas-Drabek-2048x1573.jpg 2048w\" sizes=\"auto, (max-width: 300px) 100vw, 300px\" \/><figcaption id=\"caption-attachment-1670\" class=\"wp-caption-text\">081978 &#8211; XXX TS L.Mikul\u00e1\u0161 Dr\u00e1bek<\/figcaption><\/figure>\n<p>&nbsp;<\/p>\n<figure id=\"attachment_1669\" aria-describedby=\"caption-attachment-1669\" style=\"width: 300px\" class=\"wp-caption alignnone\"><img loading=\"lazy\" decoding=\"async\" class=\"size-medium wp-image-1669\" src=\"http:\/\/hronvodackymaraton.sk\/wp-content\/uploads\/2025\/03\/21.-1979-Patockova.-Novy-Cacz-PL-300x196.jpg\" alt=\"\" width=\"300\" height=\"196\" srcset=\"http:\/\/d.r4.wbsprt.com\/hronvodackymaraton.sk\/wp-content\/uploads\/2025\/03\/21.-1979-Patockova.-Novy-Cacz-PL-300x196.jpg 300w, http:\/\/d.r4.wbsprt.com\/hronvodackymaraton.sk\/wp-content\/uploads\/2025\/03\/21.-1979-Patockova.-Novy-Cacz-PL-1024x668.jpg 1024w, http:\/\/d.r4.wbsprt.com\/hronvodackymaraton.sk\/wp-content\/uploads\/2025\/03\/21.-1979-Patockova.-Novy-Cacz-PL-768x501.jpg 768w, http:\/\/d.r4.wbsprt.com\/hronvodackymaraton.sk\/wp-content\/uploads\/2025\/03\/21.-1979-Patockova.-Novy-Cacz-PL-1536x1003.jpg 1536w, http:\/\/d.r4.wbsprt.com\/hronvodackymaraton.sk\/wp-content\/uploads\/2025\/03\/21.-1979-Patockova.-Novy-Cacz-PL-2048x1337.jpg 2048w\" sizes=\"auto, (max-width: 300px) 100vw, 300px\" \/><figcaption id=\"caption-attachment-1669\" class=\"wp-caption-text\">1979 Pato\u010dkov\u00e1,..,.. Novy Cacz PL<\/figcaption><\/figure>\n<p>&nbsp;<\/p>\n<figure id=\"attachment_1668\" aria-describedby=\"caption-attachment-1668\" style=\"width: 300px\" class=\"wp-caption alignnone\"><img loading=\"lazy\" decoding=\"async\" class=\"size-medium wp-image-1668\" src=\"http:\/\/hronvodackymaraton.sk\/wp-content\/uploads\/2025\/03\/22.-1979-Novy-Sacz-PL-Stribrna-hlidka-Sodomka-Tresnak-Drabek-300x204.jpg\" alt=\"\" width=\"300\" height=\"204\" srcset=\"http:\/\/d.r4.wbsprt.com\/hronvodackymaraton.sk\/wp-content\/uploads\/2025\/03\/22.-1979-Novy-Sacz-PL-Stribrna-hlidka-Sodomka-Tresnak-Drabek-300x204.jpg 300w, http:\/\/d.r4.wbsprt.com\/hronvodackymaraton.sk\/wp-content\/uploads\/2025\/03\/22.-1979-Novy-Sacz-PL-Stribrna-hlidka-Sodomka-Tresnak-Drabek-1024x696.jpg 1024w, http:\/\/d.r4.wbsprt.com\/hronvodackymaraton.sk\/wp-content\/uploads\/2025\/03\/22.-1979-Novy-Sacz-PL-Stribrna-hlidka-Sodomka-Tresnak-Drabek-768x522.jpg 768w, http:\/\/d.r4.wbsprt.com\/hronvodackymaraton.sk\/wp-content\/uploads\/2025\/03\/22.-1979-Novy-Sacz-PL-Stribrna-hlidka-Sodomka-Tresnak-Drabek-1536x1044.jpg 1536w, http:\/\/d.r4.wbsprt.com\/hronvodackymaraton.sk\/wp-content\/uploads\/2025\/03\/22.-1979-Novy-Sacz-PL-Stribrna-hlidka-Sodomka-Tresnak-Drabek-2048x1392.jpg 2048w\" sizes=\"auto, (max-width: 300px) 100vw, 300px\" \/><figcaption id=\"caption-attachment-1668\" class=\"wp-caption-text\">1979 Novy Sacz &#8211; PL St\u0159\u00edbrn\u00e1 hl\u00eddka Sodomka-T\u0159e\u0161\u0148\u00e1k-Dr\u00e1bek<\/figcaption><\/figure>\n<p>&nbsp;<\/p>\n<p><img loading=\"lazy\" decoding=\"async\" class=\"size-medium wp-image-1667\" src=\"http:\/\/hronvodackymaraton.sk\/wp-content\/uploads\/2025\/03\/23.-1980-Kroscenko-na-zavody-N.Sacz-PL-300x214.jpg\" alt=\"\" width=\"300\" height=\"214\" srcset=\"http:\/\/d.r4.wbsprt.com\/hronvodackymaraton.sk\/wp-content\/uploads\/2025\/03\/23.-1980-Kroscenko-na-zavody-N.Sacz-PL-300x214.jpg 300w, http:\/\/d.r4.wbsprt.com\/hronvodackymaraton.sk\/wp-content\/uploads\/2025\/03\/23.-1980-Kroscenko-na-zavody-N.Sacz-PL-1024x731.jpg 1024w, http:\/\/d.r4.wbsprt.com\/hronvodackymaraton.sk\/wp-content\/uploads\/2025\/03\/23.-1980-Kroscenko-na-zavody-N.Sacz-PL-768x548.jpg 768w, http:\/\/d.r4.wbsprt.com\/hronvodackymaraton.sk\/wp-content\/uploads\/2025\/03\/23.-1980-Kroscenko-na-zavody-N.Sacz-PL-1536x1097.jpg 1536w, http:\/\/d.r4.wbsprt.com\/hronvodackymaraton.sk\/wp-content\/uploads\/2025\/03\/23.-1980-Kroscenko-na-zavody-N.Sacz-PL-2048x1462.jpg 2048w\" sizes=\"auto, (max-width: 300px) 100vw, 300px\" \/><\/p>\n<figure id=\"attachment_1666\" aria-describedby=\"caption-attachment-1666\" style=\"width: 300px\" class=\"wp-caption alignnone\"><img loading=\"lazy\" decoding=\"async\" class=\"size-medium wp-image-1666\" src=\"http:\/\/hronvodackymaraton.sk\/wp-content\/uploads\/2025\/03\/24.-1980-Kroscenko-na-zavody-N.Sacz_-300x208.jpg\" alt=\"\" width=\"300\" height=\"208\" srcset=\"http:\/\/d.r4.wbsprt.com\/hronvodackymaraton.sk\/wp-content\/uploads\/2025\/03\/24.-1980-Kroscenko-na-zavody-N.Sacz_-300x208.jpg 300w, http:\/\/d.r4.wbsprt.com\/hronvodackymaraton.sk\/wp-content\/uploads\/2025\/03\/24.-1980-Kroscenko-na-zavody-N.Sacz_-1024x711.jpg 1024w, http:\/\/d.r4.wbsprt.com\/hronvodackymaraton.sk\/wp-content\/uploads\/2025\/03\/24.-1980-Kroscenko-na-zavody-N.Sacz_-768x533.jpg 768w, http:\/\/d.r4.wbsprt.com\/hronvodackymaraton.sk\/wp-content\/uploads\/2025\/03\/24.-1980-Kroscenko-na-zavody-N.Sacz_-1536x1067.jpg 1536w, http:\/\/d.r4.wbsprt.com\/hronvodackymaraton.sk\/wp-content\/uploads\/2025\/03\/24.-1980-Kroscenko-na-zavody-N.Sacz_-2048x1422.jpg 2048w\" sizes=\"auto, (max-width: 300px) 100vw, 300px\" \/><figcaption id=\"caption-attachment-1666\" class=\"wp-caption-text\">1980 Kroscenko na z\u00e1vody N.Sacz<\/figcaption><\/figure>\n<p>&nbsp;<\/p>\n<figure id=\"attachment_1665\" aria-describedby=\"caption-attachment-1665\" style=\"width: 300px\" class=\"wp-caption alignnone\"><img loading=\"lazy\" decoding=\"async\" class=\"size-medium wp-image-1665\" src=\"http:\/\/hronvodackymaraton.sk\/wp-content\/uploads\/2025\/03\/25.-091980-trening-Pieniny-Drabek-300x210.jpg\" alt=\"\" width=\"300\" height=\"210\" srcset=\"http:\/\/d.r4.wbsprt.com\/hronvodackymaraton.sk\/wp-content\/uploads\/2025\/03\/25.-091980-trening-Pieniny-Drabek-300x210.jpg 300w, http:\/\/d.r4.wbsprt.com\/hronvodackymaraton.sk\/wp-content\/uploads\/2025\/03\/25.-091980-trening-Pieniny-Drabek-1024x716.jpg 1024w, http:\/\/d.r4.wbsprt.com\/hronvodackymaraton.sk\/wp-content\/uploads\/2025\/03\/25.-091980-trening-Pieniny-Drabek-768x537.jpg 768w, http:\/\/d.r4.wbsprt.com\/hronvodackymaraton.sk\/wp-content\/uploads\/2025\/03\/25.-091980-trening-Pieniny-Drabek-1536x1074.jpg 1536w, http:\/\/d.r4.wbsprt.com\/hronvodackymaraton.sk\/wp-content\/uploads\/2025\/03\/25.-091980-trening-Pieniny-Drabek-2048x1432.jpg 2048w\" sizes=\"auto, (max-width: 300px) 100vw, 300px\" \/><figcaption id=\"caption-attachment-1665\" class=\"wp-caption-text\">091980 tr\u00e9ning Pieniny Dr\u00e1bek<\/figcaption><\/figure>\n<p>&nbsp;<\/p>\n<figure id=\"attachment_1664\" aria-describedby=\"caption-attachment-1664\" style=\"width: 300px\" class=\"wp-caption alignnone\"><img loading=\"lazy\" decoding=\"async\" class=\"size-medium wp-image-1664\" src=\"http:\/\/hronvodackymaraton.sk\/wp-content\/uploads\/2025\/03\/26.-091980-MPS-Pieniny-Matusik-Drabek-300x209.jpg\" alt=\"\" width=\"300\" height=\"209\" srcset=\"http:\/\/d.r4.wbsprt.com\/hronvodackymaraton.sk\/wp-content\/uploads\/2025\/03\/26.-091980-MPS-Pieniny-Matusik-Drabek-300x209.jpg 300w, http:\/\/d.r4.wbsprt.com\/hronvodackymaraton.sk\/wp-content\/uploads\/2025\/03\/26.-091980-MPS-Pieniny-Matusik-Drabek-1024x715.jpg 1024w, http:\/\/d.r4.wbsprt.com\/hronvodackymaraton.sk\/wp-content\/uploads\/2025\/03\/26.-091980-MPS-Pieniny-Matusik-Drabek-768x536.jpg 768w, http:\/\/d.r4.wbsprt.com\/hronvodackymaraton.sk\/wp-content\/uploads\/2025\/03\/26.-091980-MPS-Pieniny-Matusik-Drabek-1536x1072.jpg 1536w, http:\/\/d.r4.wbsprt.com\/hronvodackymaraton.sk\/wp-content\/uploads\/2025\/03\/26.-091980-MPS-Pieniny-Matusik-Drabek-2048x1430.jpg 2048w\" sizes=\"auto, (max-width: 300px) 100vw, 300px\" \/><figcaption id=\"caption-attachment-1664\" class=\"wp-caption-text\">091980 &#8211; MPS Pieniny Matu\u0161\u00edk-Dr\u00e1bek<\/figcaption><\/figure>\n<p>&nbsp;<\/p>\n<p><strong>Fotografie z arch\u00edvu Mira Chebe\u0148a<\/strong><\/p>\n<p><img loading=\"lazy\" decoding=\"async\" class=\"alignnone size-medium wp-image-1731\" src=\"http:\/\/hronvodackymaraton.sk\/wp-content\/uploads\/2025\/04\/Cheben_1-300x212.jpg\" alt=\"\" width=\"300\" height=\"212\" srcset=\"http:\/\/d.r4.wbsprt.com\/hronvodackymaraton.sk\/wp-content\/uploads\/2025\/04\/Cheben_1-300x212.jpg 300w, http:\/\/d.r4.wbsprt.com\/hronvodackymaraton.sk\/wp-content\/uploads\/2025\/04\/Cheben_1-768x544.jpg 768w, http:\/\/d.r4.wbsprt.com\/hronvodackymaraton.sk\/wp-content\/uploads\/2025\/04\/Cheben_1.jpg 846w\" sizes=\"auto, (max-width: 300px) 100vw, 300px\" \/><\/p>\n<p>Miro Chebe\u0148, elektr\u00e1rensk\u00fd kan\u00e1l, Zvolen, 1976<\/p>\n<p><img loading=\"lazy\" decoding=\"async\" class=\"alignnone size-medium wp-image-1732\" src=\"http:\/\/hronvodackymaraton.sk\/wp-content\/uploads\/2025\/04\/Cheben_2-300x182.jpg\" alt=\"\" width=\"300\" height=\"182\" srcset=\"http:\/\/d.r4.wbsprt.com\/hronvodackymaraton.sk\/wp-content\/uploads\/2025\/04\/Cheben_2-300x182.jpg 300w, http:\/\/d.r4.wbsprt.com\/hronvodackymaraton.sk\/wp-content\/uploads\/2025\/04\/Cheben_2.jpg 560w\" sizes=\"auto, (max-width: 300px) 100vw, 300px\" \/><\/p>\n<p>Mojm\u00edr Dr\u00e1bek, Podbansk\u00e9, Bel\u00e1 1975<\/p>\n<p><img loading=\"lazy\" decoding=\"async\" class=\"alignnone size-medium wp-image-1733\" src=\"http:\/\/hronvodackymaraton.sk\/wp-content\/uploads\/2025\/04\/Cheben_3-300x163.jpg\" alt=\"\" width=\"300\" height=\"163\" srcset=\"http:\/\/d.r4.wbsprt.com\/hronvodackymaraton.sk\/wp-content\/uploads\/2025\/04\/Cheben_3-300x163.jpg 300w, http:\/\/d.r4.wbsprt.com\/hronvodackymaraton.sk\/wp-content\/uploads\/2025\/04\/Cheben_3.jpg 612w\" sizes=\"auto, (max-width: 300px) 100vw, 300px\" \/><\/p>\n<p>Miro Chebe\u0148, Liptovsk\u00fd Mikul\u00e1\u0161, V\u00e1h, 1977<\/p>\n<p><img loading=\"lazy\" decoding=\"async\" class=\"alignnone size-medium wp-image-1734\" src=\"http:\/\/hronvodackymaraton.sk\/wp-content\/uploads\/2025\/04\/Cheben_4-300x188.jpg\" alt=\"\" width=\"300\" height=\"188\" srcset=\"http:\/\/d.r4.wbsprt.com\/hronvodackymaraton.sk\/wp-content\/uploads\/2025\/04\/Cheben_4-300x188.jpg 300w, http:\/\/d.r4.wbsprt.com\/hronvodackymaraton.sk\/wp-content\/uploads\/2025\/04\/Cheben_4-200x125.jpg 200w, http:\/\/d.r4.wbsprt.com\/hronvodackymaraton.sk\/wp-content\/uploads\/2025\/04\/Cheben_4.jpg 608w\" sizes=\"auto, (max-width: 300px) 100vw, 300px\" \/><\/p>\n<p>Miro Chebe\u0148, Podbansk\u00e9, Bel\u00e1, 1976<\/p>\n<p><img loading=\"lazy\" decoding=\"async\" class=\"alignnone size-medium wp-image-1735\" src=\"http:\/\/hronvodackymaraton.sk\/wp-content\/uploads\/2025\/04\/Cheben_5-300x198.jpg\" alt=\"\" width=\"300\" height=\"198\" srcset=\"http:\/\/d.r4.wbsprt.com\/hronvodackymaraton.sk\/wp-content\/uploads\/2025\/04\/Cheben_5-300x198.jpg 300w, http:\/\/d.r4.wbsprt.com\/hronvodackymaraton.sk\/wp-content\/uploads\/2025\/04\/Cheben_5.jpg 612w\" sizes=\"auto, (max-width: 300px) 100vw, 300px\" \/><\/p>\n<p>Majka \u0160imkov\u00e1, Podbansk\u00e9, Bel\u00e1 1975<\/p>\n<p><img loading=\"lazy\" decoding=\"async\" class=\"alignnone size-medium wp-image-1736\" src=\"http:\/\/hronvodackymaraton.sk\/wp-content\/uploads\/2025\/04\/Cheben_6-300x176.jpg\" alt=\"\" width=\"300\" height=\"176\" srcset=\"http:\/\/d.r4.wbsprt.com\/hronvodackymaraton.sk\/wp-content\/uploads\/2025\/04\/Cheben_6-300x176.jpg 300w, http:\/\/d.r4.wbsprt.com\/hronvodackymaraton.sk\/wp-content\/uploads\/2025\/04\/Cheben_6.jpg 608w\" sizes=\"auto, (max-width: 300px) 100vw, 300px\" \/><\/p>\n<p>Tr\u00e9ning na kan\u00e1li, Liptovsk\u00fd Mikul\u00e1\u0161, V\u00e1h, 1982.<br \/>\n(Miro Chebe\u0148, Peter Sla\u0161\u0165an, Jano Stachera, Miro Dr\u00e1bek, Lucia Sprockov\u00e1, Vlasta Pato\u010dkov\u00e1)<\/p>\n<p><img loading=\"lazy\" decoding=\"async\" class=\"alignnone size-medium wp-image-1737\" src=\"http:\/\/hronvodackymaraton.sk\/wp-content\/uploads\/2025\/04\/Cheben_7-300x202.jpg\" alt=\"\" width=\"300\" height=\"202\" srcset=\"http:\/\/d.r4.wbsprt.com\/hronvodackymaraton.sk\/wp-content\/uploads\/2025\/04\/Cheben_7-300x202.jpg 300w, http:\/\/d.r4.wbsprt.com\/hronvodackymaraton.sk\/wp-content\/uploads\/2025\/04\/Cheben_7.jpg 612w\" sizes=\"auto, (max-width: 300px) 100vw, 300px\" \/><\/p>\n<p>J\u00e1n Stachera, Podbansk\u00e9, Bel\u00e1, 1976<\/p>\n<p><img loading=\"lazy\" decoding=\"async\" class=\"alignnone size-medium wp-image-1738\" src=\"http:\/\/hronvodackymaraton.sk\/wp-content\/uploads\/2025\/04\/Cheben_8-215x300.jpg\" alt=\"\" width=\"215\" height=\"300\" srcset=\"http:\/\/d.r4.wbsprt.com\/hronvodackymaraton.sk\/wp-content\/uploads\/2025\/04\/Cheben_8-215x300.jpg 215w, http:\/\/d.r4.wbsprt.com\/hronvodackymaraton.sk\/wp-content\/uploads\/2025\/04\/Cheben_8.jpg 404w\" sizes=\"auto, (max-width: 215px) 100vw, 215px\" \/><\/p>\n<p>Mojm\u00edr Dr\u00e1bek, Milan, Vollmann, v pozad\u00ed mlad\u00fd Imro Vida, Lipno, Vltava 1975<\/p>\n<p><img loading=\"lazy\" decoding=\"async\" class=\"alignnone size-medium wp-image-1739\" src=\"http:\/\/hronvodackymaraton.sk\/wp-content\/uploads\/2025\/04\/Cheben_9-300x201.jpg\" alt=\"\" width=\"300\" height=\"201\" srcset=\"http:\/\/d.r4.wbsprt.com\/hronvodackymaraton.sk\/wp-content\/uploads\/2025\/04\/Cheben_9-300x201.jpg 300w, http:\/\/d.r4.wbsprt.com\/hronvodackymaraton.sk\/wp-content\/uploads\/2025\/04\/Cheben_9.jpg 604w\" sizes=\"auto, (max-width: 300px) 100vw, 300px\" \/><\/p>\n<p>O\u013ega Lejsalov\u00e1 &#8211; Litvajov\u00e1, Podbansk\u00e9, Bel\u00e1, 1976<\/p>\n<p><img loading=\"lazy\" decoding=\"async\" class=\"alignnone size-medium wp-image-1740\" src=\"http:\/\/hronvodackymaraton.sk\/wp-content\/uploads\/2025\/04\/Cheben_10-300x181.jpg\" alt=\"\" width=\"300\" height=\"181\" srcset=\"http:\/\/d.r4.wbsprt.com\/hronvodackymaraton.sk\/wp-content\/uploads\/2025\/04\/Cheben_10-300x181.jpg 300w, http:\/\/d.r4.wbsprt.com\/hronvodackymaraton.sk\/wp-content\/uploads\/2025\/04\/Cheben_10.jpg 576w\" sizes=\"auto, (max-width: 300px) 100vw, 300px\" \/><\/p>\n<p>Mojm\u00edr Dr\u00e1bek, Podbansk\u00e9, Bel\u00e1, 1975<\/p>\n<p><img loading=\"lazy\" decoding=\"async\" class=\"alignnone size-medium wp-image-1741\" src=\"http:\/\/hronvodackymaraton.sk\/wp-content\/uploads\/2025\/04\/Cheben_11-300x195.jpg\" alt=\"\" width=\"300\" height=\"195\" srcset=\"http:\/\/d.r4.wbsprt.com\/hronvodackymaraton.sk\/wp-content\/uploads\/2025\/04\/Cheben_11-300x195.jpg 300w, http:\/\/d.r4.wbsprt.com\/hronvodackymaraton.sk\/wp-content\/uploads\/2025\/04\/Cheben_11.jpg 596w\" sizes=\"auto, (max-width: 300px) 100vw, 300px\" \/><\/p>\n<p>Majka \u0160imkov\u00e1, Podbansk\u00e9, Bel\u00e1, 1975<\/p>\n<p><img loading=\"lazy\" decoding=\"async\" class=\"alignnone size-medium wp-image-1742\" src=\"http:\/\/hronvodackymaraton.sk\/wp-content\/uploads\/2025\/04\/Cheben_12-300x184.jpg\" alt=\"\" width=\"300\" height=\"184\" srcset=\"http:\/\/d.r4.wbsprt.com\/hronvodackymaraton.sk\/wp-content\/uploads\/2025\/04\/Cheben_12-300x184.jpg 300w, http:\/\/d.r4.wbsprt.com\/hronvodackymaraton.sk\/wp-content\/uploads\/2025\/04\/Cheben_12.jpg 592w\" sizes=\"auto, (max-width: 300px) 100vw, 300px\" \/><\/p>\n<p>Jo\u017eko Blahu\u0161, Podbank\u00e9, Bel\u00e1, 1976<\/p>\n<p><img loading=\"lazy\" decoding=\"async\" class=\"alignnone size-medium wp-image-1743\" src=\"http:\/\/hronvodackymaraton.sk\/wp-content\/uploads\/2025\/04\/Cheben_13-300x189.jpg\" alt=\"\" width=\"300\" height=\"189\" srcset=\"http:\/\/d.r4.wbsprt.com\/hronvodackymaraton.sk\/wp-content\/uploads\/2025\/04\/Cheben_13-300x189.jpg 300w, http:\/\/d.r4.wbsprt.com\/hronvodackymaraton.sk\/wp-content\/uploads\/2025\/04\/Cheben_13-200x125.jpg 200w, http:\/\/d.r4.wbsprt.com\/hronvodackymaraton.sk\/wp-content\/uploads\/2025\/04\/Cheben_13.jpg 604w\" sizes=\"auto, (max-width: 300px) 100vw, 300px\" \/><\/p>\n<p>Mojm\u00edr Dr\u00e1bek, Podbansk\u00e9, Bel\u00e1, 1975<\/p>\n<p>&nbsp;<\/p>\n","protected":false},"excerpt":{"rendered":"<p>Gal\u00e9ria je zostaven\u00e1 z fotografi\u00ed z arch\u00edvov Milana Vollmanna, Mojm\u00edra Dr\u00e1bka, Mira Chebe\u0148a a Imra Vidu. &nbsp; N\u00e1vrat z III. kvalifika\u010dn\u00e9ho z\u00e1vodu II. VT,&#8230;<\/p>\n","protected":false},"author":3,"featured_media":0,"parent":0,"menu_order":0,"comment_status":"closed","ping_status":"closed","template":"","meta":{"_eb_attr":"","_mi_skip_tracking":false,"footnotes":""},"class_list":["post-1630","page","type-page","status-publish","hentry"],"yoast_head":"<!-- This site is optimized with the Yoast SEO plugin v21.0 - https:\/\/yoast.com\/wordpress\/plugins\/seo\/ -->\n<title>Z hist\u00f3rie Sl\u00e1vie V\u0160DL Zvolen - hronmaraton.sk<\/title>\n<meta name=\"robots\" content=\"index, follow, max-snippet:-1, max-image-preview:large, max-video-preview:-1\" \/>\n<link rel=\"canonical\" href=\"https:\/\/hronvodackymaraton.sk\/z-historie-slavie-vsdl-zvolen\/\" \/>\n<meta property=\"og:locale\" content=\"sk_SK\" \/>\n<meta property=\"og:type\" content=\"article\" \/>\n<meta property=\"og:title\" content=\"Z hist\u00f3rie Sl\u00e1vie V\u0160DL Zvolen - hronmaraton.sk\" \/>\n<meta property=\"og:description\" content=\"Gal\u00e9ria je zostaven\u00e1 z fotografi\u00ed z arch\u00edvov Milana Vollmanna, Mojm\u00edra Dr\u00e1bka, Mira Chebe\u0148a a Imra Vidu. &nbsp; N\u00e1vrat z III. kvalifika\u010dn\u00e9ho z\u00e1vodu II. VT,...\" \/>\n<meta property=\"og:url\" content=\"https:\/\/hronvodackymaraton.sk\/z-historie-slavie-vsdl-zvolen\/\" \/>\n<meta property=\"og:site_name\" content=\"hronmaraton.sk\" \/>\n<meta property=\"article:modified_time\" content=\"2025-04-15T05:29:10+00:00\" \/>\n<meta property=\"og:image\" content=\"http:\/\/hronvodackymaraton.sk\/wp-content\/uploads\/2025\/03\/MV-II-300x205.jpg\" \/>\n<meta name=\"twitter:card\" content=\"summary_large_image\" \/>\n<meta name=\"twitter:label1\" content=\"Predpokladan\u00fd \u010das \u010d\u00edtania\" \/>\n\t<meta name=\"twitter:data1\" content=\"16 min\u00fat\" \/>\n<script type=\"application\/ld+json\" class=\"yoast-schema-graph\">{\"@context\":\"https:\/\/schema.org\",\"@graph\":[{\"@type\":\"WebPage\",\"@id\":\"https:\/\/hronvodackymaraton.sk\/z-historie-slavie-vsdl-zvolen\/\",\"url\":\"https:\/\/hronvodackymaraton.sk\/z-historie-slavie-vsdl-zvolen\/\",\"name\":\"Z hist\u00f3rie Sl\u00e1vie V\u0160DL Zvolen - hronmaraton.sk\",\"isPartOf\":{\"@id\":\"https:\/\/hronvodackymaraton.sk\/#website\"},\"datePublished\":\"2025-03-14T18:17:41+00:00\",\"dateModified\":\"2025-04-15T05:29:10+00:00\",\"breadcrumb\":{\"@id\":\"https:\/\/hronvodackymaraton.sk\/z-historie-slavie-vsdl-zvolen\/#breadcrumb\"},\"inLanguage\":\"sk-SK\",\"potentialAction\":[{\"@type\":\"ReadAction\",\"target\":[\"https:\/\/hronvodackymaraton.sk\/z-historie-slavie-vsdl-zvolen\/\"]}]},{\"@type\":\"BreadcrumbList\",\"@id\":\"https:\/\/hronvodackymaraton.sk\/z-historie-slavie-vsdl-zvolen\/#breadcrumb\",\"itemListElement\":[{\"@type\":\"ListItem\",\"position\":1,\"name\":\"Home\",\"item\":\"https:\/\/hronvodackymaraton.sk\/\"},{\"@type\":\"ListItem\",\"position\":2,\"name\":\"Z hist\u00f3rie Sl\u00e1vie V\u0160DL Zvolen\"}]},{\"@type\":\"WebSite\",\"@id\":\"https:\/\/hronvodackymaraton.sk\/#website\",\"url\":\"https:\/\/hronvodackymaraton.sk\/\",\"name\":\"hronmaraton.sk\",\"description\":\"O cenu olympionika Mari\u00e1na Havl\u00ed\u010dka\",\"potentialAction\":[{\"@type\":\"SearchAction\",\"target\":{\"@type\":\"EntryPoint\",\"urlTemplate\":\"https:\/\/hronvodackymaraton.sk\/?s={search_term_string}\"},\"query-input\":\"required name=search_term_string\"}],\"inLanguage\":\"sk-SK\"}]}<\/script>\n<!-- \/ Yoast SEO plugin. -->","yoast_head_json":{"title":"Z hist\u00f3rie Sl\u00e1vie V\u0160DL Zvolen - hronmaraton.sk","robots":{"index":"index","follow":"follow","max-snippet":"max-snippet:-1","max-image-preview":"max-image-preview:large","max-video-preview":"max-video-preview:-1"},"canonical":"https:\/\/hronvodackymaraton.sk\/z-historie-slavie-vsdl-zvolen\/","og_locale":"sk_SK","og_type":"article","og_title":"Z hist\u00f3rie Sl\u00e1vie V\u0160DL Zvolen - hronmaraton.sk","og_description":"Gal\u00e9ria je zostaven\u00e1 z fotografi\u00ed z arch\u00edvov Milana Vollmanna, Mojm\u00edra Dr\u00e1bka, Mira Chebe\u0148a a Imra Vidu. &nbsp; N\u00e1vrat z III. kvalifika\u010dn\u00e9ho z\u00e1vodu II. VT,...","og_url":"https:\/\/hronvodackymaraton.sk\/z-historie-slavie-vsdl-zvolen\/","og_site_name":"hronmaraton.sk","article_modified_time":"2025-04-15T05:29:10+00:00","og_image":[{"url":"http:\/\/hronvodackymaraton.sk\/wp-content\/uploads\/2025\/03\/MV-II-300x205.jpg"}],"twitter_card":"summary_large_image","twitter_misc":{"Predpokladan\u00fd \u010das \u010d\u00edtania":"16 min\u00fat"},"schema":{"@context":"https:\/\/schema.org","@graph":[{"@type":"WebPage","@id":"https:\/\/hronvodackymaraton.sk\/z-historie-slavie-vsdl-zvolen\/","url":"https:\/\/hronvodackymaraton.sk\/z-historie-slavie-vsdl-zvolen\/","name":"Z hist\u00f3rie Sl\u00e1vie V\u0160DL Zvolen - hronmaraton.sk","isPartOf":{"@id":"https:\/\/hronvodackymaraton.sk\/#website"},"datePublished":"2025-03-14T18:17:41+00:00","dateModified":"2025-04-15T05:29:10+00:00","breadcrumb":{"@id":"https:\/\/hronvodackymaraton.sk\/z-historie-slavie-vsdl-zvolen\/#breadcrumb"},"inLanguage":"sk-SK","potentialAction":[{"@type":"ReadAction","target":["https:\/\/hronvodackymaraton.sk\/z-historie-slavie-vsdl-zvolen\/"]}]},{"@type":"BreadcrumbList","@id":"https:\/\/hronvodackymaraton.sk\/z-historie-slavie-vsdl-zvolen\/#breadcrumb","itemListElement":[{"@type":"ListItem","position":1,"name":"Home","item":"https:\/\/hronvodackymaraton.sk\/"},{"@type":"ListItem","position":2,"name":"Z hist\u00f3rie Sl\u00e1vie V\u0160DL Zvolen"}]},{"@type":"WebSite","@id":"https:\/\/hronvodackymaraton.sk\/#website","url":"https:\/\/hronvodackymaraton.sk\/","name":"hronmaraton.sk","description":"O cenu olympionika Mari\u00e1na Havl\u00ed\u010dka","potentialAction":[{"@type":"SearchAction","target":{"@type":"EntryPoint","urlTemplate":"https:\/\/hronvodackymaraton.sk\/?s={search_term_string}"},"query-input":"required name=search_term_string"}],"inLanguage":"sk-SK"}]}},"_links":{"self":[{"href":"https:\/\/d.r4.wbsprt.com\/hronvodackymaraton.sk\/wp-json\/wp\/v2\/pages\/1630","targetHints":{"allow":["GET"]}}],"collection":[{"href":"https:\/\/d.r4.wbsprt.com\/hronvodackymaraton.sk\/wp-json\/wp\/v2\/pages"}],"about":[{"href":"https:\/\/d.r4.wbsprt.com\/hronvodackymaraton.sk\/wp-json\/wp\/v2\/types\/page"}],"author":[{"embeddable":true,"href":"https:\/\/d.r4.wbsprt.com\/hronvodackymaraton.sk\/wp-json\/wp\/v2\/users\/3"}],"replies":[{"embeddable":true,"href":"https:\/\/d.r4.wbsprt.com\/hronvodackymaraton.sk\/wp-json\/wp\/v2\/comments?post=1630"}],"version-history":[{"count":6,"href":"https:\/\/d.r4.wbsprt.com\/hronvodackymaraton.sk\/wp-json\/wp\/v2\/pages\/1630\/revisions"}],"predecessor-version":[{"id":1745,"href":"https:\/\/d.r4.wbsprt.com\/hronvodackymaraton.sk\/wp-json\/wp\/v2\/pages\/1630\/revisions\/1745"}],"wp:attachment":[{"href":"https:\/\/d.r4.wbsprt.com\/hronvodackymaraton.sk\/wp-json\/wp\/v2\/media?parent=1630"}],"curies":[{"name":"wp","href":"https:\/\/api.w.org\/{rel}","templated":true}]}}