{"version":"1.0","provider_name":"Jana Mozici - Realitni makl\u00e9\u0159ka","provider_url":"https:\/\/d.r4.wbsprt.com\/janamozici.cz","author_name":"pavelignacek","author_url":"https:\/\/d.r4.wbsprt.com\/janamozici.cz\/author\/pavelignacek\/","title":"Prodej zahrady Tu\u0161imice - Jana Mozici - Realitni makl\u00e9\u0159ka","type":"rich","width":600,"height":338,"html":"<blockquote class=\"wp-embedded-content\" data-secret=\"NfPEUaXAMx\"><a href=\"https:\/\/d.r4.wbsprt.com\/janamozici.cz\/prodej-zahrady-tusimice\/\">Prodej zahrady Tu\u0161imice<\/a><\/blockquote><iframe sandbox=\"allow-scripts\" security=\"restricted\" src=\"https:\/\/d.r4.wbsprt.com\/janamozici.cz\/prodej-zahrady-tusimice\/embed\/#?secret=NfPEUaXAMx\" width=\"600\" height=\"338\" title=\"&#8222;Prodej zahrady Tu\u0161imice&#8220; &#8212; Jana Mozici - Realitni makl\u00e9\u0159ka\" data-secret=\"NfPEUaXAMx\" frameborder=\"0\" marginwidth=\"0\" marginheight=\"0\" scrolling=\"no\" class=\"wp-embedded-content\"><\/iframe><script>\n\/*! This file is auto-generated *\/\n!function(d,l){\"use strict\";l.querySelector&&d.addEventListener&&\"undefined\"!=typeof URL&&(d.wp=d.wp||{},d.wp.receiveEmbedMessage||(d.wp.receiveEmbedMessage=function(e){var t=e.data;if((t||t.secret||t.message||t.value)&&!\/[^a-zA-Z0-9]\/.test(t.secret)){for(var s,r,n,a=l.querySelectorAll('iframe[data-secret=\"'+t.secret+'\"]'),o=l.querySelectorAll('blockquote[data-secret=\"'+t.secret+'\"]'),c=new RegExp(\"^https?:$\",\"i\"),i=0;i<o.length;i++)o[i].style.display=\"none\";for(i=0;i<a.length;i++)s=a[i],e.source===s.contentWindow&&(s.removeAttribute(\"style\"),\"height\"===t.message?(1e3<(r=parseInt(t.value,10))?r=1e3:~~r<200&&(r=200),s.height=r):\"link\"===t.message&&(r=new URL(s.getAttribute(\"src\")),n=new URL(t.value),c.test(n.protocol))&&n.host===r.host&&l.activeElement===s&&(d.top.location.href=t.value))}},d.addEventListener(\"message\",d.wp.receiveEmbedMessage,!1),l.addEventListener(\"DOMContentLoaded\",function(){for(var e,t,s=l.querySelectorAll(\"iframe.wp-embedded-content\"),r=0;r<s.length;r++)(t=(e=s[r]).getAttribute(\"data-secret\"))||(t=Math.random().toString(36).substring(2,12),e.src+=\"#?secret=\"+t,e.setAttribute(\"data-secret\",t)),e.contentWindow.postMessage({message:\"ready\",secret:t},\"*\")},!1)))}(window,document);\n\/\/# sourceURL=https:\/\/d.r4.wbsprt.com\/janamozici.cz\/wp-includes\/js\/wp-embed.min.js\n<\/script>\n","thumbnail_url":"https:\/\/janamozici.cz\/wp-content\/uploads\/2026\/06\/5-7.jpg","thumbnail_width":1920,"thumbnail_height":1280,"description":"Nab\u00edz\u00edme k prodeji kr\u00e1snou zahradu o v\u00fdm\u011b\u0159e 783 m2&nbsp;v malebn\u00e9 obci Tu\u0161imice, kter\u00e1 se nach\u00e1z\u00ed nedaleko historick\u00e9ho m\u011bsta Kada\u0148. Toto kr\u00e1lovsk\u00e9 m\u011bsto je zn\u00e1m\u00e9 svou bohatou ob\u010danskou vybavenost\u00ed, v\u010detn\u011b \u0161irok\u00e9 \u0161k\u00e1ly restaurac\u00ed, kav\u00e1ren, obchod\u016f a l\u00e9ka\u0159sk\u00fdch slu\u017eeb, co\u017e zaji\u0161\u0165uje pohodln\u00fd \u017eivotn\u00ed styl pro v\u0161echny obyvatele. Zahrada se py\u0161n\u00ed p\u0159\u00edjemn\u00fdm a klidn\u00fdm prost\u0159ed\u00edm, ide\u00e1ln\u00edm pro relaxaci [&hellip;]"}