{"id":26,"date":"2023-04-04T21:24:30","date_gmt":"2023-04-04T19:24:30","guid":{"rendered":"https:\/\/d.r4.wbsprt.com\/kecyrv.sk\/?page_id=26"},"modified":"2024-05-12T09:23:33","modified_gmt":"2024-05-12T07:23:33","slug":"main","status":"publish","type":"page","link":"https:\/\/d.r4.wbsprt.com\/kecyrv.sk\/","title":{"rendered":"Hlavn\u00e1 Str\u00e1nka"},"content":{"rendered":"\n<div class=\"wp-block-group alignfull has-background\" style=\"background-color:#00000075;font-size:25px\"><div class=\"wp-block-group__inner-container is-layout-constrained wp-block-group-is-layout-constrained\">\n<hr class=\"wp-block-separator has-text-color has-white-color has-alpha-channel-opacity has-white-background-color has-background wp-embed-aspect-16-9 wp-has-aspect-ratio\"\/>\n\n\n\n<h2 class=\"wp-block-heading alignfull has-text-align-center has-white-color has-text-color\" style=\"font-size:30px\"><strong>\u010co s\u00fa KECY?<\/strong><\/h2>\n\n\n\n<p class=\"has-text-align-center has-white-color has-text-color\" style=\"font-size:16px\">KECY s\u00fa letn\u00fd slovensko-americk\u00fd konverza\u010dn\u00fd t\u00e1bor pre deviatakov a stredo\u0161kol\u00e1kov, ktor\u00fd organizuj\u00fa mlad\u00ed kres\u0165ania z Ro\u017e\u0148avy spolu s Ameri\u010danmi. Po\u010das KECY zist\u00ed\u0161, \u017ee spont\u00e1nna konverz\u00e1cia v angli\u010dtine nie je a\u017e tak\u00e1 ta\u017ek\u00e1. Za\u0161portuje\u0161 si, zabav\u00ed\u0161 sa a za\u017eije\u0161 v\u00fdborn\u00fa atmosf\u00e9ru spolu s ostatn\u00fdmi, ktor\u00fa by si nikde inde neza\u017eil! Preto nev\u00e1haj a pr\u00ed\u010f, na \u00farovni tvojej angli\u010dtiny nez\u00e1le\u017e\u00ed!<br><br>KECY ale t\u00e1borom nekon\u010dia, preto\u017ee po\u010das leta a nasleduj\u00faceho \u0161kolsk\u00e9ho roka sa m\u00f4\u017ee\u0161 zapoji\u0165 do \u010fal\u0161\u00edch aktiv\u00edt, ktor\u00e9 budeme organizova\u0165.<\/p>\n<\/div><\/div>\n\n\n\n<div class=\"wp-block-group alignwide has-background\" style=\"background-color:#4d4d4d\"><div class=\"wp-block-group__inner-container is-layout-constrained wp-block-group-is-layout-constrained\">\n<hr class=\"wp-block-separator has-text-color has-white-color has-alpha-channel-opacity has-white-background-color has-background wp-embed-aspect-16-9 wp-has-aspect-ratio\"\/>\n\n\n\n<h2 class=\"wp-block-heading has-text-align-center has-white-color has-text-color\" style=\"font-size:30px\"><strong>\u010co \u0165a na t\u00e1bore \u010dak\u00e1?<\/strong><\/h2>\n\n\n\n<div class=\"wp-block-columns alignwide are-vertically-aligned-center is-layout-flex wp-container-core-columns-is-layout-1 wp-block-columns-is-layout-flex\">\n<div class=\"wp-block-column is-vertically-aligned-center is-layout-flow wp-block-column-is-layout-flow\" style=\"flex-basis:50px\"><\/div>\n\n\n\n<div class=\"wp-block-column is-vertically-aligned-center is-layout-flow wp-block-column-is-layout-flow\">\n<p class=\"has-white-color has-text-color\" style=\"font-size:16px\"><strong>R\u00e1no<\/strong> vstane\u0161 a po ra\u0148ajk\u00e1ch p\u00f4jde\u0161 na angli\u010dtinu. Potom v t\u00edmoch budeme rie\u0161i\u0165 INICIAT\u00cdVY zameran\u00e9 na t\u00edmov\u00fa spolupr\u00e1cu (S\u00fa\u0165a\u017ee medzi t\u00edmami).<\/p>\n\n\n\n<p class=\"has-white-color has-text-color\" style=\"font-size:16px\"><strong>Po obede<\/strong> sa op\u00e4\u0165 v t\u00edmoch zabav\u00edme pri r\u00f4znych aktivit\u00e1ch, \u0161portoch, tvoriv\u00fdch diel\u0148ach ale bude \u010das aj na kr\u00e1tky oddych.<\/p>\n\n\n\n<p class=\"has-white-color has-text-color\" style=\"font-size:16px\"><strong>Ve\u010der<\/strong> za\u017eije\u0161 z\u00e1bavn\u00fd ale hodnotn\u00fd program po\u010das ktor\u00e9ho bude\u0161 po\u010du\u0165 o Bohu trochu inak ako doteraz. Ka\u017ed\u00fd ve\u010der bude e\u0161te \u0161peci\u00e1lny E-NIGHT.<\/p>\n\n\n\n<p class=\"has-white-color has-text-color\"><strong>\u010co je E-NIGHT?<\/strong> Je to \u0161peci\u00e1lny ve\u010der kde bude\u0161 ma\u0165 mo\u017enos\u0165 sa cel\u00fd ve\u010der zab\u00e1va\u0165 pri hudbe, hr\u00e1ch, zauj\u00edmav\u00fdch aktivit\u00e1ch a mo\u017eno aj s nie\u010d\u00edm pod zub.<\/p>\n\n\n\n<p class=\"has-text-align-center has-text-color has-background has-small-font-size\" style=\"color:#ff0000;background-color:#00000075\">Po\u010das t\u00e1bora nebude \u010das na alkohol a omamn\u00e9 l\u00e1tky, preto ich ani nenos. In\u00e1\u010d sa pre Teba t\u00e1bor pred\u010dasne skon\u010d\u00ed, \u010do by n\u00e1m bolo ve\u013emi \u013e\u00fato.<\/p>\n<\/div>\n\n\n\n<div class=\"wp-block-column is-vertically-aligned-center is-layout-flow wp-block-column-is-layout-flow\" style=\"flex-basis:50px\"><\/div>\n<\/div>\n<\/div><\/div>\n\n\n\n<div class=\"wp-block-group alignfull has-white-background-color has-background\"><div class=\"wp-block-group__inner-container is-layout-constrained wp-block-group-is-layout-constrained\">\n<hr class=\"wp-block-separator has-text-color has-black-color has-alpha-channel-opacity has-black-background-color has-background wp-embed-aspect-16-9 wp-has-aspect-ratio\"\/>\n\n\n\n<h1 class=\"wp-block-heading has-text-align-center\" style=\"font-size:30px\"><strong>Info\u0161ky a Registr\u00e1cia<\/strong><\/h1>\n\n\n\n<div class=\"wp-block-columns is-layout-flex wp-container-core-columns-is-layout-2 wp-block-columns-is-layout-flex\">\n<div class=\"wp-block-column is-layout-flow wp-block-column-is-layout-flow\">\n<h2 class=\"wp-block-heading has-text-align-center\"><strong>Inform\u00e1cie k t\u00e1boru<\/strong><\/h2>\n\n\n\n<p class=\"has-text-color has-link-color wp-elements-fd40aeab2d52e5ea7ab11c25a8d3880d\" style=\"color:#676f77\"><strong>Miesto: <\/strong><br>Rekrea\u010dn\u00e9 Stredisko J\u00falius, Vy\u0161n\u00e1 Slan\u00e1<br><br><strong>Term\u00edn: <\/strong><br>14.7.2023 &#8211; 20.7.2023 <\/p>\n\n\n\n<p class=\"has-text-color has-link-color wp-elements-7202370c68b6f7eec5168c37e087f493\" style=\"color:#676f77\"><strong>V cene je zahrnut\u00e9:<\/strong> <br>Ubytovanie, strava, lekcie angli\u010dtiny, tri\u010dko a&nbsp;dar\u010dekov\u00e9 predmety<\/p>\n\n\n\n<p class=\"has-text-color has-link-color wp-elements-d0ac5b7e2087cea8629023dc4da703cf\" style=\"color:#676f77\"><strong>Nezabudni si zabali\u0165: <\/strong><br> &#8211; ob\u010diansky preukaz a preukaz poistenca<br><mark style=\"background-color:rgba(0, 0, 0, 0)\" class=\"has-inline-color has-white-color\"> &#8211; <\/mark>(ak nem\u00e1\u0161 ob\u010diansky sta\u010d\u00ed preukaz poistenca)<br> &#8211; \u0161portov\u00fa nepremokav\u00fa obuv a oble\u010denie<br> &#8211; \u0161iltovku, opa\u013eovac\u00ed kr\u00e9m, plavky, repelent, penia\u017eky do Bufetu<\/p>\n<\/div>\n\n\n\n<div class=\"wp-block-column is-layout-flow wp-block-column-is-layout-flow\">\n<h2 class=\"wp-block-heading has-text-align-center\"><strong>Cena a Platba<\/strong><\/h2>\n\n\n\n<p class=\"has-text-color has-link-color wp-elements-7e32a54d33b0b78a138759f9458b1b31\" style=\"color:#676f77\"><strong>Cena t\u00e1bora:<\/strong><br>170 \u20ac &#8211; do konca marca<br>180 \u20ac &#8211; do konca apr\u00edla<br>190 \u20ac &#8211; do konca m\u00e1ja<br>200 \u20ac &#8211; do konca j\u00fana<\/p>\n\n\n\n<p class=\"has-text-color has-link-color wp-elements-3f17f11829b30c49146fd70251c98bbc\" style=\"color:#676f77\"><strong>Inform\u00e1cie o platbe:<\/strong><br>Platba prebieha bankov\u00fdm prevodom. Presnej\u0161ie inform\u00e1cie o zaplaten\u00ed v\u00e1m po\u0161leme mailom po registr\u00e1cii.<\/p>\n\n\n\n<p class=\"has-text-color has-link-color wp-elements-c2a98432516966210700099ad3e122dc\" style=\"color:#676f77\"><strong>IBAN:<\/strong> SK87 0900 0000 0005 1049 9737<\/p>\n\n\n\n<p class=\"has-text-color has-link-color wp-elements-5cdc17ef1741a61e198072e72538d676\" style=\"color:#676f77\">Registr\u00e1cia prebieha <strong>do 7.7. 2023<\/strong>.<br>Zaplati\u0165 m\u00f4\u017ee\u0161 do 9.7.2023<\/p>\n<\/div>\n<\/div>\n\n\n\n<div class=\"wp-block-buttons is-content-justification-center is-layout-flex wp-container-core-buttons-is-layout-1 wp-block-buttons-is-layout-flex\">\n<div class=\"wp-block-button\"><a class=\"wp-block-button__link wp-element-button\" href=\"https:\/\/www.emsreg.eu\/public_otm\/events\/14110\/registrations\/landing_page?group_id=11560\" target=\"_blank\" rel=\"noreferrer noopener\">REGISTRUJ SA!<\/a><\/div>\n<\/div>\n<\/div><\/div>\n\n\n\n<div class=\"wp-block-group has-black-background-color has-background\"><div class=\"wp-block-group__inner-container is-layout-constrained wp-block-group-is-layout-constrained\">\n<hr class=\"wp-block-separator has-text-color has-white-color has-alpha-channel-opacity has-white-background-color has-background wp-embed-aspect-16-9 wp-has-aspect-ratio\"\/>\n\n\n\n<h2 class=\"wp-block-heading has-text-align-center has-white-color has-text-color\" style=\"font-size:30px\"><strong>STORNO<\/strong><\/h2>\n\n\n\n<p class=\"has-white-color has-text-color\">Ak sa prihl\u00e1si\u0161 ale zmenia sa tvoje pl\u00e1ny a okolnosti, vr\u00e1time ti:<\/p>\n\n\n\n<p class=\"has-white-color has-text-color\">100% &#8211; odhl\u00e1sen\u00edm aspo\u0148 30 dn\u00ed pred za\u010diatkom t\u00e1bora (najnesk\u00f4r 14. 6. 2023).<br><br>50%   &#8211; odhl\u00e1sen\u00edm aspo\u0148 10 a menej ako 30 dn\u00ed pred za\u010diatkom t\u00e1bora (najnesk\u00f4r 4. 7. 2023).<br><br>25%   &#8211; odhl\u00e1sen\u00edm aspo\u0148 5 a menej ako 10 dn\u00ed pred za\u010daitkom t\u00e1bora (najnesk\u00f4r 9. 7. 2023).<br><br>0%     &#8211; odhl\u00e1sen\u00edm menej ako 5 dn\u00ed pred za\u010diatkom t\u00e1bora (10. 7. 2023 a nesk\u00f4r).<\/p>\n\n\n\n<p class=\"has-white-color has-text-color\">Odhl\u00e1si\u0165 sa je potrebn\u00e9 p\u00edsomne (mailom). Storno podmienky sa nevz\u0165ahuj\u00fa na odhl\u00e1senie z t\u00e1bora z d\u00f4vodu infek\u010dnej choroby alebo inej zdravotnej \u0165a\u017ekosti br\u00e1niacej \u00fa\u010dasti na t\u00e1bore, zistenej tesne pred t\u00e1borom (vr\u00e1time v\u00e1m 100%). V tak\u00fdchto pr\u00edpadoch si \u017eiadame k p\u00edsomn\u00e9mu odhl\u00e1seniu prilo\u017ei\u0165 lek\u00e1rske potvrdenie.<\/p>\n<\/div><\/div>\n\n\n\n<div class=\"wp-block-group alignfull has-text-color has-background\" style=\"color:#a1bfaf;background-color:#191919;font-size:10px\"><div class=\"wp-block-group__inner-container is-layout-constrained wp-block-group-is-layout-constrained\">\n<hr class=\"wp-block-separator has-text-color has-white-color has-alpha-channel-opacity has-white-background-color has-background wp-embed-aspect-16-9 wp-has-aspect-ratio\"\/>\n\n\n\n<h2 class=\"wp-block-heading has-text-align-center wp-embed-aspect-16-9 wp-has-aspect-ratio has-white-color has-text-color\" style=\"font-size:30px\"><strong>Vide\u00e1 z KECY<\/strong><\/h2>\n\n\n\n<div class=\"wp-block-columns is-layout-flex wp-container-core-columns-is-layout-3 wp-block-columns-is-layout-flex\">\n<div class=\"wp-block-column is-layout-flow wp-block-column-is-layout-flow\" style=\"flex-basis:10%\"><\/div>\n\n\n\n<div class=\"wp-block-column is-layout-flow wp-block-column-is-layout-flow\" style=\"flex-basis:80%\">\n<figure class=\"wp-block-embed alignfull is-type-video is-provider-youtube wp-block-embed-youtube wp-embed-aspect-16-9 wp-has-aspect-ratio\"><div class=\"wp-block-embed__wrapper\">\n<iframe title=\"kecy rv 2022\" width=\"640\" height=\"360\" src=\"https:\/\/www.youtube.com\/embed\/TBLWiCIzF-Y?feature=oembed\" frameborder=\"0\" allow=\"accelerometer; autoplay; clipboard-write; encrypted-media; gyroscope; picture-in-picture; web-share\" referrerpolicy=\"strict-origin-when-cross-origin\" allowfullscreen><\/iframe>\n<\/div><\/figure>\n<\/div>\n\n\n\n<div class=\"wp-block-column is-layout-flow wp-block-column-is-layout-flow\" style=\"flex-basis:10%\"><\/div>\n<\/div>\n\n\n\n<div class=\"wp-block-columns wp-embed-aspect-16-9 wp-has-aspect-ratio is-layout-flex wp-container-core-columns-is-layout-4 wp-block-columns-is-layout-flex\">\n<div class=\"wp-block-column is-layout-flow wp-block-column-is-layout-flow\">\n<figure class=\"wp-block-embed is-type-video is-provider-youtube wp-block-embed-youtube wp-embed-aspect-16-9 wp-has-aspect-ratio\"><div class=\"wp-block-embed__wrapper\">\n<iframe title=\"KECY CAMP 2020 RV\/PP\" width=\"640\" height=\"360\" src=\"https:\/\/www.youtube.com\/embed\/mjN8zILBXi8?feature=oembed\" frameborder=\"0\" allow=\"accelerometer; autoplay; clipboard-write; encrypted-media; gyroscope; picture-in-picture; web-share\" referrerpolicy=\"strict-origin-when-cross-origin\" allowfullscreen><\/iframe>\n<\/div><\/figure>\n<\/div>\n\n\n\n<div class=\"wp-block-column is-layout-flow wp-block-column-is-layout-flow\">\n<figure class=\"wp-block-embed is-type-video is-provider-youtube wp-block-embed-youtube wp-embed-aspect-16-9 wp-has-aspect-ratio\"><div class=\"wp-block-embed__wrapper\">\n<iframe title=\"KECY CAMP 2021 RV\/PP\" width=\"640\" height=\"360\" src=\"https:\/\/www.youtube.com\/embed\/X3X1xnKsGPA?feature=oembed\" frameborder=\"0\" allow=\"accelerometer; autoplay; clipboard-write; encrypted-media; gyroscope; picture-in-picture; web-share\" referrerpolicy=\"strict-origin-when-cross-origin\" allowfullscreen><\/iframe>\n<\/div><\/figure>\n<\/div>\n<\/div>\n<\/div><\/div>\n\n\n\n<div class=\"wp-block-group alignwide has-white-color has-text-color has-background\" style=\"background-color:#4d4d4d\"><div class=\"wp-block-group__inner-container is-layout-constrained wp-block-group-is-layout-constrained\">\n<hr class=\"wp-block-separator has-text-color has-white-color has-alpha-channel-opacity has-white-background-color has-background\"\/>\n\n\n\n<h2 class=\"wp-block-heading has-text-align-center has-white-color has-text-color\" style=\"font-size:30px\"><strong>Kde n\u00e1s n\u00e1jdete?<\/strong><\/h2>\n\n\n\n<div class=\"wp-block-columns alignwide are-vertically-aligned-center is-layout-flex wp-container-core-columns-is-layout-6 wp-block-columns-is-layout-flex\">\n<div class=\"wp-block-column is-vertically-aligned-center is-layout-flow wp-block-column-is-layout-flow\"><\/div>\n\n\n\n<div class=\"wp-block-column is-vertically-aligned-center is-layout-flow wp-block-column-is-layout-flow\">\n<hr class=\"wp-block-separator has-text-color has-white-color has-alpha-channel-opacity has-white-background-color has-background\"\/>\n\n\n\n<p class=\"has-text-align-center has-white-color has-text-color\">Jovick\u00e1 66, Ro\u017e\u0148ava 048 03<br>davidvasko.rv@gmail.com<br>0919 341 270<\/p>\n\n\n\n<p class=\"has-text-align-center has-white-color has-text-color\">M\u00f4\u017eete sa s nami stretn\u00fa\u0165 ka\u017ed\u00fd piatok o 18:30<\/p>\n\n\n\n<hr class=\"wp-block-separator has-text-color has-white-color has-alpha-channel-opacity has-white-background-color has-background\"\/>\n\n\n\n<div class=\"wp-block-group\"><div class=\"wp-block-group__inner-container is-layout-constrained wp-block-group-is-layout-constrained\">\n<div class=\"wp-block-columns alignfull are-vertically-aligned-center is-not-stacked-on-mobile is-layout-flex wp-container-core-columns-is-layout-5 wp-block-columns-is-layout-flex\">\n<div class=\"wp-block-column is-layout-flow wp-block-column-is-layout-flow\"><\/div>\n\n\n\n<div class=\"wp-block-column is-vertically-aligned-center is-layout-flow wp-block-column-is-layout-flow\"><div class=\"wp-block-image\">\n<figure class=\"aligncenter size-full is-resized\"><a href=\"https:\/\/www.facebook.com\/kecyrvpp\/\"><img fetchpriority=\"high\" decoding=\"async\" width=\"512\" height=\"512\" src=\"https:\/\/www.kecyrv.sk\/wp-content\/uploads\/2023\/04\/facebook-1.png\" alt=\"\" class=\"wp-image-384\" style=\"object-fit:contain;width:96px;height:96px\" srcset=\"https:\/\/d.r4.wbsprt.com\/kecyrv.sk\/wp-content\/uploads\/2023\/04\/facebook-1.png 512w, https:\/\/d.r4.wbsprt.com\/kecyrv.sk\/wp-content\/uploads\/2023\/04\/facebook-1-300x300.png 300w, https:\/\/d.r4.wbsprt.com\/kecyrv.sk\/wp-content\/uploads\/2023\/04\/facebook-1-150x150.png 150w\" sizes=\"(max-width: 512px) 100vw, 512px\" \/><\/a><\/figure><\/div><\/div>\n\n\n\n<div class=\"wp-block-column is-vertically-aligned-center is-layout-flow wp-block-column-is-layout-flow\"><div class=\"wp-block-image\">\n<figure class=\"aligncenter size-full is-resized\"><a href=\"https:\/\/www.instagram.com\/kecy_rv\/\"><img decoding=\"async\" width=\"512\" height=\"512\" src=\"https:\/\/www.kecyrv.sk\/wp-content\/uploads\/2023\/04\/instagram-1.png\" alt=\"\" class=\"wp-image-385\" style=\"object-fit:contain;width:96px;height:96px\" srcset=\"https:\/\/d.r4.wbsprt.com\/kecyrv.sk\/wp-content\/uploads\/2023\/04\/instagram-1.png 512w, https:\/\/d.r4.wbsprt.com\/kecyrv.sk\/wp-content\/uploads\/2023\/04\/instagram-1-300x300.png 300w, https:\/\/d.r4.wbsprt.com\/kecyrv.sk\/wp-content\/uploads\/2023\/04\/instagram-1-150x150.png 150w\" sizes=\"(max-width: 512px) 100vw, 512px\" \/><\/a><\/figure><\/div><\/div>\n\n\n\n<div class=\"wp-block-column is-vertically-aligned-center is-layout-flow wp-block-column-is-layout-flow\"><div class=\"wp-block-image\">\n<figure class=\"aligncenter size-full is-resized\"><a href=\"https:\/\/www.tiktok.com\/@kecyrvpp\"><img decoding=\"async\" width=\"512\" height=\"512\" src=\"https:\/\/www.kecyrv.sk\/wp-content\/uploads\/2023\/04\/tiktok-1.png\" alt=\"\" class=\"wp-image-386\" style=\"object-fit:contain;width:96px;height:96px\" srcset=\"https:\/\/d.r4.wbsprt.com\/kecyrv.sk\/wp-content\/uploads\/2023\/04\/tiktok-1.png 512w, https:\/\/d.r4.wbsprt.com\/kecyrv.sk\/wp-content\/uploads\/2023\/04\/tiktok-1-300x300.png 300w, https:\/\/d.r4.wbsprt.com\/kecyrv.sk\/wp-content\/uploads\/2023\/04\/tiktok-1-150x150.png 150w\" sizes=\"(max-width: 512px) 100vw, 512px\" \/><\/a><\/figure><\/div><\/div>\n\n\n\n<div class=\"wp-block-column is-layout-flow wp-block-column-is-layout-flow\"><\/div>\n<\/div>\n<\/div><\/div>\n<\/div>\n<\/div>\n<\/div><\/div>\n","protected":false},"excerpt":{"rendered":"<p>\u010co s\u00fa KECY? KECY s\u00fa letn\u00fd slovensko-americk\u00fd konverza\u010dn\u00fd t\u00e1bor pre deviatakov a stredo\u0161kol\u00e1kov, ktor\u00fd organizuj\u00fa mlad\u00ed kres\u0165ania z Ro\u017e\u0148avy spolu s Ameri\u010danmi. Po\u010das KECY zist\u00ed\u0161, \u017ee spont\u00e1nna konverz\u00e1cia v angli\u010dtine nie je a\u017e tak\u00e1 ta\u017ek\u00e1. Za\u0161portuje\u0161 si, zabav\u00ed\u0161 sa a za\u017eije\u0161 v\u00fdborn\u00fa atmosf\u00e9ru spolu s ostatn\u00fdmi, ktor\u00fa by si nikde inde neza\u017eil! Preto nev\u00e1haj a [&hellip;]<\/p>\n","protected":false},"author":1,"featured_media":0,"parent":0,"menu_order":0,"comment_status":"closed","ping_status":"closed","template":"","meta":{"two_page_speed":[],"footnotes":""},"_links":{"self":[{"href":"https:\/\/d.r4.wbsprt.com\/kecyrv.sk\/wp-json\/wp\/v2\/pages\/26"}],"collection":[{"href":"https:\/\/d.r4.wbsprt.com\/kecyrv.sk\/wp-json\/wp\/v2\/pages"}],"about":[{"href":"https:\/\/d.r4.wbsprt.com\/kecyrv.sk\/wp-json\/wp\/v2\/types\/page"}],"author":[{"embeddable":true,"href":"https:\/\/d.r4.wbsprt.com\/kecyrv.sk\/wp-json\/wp\/v2\/users\/1"}],"replies":[{"embeddable":true,"href":"https:\/\/d.r4.wbsprt.com\/kecyrv.sk\/wp-json\/wp\/v2\/comments?post=26"}],"version-history":[{"count":6,"href":"https:\/\/d.r4.wbsprt.com\/kecyrv.sk\/wp-json\/wp\/v2\/pages\/26\/revisions"}],"predecessor-version":[{"id":2093,"href":"https:\/\/d.r4.wbsprt.com\/kecyrv.sk\/wp-json\/wp\/v2\/pages\/26\/revisions\/2093"}],"wp:attachment":[{"href":"https:\/\/d.r4.wbsprt.com\/kecyrv.sk\/wp-json\/wp\/v2\/media?parent=26"}],"curies":[{"name":"wp","href":"https:\/\/api.w.org\/{rel}","templated":true}]}}