{"id":3058,"date":"2024-03-04T15:22:29","date_gmt":"2024-03-04T14:22:29","guid":{"rendered":"https:\/\/milujemevlnu.sk\/?post_type=product&#038;p=3058"},"modified":"2024-03-04T15:22:30","modified_gmt":"2024-03-04T14:22:30","slug":"ciapka-sima-modra-s-fialovou","status":"publish","type":"product","link":"https:\/\/d.r4.wbsprt.com\/milujemevlnu.sk\/produkt\/ciapka-sima-modra-s-fialovou\/","title":{"rendered":"\u010ciapka Sima, modr\u00e1 s fialovou"},"content":{"rendered":"<p>Ru\u010dne pleten\u00e1 \u010diapka z merino vlny, ktor\u00e1 je skvel\u00e1 vo\u013eba na teplej\u0161ie zimn\u00e9 dni a na sychrav\u00e9 jesenn\u00e9 dni. Na jar Ti posl\u00fa\u017ei pri nepriaznivom po\u010das\u00ed. Ka\u017ed\u00fd k\u00fasok je origin\u00e1l, nako\u013eko vlna je farben\u00e1 ru\u010dne a priadza sa m\u00f4\u017ee mierne l\u00ed\u0161i\u0165 pri ka\u017edom klbku, z ktor\u00e9ho \u010diapku pletiem. \u010ciapku je mo\u017en\u00e9 nosi\u0165 s brmbolcom alebo bez, v\u00fdber je na tebe.<\/p>\n<p>\u010ciapka je vyroben\u00e1 z merino vlny, ktor\u00e9 poch\u00e1dza z etick\u00fdch a trvalo udr\u017eate\u013en\u00fdch zdrojov od ove\u010diek z Ju\u017enej Ameriky.<\/p>\n<p>Vlna je m\u00e4kk\u00e1, tepl\u00e1 a pr\u00edjemn\u00e1 na dotyk. \u010ciapka je vyroben\u00e1 zo 100% merino vlny a t\u00e1 m\u00e1 vynikaj\u00face termoregula\u010dn\u00e9 vlastnosti, odv\u00e1dza vlhko a nechlad\u00ed aj ke\u010f trochu zmokne. Starostlivos\u0165 o \u0148u je ve\u013emi jednoduch\u00e1, sta\u010d\u00ed ju necha\u0165 vyvetra\u0165 na vzduch alebo ju m\u00f4\u017ee\u0161 necha\u0165 aj vymrzn\u00fa\u0165 a t\u00fdm sa pachy stratia.<\/p>\n<p>Vyroben\u00e9 s l\u00e1skou na Slovensku.<\/p>\n<p>\u00dadr\u017eba: ru\u010dn\u00e9 prianie v studenej vode, ne\u017em\u00fdka\u0165, su\u0161i\u0165 na plocho<\/p>\n<p>Farebnos\u0165 sa m\u00f4\u017ee mierne l\u00ed\u0161i\u0165 v z\u00e1vislosti od nastavenia tvojho monitoru.<\/p>\n","protected":false},"excerpt":{"rendered":"<p>Ru\u010dne pleten\u00e1 \u010diapka z merino vlny, ktor\u00e1 je skvel\u00e1 vo\u013eba na teplej\u0161ie zimn\u00e9 dni a na sychrav\u00e9 jesenn\u00e9 dni. Na [&hellip;]<\/p>\n","protected":false},"featured_media":3059,"comment_status":"closed","ping_status":"closed","template":"","meta":{"site-sidebar-layout":"default","site-content-layout":"","ast-site-content-layout":"default","site-content-style":"default","site-sidebar-style":"default","ast-global-header-display":"","ast-banner-title-visibility":"","ast-main-header-display":"","ast-hfb-above-header-display":"","ast-hfb-below-header-display":"","ast-hfb-mobile-header-display":"","site-post-title":"","ast-breadcrumbs-content":"","ast-featured-img":"","footer-sml-layout":"","ast-disable-related-posts":"","theme-transparent-header-meta":"","adv-header-id-meta":"","stick-header-meta":"","header-above-stick-meta":"","header-main-stick-meta":"","header-below-stick-meta":"","astra-migrate-meta-layouts":"default","ast-page-background-enabled":"default","ast-page-background-meta":{"desktop":{"background-color":"var(--ast-global-color-4)","background-image":"","background-repeat":"repeat","background-position":"center center","background-size":"auto","background-attachment":"scroll","background-type":"","background-media":"","overlay-type":"","overlay-color":"","overlay-opacity":"","overlay-gradient":""},"tablet":{"background-color":"","background-image":"","background-repeat":"repeat","background-position":"center center","background-size":"auto","background-attachment":"scroll","background-type":"","background-media":"","overlay-type":"","overlay-color":"","overlay-opacity":"","overlay-gradient":""},"mobile":{"background-color":"","background-image":"","background-repeat":"repeat","background-position":"center center","background-size":"auto","background-attachment":"scroll","background-type":"","background-media":"","overlay-type":"","overlay-color":"","overlay-opacity":"","overlay-gradient":""}},"ast-content-background-meta":{"desktop":{"background-color":"var(--ast-global-color-5)","background-image":"","background-repeat":"repeat","background-position":"center center","background-size":"auto","background-attachment":"scroll","background-type":"","background-media":"","overlay-type":"","overlay-color":"","overlay-opacity":"","overlay-gradient":""},"tablet":{"background-color":"var(--ast-global-color-5)","background-image":"","background-repeat":"repeat","background-position":"center center","background-size":"auto","background-attachment":"scroll","background-type":"","background-media":"","overlay-type":"","overlay-color":"","overlay-opacity":"","overlay-gradient":""},"mobile":{"background-color":"var(--ast-global-color-5)","background-image":"","background-repeat":"repeat","background-position":"center center","background-size":"auto","background-attachment":"scroll","background-type":"","background-media":"","overlay-type":"","overlay-color":"","overlay-opacity":"","overlay-gradient":""}},"iawp_total_views":18},"product_brand":[],"product_cat":[453],"product_tag":[],"class_list":{"0":"post-3058","1":"product","2":"type-product","3":"status-publish","4":"has-post-thumbnail","6":"product_cat-upletene-s-laskou","7":"desktop-align-left","8":"tablet-align-left","9":"mobile-align-left","11":"first","12":"instock","13":"taxable","14":"shipping-taxable","15":"purchasable","16":"product-type-simple"},"yoast_head":"<!-- This site is optimized with the Yoast SEO plugin v27.5 - https:\/\/yoast.com\/product\/yoast-seo-wordpress\/ -->\n<title>\u010ciapka Sima, modr\u00e1 s fialovou - Milujeme vlnu<\/title>\n<meta name=\"description\" content=\"Ru\u010dne pleten\u00e1 \u010diapka z merino vlny, ktor\u00e1 je skvel\u00e1 vo\u013eba na teplej\u0161ie zimn\u00e9 dni a na sychrav\u00e9 jesenn\u00e9 dni. Na jar Ti posl\u00fa\u017ei pri nepriaznivom po\u010das\u00ed.\" \/>\n<meta name=\"robots\" content=\"index, follow, max-snippet:-1, max-image-preview:large, max-video-preview:-1\" \/>\n<link rel=\"canonical\" href=\"https:\/\/milujemevlnu.sk\/produkt\/ciapka-sima-modra-s-fialovou\/\" \/>\n<meta property=\"og:locale\" content=\"sk_SK\" \/>\n<meta property=\"og:type\" content=\"article\" \/>\n<meta property=\"og:title\" content=\"\u010ciapka Sima, modr\u00e1 s fialovou - Milujeme vlnu\" \/>\n<meta property=\"og:description\" content=\"Ru\u010dne pleten\u00e1 \u010diapka z merino vlny, ktor\u00e1 je skvel\u00e1 vo\u013eba na teplej\u0161ie zimn\u00e9 dni a na sychrav\u00e9 jesenn\u00e9 dni. Na jar Ti posl\u00fa\u017ei pri nepriaznivom po\u010das\u00ed.\" \/>\n<meta property=\"og:url\" content=\"https:\/\/milujemevlnu.sk\/produkt\/ciapka-sima-modra-s-fialovou\/\" \/>\n<meta property=\"og:site_name\" content=\"Milujeme vlnu\" \/>\n<meta property=\"article:modified_time\" content=\"2024-03-04T14:22:30+00:00\" \/>\n<meta property=\"og:image\" content=\"https:\/\/milujemevlnu.sk\/wp-content\/uploads\/2024\/03\/IMG-20240224-WA0015-1.jpg\" \/>\n\t<meta property=\"og:image:width\" content=\"1500\" \/>\n\t<meta property=\"og:image:height\" content=\"2000\" \/>\n\t<meta property=\"og:image:type\" content=\"image\/jpeg\" \/>\n<meta name=\"twitter:card\" content=\"summary_large_image\" \/>\n<meta name=\"twitter:label1\" content=\"Predpokladan\u00fd \u010das \u010d\u00edtania\" \/>\n\t<meta name=\"twitter:data1\" content=\"2 min\u00faty\" \/>\n<script type=\"application\/ld+json\" class=\"yoast-schema-graph\">{\"@context\":\"https:\\\/\\\/schema.org\",\"@graph\":[{\"@type\":\"WebPage\",\"@id\":\"https:\\\/\\\/milujemevlnu.sk\\\/produkt\\\/ciapka-sima-modra-s-fialovou\\\/\",\"url\":\"https:\\\/\\\/milujemevlnu.sk\\\/produkt\\\/ciapka-sima-modra-s-fialovou\\\/\",\"name\":\"\u010ciapka Sima, modr\u00e1 s fialovou - Milujeme vlnu\",\"isPartOf\":{\"@id\":\"https:\\\/\\\/milujemevlnu.sk\\\/#website\"},\"primaryImageOfPage\":{\"@id\":\"https:\\\/\\\/milujemevlnu.sk\\\/produkt\\\/ciapka-sima-modra-s-fialovou\\\/#primaryimage\"},\"image\":{\"@id\":\"https:\\\/\\\/milujemevlnu.sk\\\/produkt\\\/ciapka-sima-modra-s-fialovou\\\/#primaryimage\"},\"thumbnailUrl\":\"https:\\\/\\\/d.r4.wbsprt.com\\\/milujemevlnu.sk\\\/wp-content\\\/uploads\\\/2024\\\/03\\\/IMG-20240224-WA0015-1.jpg\",\"datePublished\":\"2024-03-04T14:22:29+00:00\",\"dateModified\":\"2024-03-04T14:22:30+00:00\",\"description\":\"Ru\u010dne pleten\u00e1 \u010diapka z merino vlny, ktor\u00e1 je skvel\u00e1 vo\u013eba na teplej\u0161ie zimn\u00e9 dni a na sychrav\u00e9 jesenn\u00e9 dni. Na jar Ti posl\u00fa\u017ei pri nepriaznivom po\u010das\u00ed.\",\"breadcrumb\":{\"@id\":\"https:\\\/\\\/milujemevlnu.sk\\\/produkt\\\/ciapka-sima-modra-s-fialovou\\\/#breadcrumb\"},\"inLanguage\":\"sk-SK\",\"potentialAction\":[{\"@type\":\"ReadAction\",\"target\":[\"https:\\\/\\\/milujemevlnu.sk\\\/produkt\\\/ciapka-sima-modra-s-fialovou\\\/\"]}]},{\"@type\":\"ImageObject\",\"inLanguage\":\"sk-SK\",\"@id\":\"https:\\\/\\\/milujemevlnu.sk\\\/produkt\\\/ciapka-sima-modra-s-fialovou\\\/#primaryimage\",\"url\":\"https:\\\/\\\/d.r4.wbsprt.com\\\/milujemevlnu.sk\\\/wp-content\\\/uploads\\\/2024\\\/03\\\/IMG-20240224-WA0015-1.jpg\",\"contentUrl\":\"https:\\\/\\\/d.r4.wbsprt.com\\\/milujemevlnu.sk\\\/wp-content\\\/uploads\\\/2024\\\/03\\\/IMG-20240224-WA0015-1.jpg\",\"width\":1500,\"height\":2000},{\"@type\":\"BreadcrumbList\",\"@id\":\"https:\\\/\\\/milujemevlnu.sk\\\/produkt\\\/ciapka-sima-modra-s-fialovou\\\/#breadcrumb\",\"itemListElement\":[{\"@type\":\"ListItem\",\"position\":1,\"name\":\"Domov\",\"item\":\"https:\\\/\\\/milujemevlnu.sk\\\/\"},{\"@type\":\"ListItem\",\"position\":2,\"name\":\"Obchod\",\"item\":\"https:\\\/\\\/milujemevlnu.sk\\\/shop\\\/\"},{\"@type\":\"ListItem\",\"position\":3,\"name\":\"\u010ciapka Sima, modr\u00e1 s fialovou\"}]},{\"@type\":\"WebSite\",\"@id\":\"https:\\\/\\\/milujemevlnu.sk\\\/#website\",\"url\":\"https:\\\/\\\/milujemevlnu.sk\\\/\",\"name\":\"Milujeme vlnu\",\"description\":\"Pr\u00edrodn\u00e9 priadze na pletenie a h\u00e1\u010dkovanie. Ru\u010dne pleten\u00e9 v\u00fdrobky z vlny. \",\"publisher\":{\"@id\":\"https:\\\/\\\/milujemevlnu.sk\\\/#organization\"},\"potentialAction\":[{\"@type\":\"SearchAction\",\"target\":{\"@type\":\"EntryPoint\",\"urlTemplate\":\"https:\\\/\\\/milujemevlnu.sk\\\/?s={search_term_string}\"},\"query-input\":{\"@type\":\"PropertyValueSpecification\",\"valueRequired\":true,\"valueName\":\"search_term_string\"}}],\"inLanguage\":\"sk-SK\"},{\"@type\":\"Organization\",\"@id\":\"https:\\\/\\\/milujemevlnu.sk\\\/#organization\",\"name\":\"Milujeme vlnu\",\"url\":\"https:\\\/\\\/milujemevlnu.sk\\\/\",\"logo\":{\"@type\":\"ImageObject\",\"inLanguage\":\"sk-SK\",\"@id\":\"https:\\\/\\\/milujemevlnu.sk\\\/#\\\/schema\\\/logo\\\/image\\\/\",\"url\":\"https:\\\/\\\/i0.wp.com\\\/milujemevlnu.sk\\\/wp-content\\\/uploads\\\/2024\\\/03\\\/IMG-20240224-WA0023.jpg?fit=1500%2C2000&ssl=1\",\"contentUrl\":\"https:\\\/\\\/i0.wp.com\\\/milujemevlnu.sk\\\/wp-content\\\/uploads\\\/2024\\\/03\\\/IMG-20240224-WA0023.jpg?fit=1500%2C2000&ssl=1\",\"width\":1500,\"height\":2000,\"caption\":\"Milujeme vlnu\"},\"image\":{\"@id\":\"https:\\\/\\\/milujemevlnu.sk\\\/#\\\/schema\\\/logo\\\/image\\\/\"},\"sameAs\":[\"https:\\\/\\\/www.instagram.com\\\/milujemevlnu.sk\\\/\",\"https:\\\/\\\/sk.pinterest.com\\\/milujemevlnu\"]}]}<\/script>\n<!-- \/ Yoast SEO plugin. -->","yoast_head_json":{"title":"\u010ciapka Sima, modr\u00e1 s fialovou - Milujeme vlnu","description":"Ru\u010dne pleten\u00e1 \u010diapka z merino vlny, ktor\u00e1 je skvel\u00e1 vo\u013eba na teplej\u0161ie zimn\u00e9 dni a na sychrav\u00e9 jesenn\u00e9 dni. Na jar Ti posl\u00fa\u017ei pri nepriaznivom po\u010das\u00ed.","robots":{"index":"index","follow":"follow","max-snippet":"max-snippet:-1","max-image-preview":"max-image-preview:large","max-video-preview":"max-video-preview:-1"},"canonical":"https:\/\/milujemevlnu.sk\/produkt\/ciapka-sima-modra-s-fialovou\/","og_locale":"sk_SK","og_type":"article","og_title":"\u010ciapka Sima, modr\u00e1 s fialovou - Milujeme vlnu","og_description":"Ru\u010dne pleten\u00e1 \u010diapka z merino vlny, ktor\u00e1 je skvel\u00e1 vo\u013eba na teplej\u0161ie zimn\u00e9 dni a na sychrav\u00e9 jesenn\u00e9 dni. Na jar Ti posl\u00fa\u017ei pri nepriaznivom po\u010das\u00ed.","og_url":"https:\/\/milujemevlnu.sk\/produkt\/ciapka-sima-modra-s-fialovou\/","og_site_name":"Milujeme vlnu","article_modified_time":"2024-03-04T14:22:30+00:00","og_image":[{"width":1500,"height":2000,"url":"https:\/\/milujemevlnu.sk\/wp-content\/uploads\/2024\/03\/IMG-20240224-WA0015-1.jpg","type":"image\/jpeg"}],"twitter_card":"summary_large_image","twitter_misc":{"Predpokladan\u00fd \u010das \u010d\u00edtania":"2 min\u00faty"},"schema":{"@context":"https:\/\/schema.org","@graph":[{"@type":"WebPage","@id":"https:\/\/milujemevlnu.sk\/produkt\/ciapka-sima-modra-s-fialovou\/","url":"https:\/\/milujemevlnu.sk\/produkt\/ciapka-sima-modra-s-fialovou\/","name":"\u010ciapka Sima, modr\u00e1 s fialovou - Milujeme vlnu","isPartOf":{"@id":"https:\/\/milujemevlnu.sk\/#website"},"primaryImageOfPage":{"@id":"https:\/\/milujemevlnu.sk\/produkt\/ciapka-sima-modra-s-fialovou\/#primaryimage"},"image":{"@id":"https:\/\/milujemevlnu.sk\/produkt\/ciapka-sima-modra-s-fialovou\/#primaryimage"},"thumbnailUrl":"https:\/\/d.r4.wbsprt.com\/milujemevlnu.sk\/wp-content\/uploads\/2024\/03\/IMG-20240224-WA0015-1.jpg","datePublished":"2024-03-04T14:22:29+00:00","dateModified":"2024-03-04T14:22:30+00:00","description":"Ru\u010dne pleten\u00e1 \u010diapka z merino vlny, ktor\u00e1 je skvel\u00e1 vo\u013eba na teplej\u0161ie zimn\u00e9 dni a na sychrav\u00e9 jesenn\u00e9 dni. Na jar Ti posl\u00fa\u017ei pri nepriaznivom po\u010das\u00ed.","breadcrumb":{"@id":"https:\/\/milujemevlnu.sk\/produkt\/ciapka-sima-modra-s-fialovou\/#breadcrumb"},"inLanguage":"sk-SK","potentialAction":[{"@type":"ReadAction","target":["https:\/\/milujemevlnu.sk\/produkt\/ciapka-sima-modra-s-fialovou\/"]}]},{"@type":"ImageObject","inLanguage":"sk-SK","@id":"https:\/\/milujemevlnu.sk\/produkt\/ciapka-sima-modra-s-fialovou\/#primaryimage","url":"https:\/\/d.r4.wbsprt.com\/milujemevlnu.sk\/wp-content\/uploads\/2024\/03\/IMG-20240224-WA0015-1.jpg","contentUrl":"https:\/\/d.r4.wbsprt.com\/milujemevlnu.sk\/wp-content\/uploads\/2024\/03\/IMG-20240224-WA0015-1.jpg","width":1500,"height":2000},{"@type":"BreadcrumbList","@id":"https:\/\/milujemevlnu.sk\/produkt\/ciapka-sima-modra-s-fialovou\/#breadcrumb","itemListElement":[{"@type":"ListItem","position":1,"name":"Domov","item":"https:\/\/milujemevlnu.sk\/"},{"@type":"ListItem","position":2,"name":"Obchod","item":"https:\/\/milujemevlnu.sk\/shop\/"},{"@type":"ListItem","position":3,"name":"\u010ciapka Sima, modr\u00e1 s fialovou"}]},{"@type":"WebSite","@id":"https:\/\/milujemevlnu.sk\/#website","url":"https:\/\/milujemevlnu.sk\/","name":"Milujeme vlnu","description":"Pr\u00edrodn\u00e9 priadze na pletenie a h\u00e1\u010dkovanie. Ru\u010dne pleten\u00e9 v\u00fdrobky z vlny. ","publisher":{"@id":"https:\/\/milujemevlnu.sk\/#organization"},"potentialAction":[{"@type":"SearchAction","target":{"@type":"EntryPoint","urlTemplate":"https:\/\/milujemevlnu.sk\/?s={search_term_string}"},"query-input":{"@type":"PropertyValueSpecification","valueRequired":true,"valueName":"search_term_string"}}],"inLanguage":"sk-SK"},{"@type":"Organization","@id":"https:\/\/milujemevlnu.sk\/#organization","name":"Milujeme vlnu","url":"https:\/\/milujemevlnu.sk\/","logo":{"@type":"ImageObject","inLanguage":"sk-SK","@id":"https:\/\/milujemevlnu.sk\/#\/schema\/logo\/image\/","url":"https:\/\/i0.wp.com\/milujemevlnu.sk\/wp-content\/uploads\/2024\/03\/IMG-20240224-WA0023.jpg?fit=1500%2C2000&ssl=1","contentUrl":"https:\/\/i0.wp.com\/milujemevlnu.sk\/wp-content\/uploads\/2024\/03\/IMG-20240224-WA0023.jpg?fit=1500%2C2000&ssl=1","width":1500,"height":2000,"caption":"Milujeme vlnu"},"image":{"@id":"https:\/\/milujemevlnu.sk\/#\/schema\/logo\/image\/"},"sameAs":["https:\/\/www.instagram.com\/milujemevlnu.sk\/","https:\/\/sk.pinterest.com\/milujemevlnu"]}]}},"_links":{"self":[{"href":"https:\/\/d.r4.wbsprt.com\/milujemevlnu.sk\/wp-json\/wp\/v2\/product\/3058","targetHints":{"allow":["GET"]}}],"collection":[{"href":"https:\/\/d.r4.wbsprt.com\/milujemevlnu.sk\/wp-json\/wp\/v2\/product"}],"about":[{"href":"https:\/\/d.r4.wbsprt.com\/milujemevlnu.sk\/wp-json\/wp\/v2\/types\/product"}],"replies":[{"embeddable":true,"href":"https:\/\/d.r4.wbsprt.com\/milujemevlnu.sk\/wp-json\/wp\/v2\/comments?post=3058"}],"wp:featuredmedia":[{"embeddable":true,"href":"https:\/\/d.r4.wbsprt.com\/milujemevlnu.sk\/wp-json\/wp\/v2\/media\/3059"}],"wp:attachment":[{"href":"https:\/\/d.r4.wbsprt.com\/milujemevlnu.sk\/wp-json\/wp\/v2\/media?parent=3058"}],"wp:term":[{"taxonomy":"product_brand","embeddable":true,"href":"https:\/\/d.r4.wbsprt.com\/milujemevlnu.sk\/wp-json\/wp\/v2\/product_brand?post=3058"},{"taxonomy":"product_cat","embeddable":true,"href":"https:\/\/d.r4.wbsprt.com\/milujemevlnu.sk\/wp-json\/wp\/v2\/product_cat?post=3058"},{"taxonomy":"product_tag","embeddable":true,"href":"https:\/\/d.r4.wbsprt.com\/milujemevlnu.sk\/wp-json\/wp\/v2\/product_tag?post=3058"}],"curies":[{"name":"wp","href":"https:\/\/api.w.org\/{rel}","templated":true}]}}