{"id":4020,"date":"2024-11-20T18:52:00","date_gmt":"2024-11-20T17:52:00","guid":{"rendered":"https:\/\/www.mojesebepoznani.cz\/?post_type=mentor&#038;p=4020"},"modified":"2026-02-17T08:24:13","modified_gmt":"2026-02-17T07:24:13","slug":"karel-svoboda-nakladatel-bohemica-books","status":"publish","type":"mentor","link":"https:\/\/d.r4.wbsprt.com\/mojesebepoznani.cz\/mentor\/karel-svoboda-nakladatel-bohemica-books\/","title":{"rendered":"Karel Svoboda"},"content":{"rendered":"\n<p class=\"wp-block-paragraph\"><strong>Karel Svoboda: Od cateringu k nakladatelstv\u00ed \u2013 p\u0159\u00edb\u011bh mu\u017ee, kter\u00fd m\u011bn\u00ed \u010deskou liter\u00e1rn\u00ed sc\u00e9nu<\/strong><\/p>\n\n\n\n<h2 class=\"wp-block-heading\"><strong>Cesta ke knih\u00e1m a vydavatelsk\u00e9 \u010dinnosti<\/strong><\/h2>\n\n\n\n<p class=\"wp-block-paragraph\">Karel Svoboda je dnes zn\u00e1m jako <strong>\u010desk\u00fd nakladatel a spoluzakladatel nakladatelstv\u00ed Bohemica Books<\/strong>, ale jeho cesta do sv\u011bta knih nebyla p\u0159\u00edm\u00e1. P\u016fvodn\u011b p\u016fsobil v oblasti <strong>cateringu<\/strong>, ne\u017e se rozhodl naplno v\u011bnovat literatu\u0159e. Jeho v\u00e1\u0161e\u0148 pro <strong>osobn\u00ed rozvoj a knihy s pozitivn\u00edm p\u0159esahem<\/strong> ho p\u0159ivedla ke kni\u017en\u00ed produkci, v n\u00ed\u017e vid\u011bl nejen podnik\u00e1n\u00ed, ale i <strong>\u017eivotn\u00ed posl\u00e1n\u00ed<\/strong>. Karel v\u011b\u0159\u00ed, \u017ee knihy maj\u00ed <strong>moc formovat my\u0161len\u00ed, inspirovat lidi a pom\u00e1hat jim nal\u00e9zt smysl \u017eivota<\/strong>.<\/p>\n\n\n\n<p class=\"wp-block-paragraph\">V roce 2018 zalo\u017eil nakladatelstv\u00ed <strong>KNIHA.JE<\/strong>, kter\u00e9 se soust\u0159edilo na publikov\u00e1n\u00ed <strong>nepublikovan\u00fdch d\u011bl \u010desk\u00fdch autor\u016f<\/strong>, zejm\u00e9na humoristick\u00e9 literatury. <\/p>\n\n\n\n<p class=\"wp-block-paragraph\">\u201e<em>Chceme vyd\u00e1vat d\u00edla dosud nevydan\u00e1 sou\u010dasn\u00fdch \u010desk\u00fdch autor\u016f\u2026 p\u0159edev\u0161\u00edm humoristick\u00e9 rom\u00e1ny. Proto\u017ee kdy\u017e se lid\u00e9 usm\u00edvaj\u00ed, sv\u011bt je hez\u010d\u00ed,<\/em>\u201c uvedl tehdy Svoboda. S touto my\u0161lenkou vstoupil do kni\u017en\u00edho trhu s c\u00edlem <strong>p\u0159in\u00e1\u0161et \u010dten\u00e1\u0159\u016fm radost, inspiraci a pozitivn\u00ed energii<\/strong>.<\/p>\n\n\n\n<p class=\"wp-block-paragraph\">Nejv\u00fdznamn\u011bj\u0161\u00ed roli v\u0161ak sehr\u00e1lo nakladatelstv\u00ed <strong>Bohemica Books<\/strong>, kter\u00e9 zalo\u017eil s kolegou Romanem St\u0159\u00edbrn\u00fdm. Jeho c\u00edlem bylo <strong>propojovat sv\u011bt literatury s osobn\u00edm rozvojem a lidskost\u00ed<\/strong>. Bohemica Books se postupn\u011b stala platformou nejen pro vyd\u00e1v\u00e1n\u00ed knih, ale i pro <strong>seberealizaci autor\u016f a \u010dten\u00e1\u0159\u016f hledaj\u00edc\u00edch inspiraci<\/strong>. Vydavatelstv\u00ed si z\u00edskalo sv\u00e9 m\u00edsto na trhu nejen d\u00edky d\u016fsledn\u00e9 podpo\u0159e \u010desk\u00fdch autor\u016f, ale tak\u00e9 d\u00edky propojen\u00ed <strong>literatury s filozofi\u00ed v\u011bdom\u00e9ho \u017eivota<\/strong>.<\/p>\n\n\n\n<h2 class=\"wp-block-heading\"><strong>Vize a sm\u011b\u0159ov\u00e1n\u00ed Bohemica Books<\/strong><\/h2>\n\n\n\n<p class=\"wp-block-paragraph\">Bohemica Books se od za\u010d\u00e1tku profilovala jako nakladatelstv\u00ed s <strong>\u0161irok\u00fdm z\u00e1b\u011brem<\/strong> \u2013 vyd\u00e1v\u00e1 beletrii, poezii, d\u011btskou literaturu, ale i popul\u00e1rn\u011b-nau\u010dn\u00e9 tituly \u010di p\u0159eklady zahrani\u010dn\u00edch autor\u016f. Kl\u00ed\u010dov\u00fdm aspektem je nejen <strong>podpora \u010desk\u00e9 tvorby v zahrani\u010d\u00ed, ale tak\u00e9 p\u0159in\u00e1\u0161en\u00ed inspirativn\u00edch d\u011bl sv\u011btov\u00e9 literatury do \u010ceska<\/strong>. Karel Svoboda se neust\u00e1le sna\u017e\u00ed <strong>propojovat autory, \u010dten\u00e1\u0159e a odborn\u00edky<\/strong>, aby vytv\u00e1\u0159eli prostor pro nov\u00e9 <strong>p\u0159\u00edb\u011bhy, my\u0161lenky a hodnoty<\/strong>, kter\u00e9 obohacuj\u00ed liter\u00e1rn\u00ed sv\u011bt.<\/p>\n\n\n\n<p class=\"wp-block-paragraph\">Mezi v\u00fdznamn\u00e9 tituly pat\u0159\u00ed nap\u0159\u00edklad <strong>knihy americk\u00e9ho mystika Davida R. Hawkinse<\/strong> (\u201eNechat j\u00edt\u201c, \u201eL\u00e9\u010den\u00ed a uzdraven\u00ed\u201c), <strong>B\u00edl\u00e1 kniha spiritu\u00e1ln\u00edho u\u010ditele Ramthy<\/strong> nebo praktick\u00e1 p\u0159\u00edru\u010dka <strong>D\u011btsk\u00fd vztek od Marie Ant\u00f3nie Rado<\/strong>. Karel Svoboda t\u00edmto p\u0159\u00edstupem roz\u0161i\u0159uje \u010deskou liter\u00e1rn\u00ed sc\u00e9nu o <strong>knihy s hlub\u0161\u00edm poselstv\u00edm<\/strong>, kter\u00e9 pom\u00e1haj\u00ed \u010dten\u00e1\u0159\u016fm <strong>nal\u00e9zt odpov\u011bdi na ot\u00e1zky \u017eivota, v\u011bdom\u00ed a duchovn\u00edho r\u016fstu<\/strong>.<\/p>\n\n\n\n<p class=\"wp-block-paragraph\">Karel v\u011b\u0159\u00ed, \u017ee knihy maj\u00ed s\u00edlu <strong>m\u011bnit my\u0161len\u00ed, inspirovat a p\u0159in\u00e1\u0161et nov\u00e9 pohledy na realitu<\/strong>. Proto Bohemica Books aktivn\u011b spolupracuje s autory, kte\u0159\u00ed se v\u011bnuj\u00ed <strong>spiritualit\u011b, osobn\u00edmu rozvoji a v\u011bdom\u00e9mu \u017eivotu<\/strong>, \u010d\u00edm\u017e roz\u0161i\u0159uje \u010dten\u00e1\u0159\u016fm obzory a pom\u00e1h\u00e1 jim hledat jejich vlastn\u00ed cestu. Krom\u011b vyd\u00e1v\u00e1n\u00ed knih po\u0159\u00e1d\u00e1 tak\u00e9 <strong>semin\u00e1\u0159e, autorsk\u00e1 \u010dten\u00ed a setk\u00e1n\u00ed s inspirativn\u00edmi osobnostmi<\/strong>, kter\u00e9 p\u0159isp\u00edvaj\u00ed k rozvoji komunity kolem Bohemica Books.<\/p>\n\n\n\n<h2 class=\"wp-block-heading\"><strong>Experimenty a nov\u00e9 form\u00e1ty<\/strong><\/h2>\n\n\n\n<p class=\"wp-block-paragraph\">Karel Svoboda se neb\u00e1l <strong>experimentovat s nov\u00fdmi form\u00e1ty<\/strong>. V roce 2022 se pod\u00edlel na vzniku unik\u00e1tn\u00ed publikace <strong>Jan \u017di\u017eka \u2013 P\u0159\u00edb\u011bh filmu Petra J\u00e1kla<\/strong>, kter\u00e1 propojuje <strong>tradi\u010dn\u00ed kni\u017en\u00ed m\u00e9dium s roz\u0161\u00ed\u0159enou realitou<\/strong>. Pomoc\u00ed mobiln\u00ed aplikace mohou \u010dten\u00e1\u0159i vid\u011bt filmov\u00e9 sc\u00e9ny, prozkoumat kost\u00fdmy a z\u00edskat interaktivn\u00ed z\u00e1\u017eitek.<\/p>\n\n\n\n<p class=\"wp-block-paragraph\">Krom\u011b toho Svoboda organizuje <strong>autorsk\u00e1 setk\u00e1n\u00ed \u201eNa Knoblo\u0161ce\u201c<\/strong>, kde do sv\u00e9ho venkovsk\u00e9ho s\u00eddla zve spisovatele a inspirativn\u00ed osobnosti ke spole\u010dn\u00fdm diskuz\u00edm o literatu\u0159e a \u017eivotn\u00edch t\u00e9matech. Tyto besedy jsou \u010dasto dostupn\u00e9 i online a podporuj\u00ed <strong>sd\u00edlen\u00ed my\u0161lenek a duchovn\u00ed r\u016fst<\/strong>. Setk\u00e1n\u00ed \u201eNa Knoblo\u0161ce\u201c se stala prostorem pro vz\u00e1jemn\u00e9 sd\u00edlen\u00ed a hlubok\u00e9 diskuse o smyslu \u017eivota, kreativn\u00edm procesu a duchovn\u00ed cest\u011b.<\/p>\n\n\n\n<h2 class=\"wp-block-heading\"><strong>Osobn\u00ed cesta a \u017eivotn\u00ed filozofie<\/strong><\/h2>\n\n\n\n<p class=\"wp-block-paragraph\">Svobod\u016fv osobn\u00ed \u017eivot je pevn\u011b propojen s hodnotami, kter\u00e9 prosazuje skrze svou pr\u00e1ci. V minulosti pro\u0161el <strong>zdravotn\u00edmi probl\u00e9my<\/strong>, kter\u00e9 ho p\u0159ivedly k hlub\u0161\u00edmu sebepozn\u00e1n\u00ed a hled\u00e1n\u00ed <strong>vnit\u0159n\u00ed rovnov\u00e1hy<\/strong>. Vytvo\u0159il si vlastn\u00ed <strong>ozdravn\u00fd pop\u011bvek<\/strong>, kter\u00fd mu pom\u00e1hal p\u0159ekonat t\u011b\u017ek\u00e9 obdob\u00ed: \u201e<strong>Ka\u017ed\u00e1 bu\u0148ka v t\u011ble m\u00e9m napln\u011bn\u00e1 je sv\u011btlem\u2026<\/strong>\u201c<\/p>\n\n\n\n<p class=\"wp-block-paragraph\">Velkou roli v jeho uzdraven\u00ed hr\u00e1la i <strong>praxe vd\u011b\u010dnosti<\/strong>. Karel zd\u016fraz\u0148uje, \u017ee <strong>p\u011bstov\u00e1n\u00ed vd\u011b\u010dnosti jako ka\u017edodenn\u00edho n\u00e1vyku<\/strong> p\u0159in\u00e1\u0161\u00ed <strong>klid, vyrovnanost a schopnost \u010delit v\u00fdzv\u00e1m \u017eivota<\/strong>. Tento p\u0159\u00edstup prom\u00edt\u00e1 i do sv\u00e9 nakladatelsk\u00e9 filozofie \u2013 <strong>vyd\u00e1vat knihy, kter\u00e9 maj\u00ed s\u00edlu inspirovat a m\u011bnit \u017eivoty<\/strong>.<\/p>\n\n\n\n<p class=\"wp-block-paragraph\">Karel \u010dasto hovo\u0159\u00ed o <strong>propojen\u00ed vnit\u0159n\u00edho a vn\u011bj\u0161\u00edho sv\u011bta<\/strong>, kter\u00e9 pova\u017euje za kl\u00ed\u010dov\u00fd aspekt lidsk\u00e9ho \u017eivota. Jeho \u017eivotn\u00ed filozofie se odr\u00e1\u017e\u00ed v jeho pr\u00e1ci, kde propojuje <strong>literaturu, duchovn\u00ed r\u016fst a inspiraci pro ka\u017edodenn\u00ed \u017eivot<\/strong>.<\/p>\n\n\n\n<p class=\"wp-block-paragraph\">\u201e<em>D\u011bkuji, d\u011bkuji, d\u011bkuji! Vd\u011b\u010dnost m\u00e1 obrovskou s\u00edlu,<\/em>\u201c \u0159\u00edk\u00e1 \u010dasto jako sv\u00e9 motto. Karel tak nejen vyd\u00e1v\u00e1 knihy, ale <strong>skrze n\u011b \u0161\u00ed\u0159\u00ed my\u0161lenky, kter\u00e9 mohou pomoci \u010dten\u00e1\u0159\u016fm naj\u00edt vlastn\u00ed cestu k sebepozn\u00e1n\u00ed a duchovn\u00edmu r\u016fstu<\/strong>. Jeho p\u0159\u00edb\u011bh ukazuje, \u017ee <strong>ka\u017ed\u00fd \u017eivotn\u00ed obrat m\u016f\u017ee b\u00fdt za\u010d\u00e1tkem nov\u00e9 inspirativn\u00ed cesty<\/strong>, pokud m\u00e1me odvahu naslouchat sv\u00e9mu srdci a n\u00e1sledovat sv\u016fj vnit\u0159n\u00ed hlas.<\/p>\n\n\n\n<p class=\"wp-block-paragraph\">D\u00edky sv\u00e9mu odhodl\u00e1n\u00ed, inovativn\u00edmu p\u0159\u00edstupu a hlubok\u00e9 l\u00e1sce k literatu\u0159e se Karel Svoboda stal jednou z kl\u00ed\u010dov\u00fdch osobnost\u00ed \u010desk\u00e9ho kni\u017en\u00edho trhu. Jeho p\u0159\u00edb\u011bh je d\u016fkazem toho, \u017ee <strong>v\u00e1\u0161e\u0148, vytrvalost a v\u00edra ve smysluplnou pr\u00e1ci mohou zm\u011bnit nejen individu\u00e1ln\u00ed osud, ale i celou kulturn\u00ed sc\u00e9nu<\/strong>.<\/p>\n\n\n\n<h2 class=\"wp-block-heading\">Karla Svobodu naleznete na t\u011bchto zdroj\u00edch:<\/h2>\n\n\n\n<ul class=\"wp-block-list\">\n<li>Luk\u00e1\u0161 Eder: <em>Pozitivn\u00ed pop\u011bvek, kter\u00fd uzdravil Karla Svobodu: Neuv\u011b\u0159iteln\u00fd p\u0159\u00edb\u011bh inspiruje tis\u00edce \u010cech\u016f<\/em> (FirstClass.cz, 2024)<\/li>\n\n\n\n<li>Kate\u0159ina Hutyrov\u00e1: <em>Nov\u00e9 nakladatelstv\u00ed KNIHA.JE chce vyd\u00e1vat p\u0159edev\u0161\u00edm humoristick\u00e9 rom\u00e1ny<\/em> (Kultura21.cz, 21. 1. 2019)\u200b<\/li>\n\n\n\n<li>Ve\u010dern\u00ed Praha: <em>Nakladatelstv\u00ed Bohemica Books p\u0159edstavilo zaj\u00edmav\u00e9 knihy i v\u00fdjime\u010dn\u00e9ho autora<\/em> (22. 3. 2023)\u200b<\/li>\n\n\n\n<li>BohemicaBooks.com: <em>Na Knoblo\u0161ce<\/em> \u2013 ofici\u00e1ln\u00ed str\u00e1nky nakladatelstv\u00ed (2019\u20132023) \u200b<a href=\"https:\/\/www.bohemicabooks.com\/o-nas\/na-knoblozce\/\" data-type=\"link\" data-id=\"https:\/\/www.bohemicabooks.com\/o-nas\/na-knoblozce\/\" target=\"_blank\" rel=\"noreferrer noopener nofollow\">bohemicabooks.com<\/a><\/li>\n\n\n\n<li>Youtube kan\u00e1l <a href=\"https:\/\/www.youtube.com\/@NaKnoblosce\" data-type=\"link\" data-id=\"https:\/\/www.youtube.com\/@NaKnoblosce\" rel=\"nofollow noopener\" target=\"_blank\">Na Knoblo\u0161ce<\/a> <\/li>\n\n\n\n<li>BrainMarket.cz: Profil nakladatelstv\u00ed Bohemica Books (Pravda.Je)\u200b <a href=\"https:\/\/www.brainmarket.cz\/znacka\/pravda-je\/\" target=\"_blank\" data-type=\"link\" data-id=\"https:\/\/www.brainmarket.cz\/znacka\/pravda-je\/\" rel=\"noreferrer noopener nofollow\">brainmarket.cz<\/a><\/li>\n\n\n\n<li>Kosmas.cz \u2013 detail knihy <em>Jan \u017di\u017eka \u2013 P\u0159\u00edb\u011bh filmu Petra J\u00e1kla<\/em> (Bohemica Books, 2022)\u200b <a href=\"https:\/\/www.kosmas.cz\/knihy\/513478\/jan-zizka-pribeh-filmu-petra-jakla\/\" data-type=\"link\" data-id=\"https:\/\/www.kosmas.cz\/knihy\/513478\/jan-zizka-pribeh-filmu-petra-jakla\/\" target=\"_blank\" rel=\"noreferrer noopener nofollow\">kosmas.cz<\/a><\/li>\n<\/ul>\n\n\n\n<p class=\"wp-block-paragraph\"><\/p>\n","protected":false},"excerpt":{"rendered":"<p>Karel Svoboda: Od cateringu k nakladatelstv\u00ed \u2013 p\u0159\u00edb\u011bh mu\u017ee, kter\u00fd m\u011bn\u00ed \u010deskou liter\u00e1rn\u00ed sc\u00e9nu Cesta ke knih\u00e1m a vydavatelsk\u00e9 \u010dinnosti Karel Svoboda je dnes zn\u00e1m jako \u010desk\u00fd nakladatel a spoluzakladatel nakladatelstv\u00ed Bohemica Books, ale jeho cesta do sv\u011bta knih nebyla p\u0159\u00edm\u00e1. P\u016fvodn\u011b p\u016fsobil v oblasti cateringu, ne\u017e se rozhodl naplno v\u011bnovat literatu\u0159e. Jeho v\u00e1\u0161e\u0148 pro [&hellip;]<\/p>\n","protected":false},"author":19,"featured_media":4021,"menu_order":0,"comment_status":"open","ping_status":"open","template":"","format":"standard","meta":{"footnotes":""},"class_list":["post-4020","mentor","type-mentor","status-publish","format-standard","has-post-thumbnail"],"_links":{"self":[{"href":"https:\/\/d.r4.wbsprt.com\/mojesebepoznani.cz\/wp-json\/wp\/v2\/mentor\/4020","targetHints":{"allow":["GET"]}}],"collection":[{"href":"https:\/\/d.r4.wbsprt.com\/mojesebepoznani.cz\/wp-json\/wp\/v2\/mentor"}],"about":[{"href":"https:\/\/d.r4.wbsprt.com\/mojesebepoznani.cz\/wp-json\/wp\/v2\/types\/mentor"}],"author":[{"embeddable":true,"href":"https:\/\/d.r4.wbsprt.com\/mojesebepoznani.cz\/wp-json\/wp\/v2\/users\/19"}],"replies":[{"embeddable":true,"href":"https:\/\/d.r4.wbsprt.com\/mojesebepoznani.cz\/wp-json\/wp\/v2\/comments?post=4020"}],"version-history":[{"count":2,"href":"https:\/\/d.r4.wbsprt.com\/mojesebepoznani.cz\/wp-json\/wp\/v2\/mentor\/4020\/revisions"}],"predecessor-version":[{"id":5746,"href":"https:\/\/d.r4.wbsprt.com\/mojesebepoznani.cz\/wp-json\/wp\/v2\/mentor\/4020\/revisions\/5746"}],"wp:featuredmedia":[{"embeddable":true,"href":"https:\/\/d.r4.wbsprt.com\/mojesebepoznani.cz\/wp-json\/wp\/v2\/media\/4021"}],"wp:attachment":[{"href":"https:\/\/d.r4.wbsprt.com\/mojesebepoznani.cz\/wp-json\/wp\/v2\/media?parent=4020"}],"curies":[{"name":"wp","href":"https:\/\/api.w.org\/{rel}","templated":true}]}}