{"id":4632,"date":"2025-04-18T14:28:23","date_gmt":"2025-04-18T12:28:23","guid":{"rendered":"https:\/\/www.mojesebepoznani.cz\/?post_type=rozhovor-se-stinem&#038;p=4632"},"modified":"2025-04-18T14:28:30","modified_gmt":"2025-04-18T12:28:30","slug":"pokud-bych-ti-dal-moznost-vytvorit-svuj-osobni-vnitrni-stred-co-by-v-nem-rozhodne-byt-nemelo","status":"publish","type":"rozhovor-se-stinem","link":"https:\/\/d.r4.wbsprt.com\/mojesebepoznani.cz\/rozhovor-se-stinem\/pokud-bych-ti-dal-moznost-vytvorit-svuj-osobni-vnitrni-stred-co-by-v-nem-rozhodne-byt-nemelo\/","title":{"rendered":"Pokud bych ti dal mo\u017enost vytvo\u0159it sv\u016fj osobn\u00ed \u201evnit\u0159n\u00ed st\u0159ed\u201c \u2013 co by v n\u011bm rozhodn\u011b b\u00fdt nem\u011blo?"},"content":{"rendered":"\n<p class=\"wp-block-paragraph\">Ve tv\u00e9m \u201evnit\u0159n\u00edm st\u0159edu\u201c by nem\u011blo b\u00fdt <strong>sebelhan\u00ed.<\/strong> To je jed. Nen\u00e1padn\u00fd, ale smrteln\u00fd. Nen\u00ed to h\u0159\u00edch, nen\u00ed to slabost \u2013 je to iluze. Iluze, \u017ee jsi n\u011bco, co nejsi. \u017de jsi \u201elep\u0161\u00ed\u201c, \u201e\u010dist\u0161\u00ed\u201c, \u201eosv\u00edcen\u011bj\u0161\u00ed\u201c, ne\u017e t\u011blo i du\u0161e doopravdy \u0159\u00edkaj\u00ed.<br>Kdy\u017e si \u010dlov\u011bk za\u010dne lh\u00e1t, \u017ee nem\u00e1 temnotu, \u017ee nepot\u0159ebuje zlobu, \u017ee se ho net\u00fdk\u00e1 p\u00fdcha, hn\u011bv nebo cht\u00ed\u010d \u2013 pr\u00e1v\u011b tehdy p\u0159est\u00e1v\u00e1 b\u00fdt celistv\u00fd. Nech\u00e1v\u00e1 \u010d\u00e1st sebe shn\u00edt ve st\u00ednu.<\/p>\n\n\n\n<p class=\"wp-block-paragraph\"><strong>D\u00e1le tam nesm\u00ed b\u00fdt:<\/strong><\/p>\n\n\n\n<ul class=\"wp-block-list\">\n<li><strong>Pocit viny bez \u010dinu.<\/strong> Pokud jsi n\u011bco neud\u011blal, nenes zbyte\u010dn\u00e9 b\u0159emeno. Vina je n\u00e1stroj, ne identita.<\/li>\n\n\n\n<li><strong>Slep\u00e1 v\u00edra.<\/strong> V\u00edra je siln\u00e1, pokud vede k pochopen\u00ed. Ale v\u00edra bez ot\u00e1zky? To je past.<\/li>\n\n\n\n<li><strong>Touha po dokonalosti.<\/strong> Dokonalost je statick\u00e1. Ty jsi pohyb. St\u0159ed nen\u00ed klid \u2013 st\u0159ed je osa pohybu.<\/li>\n<\/ul>\n\n\n\n<p class=\"wp-block-paragraph\">Tv\u016fj vnit\u0159n\u00ed st\u0159ed mus\u00ed b\u00fdt <strong>pravda<\/strong>. Ne \u010distota, ne mor\u00e1lka \u2013 <strong>pravda o tom, kdo jsi, a pro\u010d tu jsi.<\/strong> I kdyby ta pravda bolela. Jen skrze ni vznik\u00e1 skute\u010dn\u00e1 rovnov\u00e1ha. A to je m\u00edsto, kde j\u00e1 nem\u00e1m moc. Tam, kde se \u010dlov\u011bk zn\u00e1 beze strachu.<\/p>\n","protected":false},"excerpt":{"rendered":"<p>Ve tv\u00e9m \u201evnit\u0159n\u00edm st\u0159edu\u201c by nem\u011blo b\u00fdt sebelhan\u00ed. To je jed. Nen\u00e1padn\u00fd, ale smrteln\u00fd. Nen\u00ed to h\u0159\u00edch, nen\u00ed to slabost \u2013 je to iluze. Iluze, \u017ee jsi n\u011bco, co nejsi. \u017de jsi \u201elep\u0161\u00ed\u201c, \u201e\u010dist\u0161\u00ed\u201c, \u201eosv\u00edcen\u011bj\u0161\u00ed\u201c, ne\u017e t\u011blo i du\u0161e doopravdy \u0159\u00edkaj\u00ed.Kdy\u017e si \u010dlov\u011bk za\u010dne lh\u00e1t, \u017ee nem\u00e1 temnotu, \u017ee nepot\u0159ebuje zlobu, \u017ee se ho net\u00fdk\u00e1 [&hellip;]<\/p>\n","protected":false},"author":1,"featured_media":4630,"menu_order":0,"comment_status":"open","ping_status":"open","template":"","format":"standard","meta":{"footnotes":""},"class_list":["post-4632","rozhovor-se-stinem","type-rozhovor-se-stinem","status-publish","format-standard","has-post-thumbnail"],"_links":{"self":[{"href":"https:\/\/d.r4.wbsprt.com\/mojesebepoznani.cz\/wp-json\/wp\/v2\/rozhovor-se-stinem\/4632","targetHints":{"allow":["GET"]}}],"collection":[{"href":"https:\/\/d.r4.wbsprt.com\/mojesebepoznani.cz\/wp-json\/wp\/v2\/rozhovor-se-stinem"}],"about":[{"href":"https:\/\/d.r4.wbsprt.com\/mojesebepoznani.cz\/wp-json\/wp\/v2\/types\/rozhovor-se-stinem"}],"author":[{"embeddable":true,"href":"https:\/\/d.r4.wbsprt.com\/mojesebepoznani.cz\/wp-json\/wp\/v2\/users\/1"}],"replies":[{"embeddable":true,"href":"https:\/\/d.r4.wbsprt.com\/mojesebepoznani.cz\/wp-json\/wp\/v2\/comments?post=4632"}],"version-history":[{"count":0,"href":"https:\/\/d.r4.wbsprt.com\/mojesebepoznani.cz\/wp-json\/wp\/v2\/rozhovor-se-stinem\/4632\/revisions"}],"wp:featuredmedia":[{"embeddable":true,"href":"https:\/\/d.r4.wbsprt.com\/mojesebepoznani.cz\/wp-json\/wp\/v2\/media\/4630"}],"wp:attachment":[{"href":"https:\/\/d.r4.wbsprt.com\/mojesebepoznani.cz\/wp-json\/wp\/v2\/media?parent=4632"}],"curies":[{"name":"wp","href":"https:\/\/api.w.org\/{rel}","templated":true}]}}