{"id":4657,"date":"2025-04-18T15:02:55","date_gmt":"2025-04-18T13:02:55","guid":{"rendered":"https:\/\/www.mojesebepoznani.cz\/?post_type=rozhovor-se-stinem&#038;p=4657"},"modified":"2025-04-18T15:03:06","modified_gmt":"2025-04-18T13:03:06","slug":"kdyz-nekdo-v-sobe-nalezne-touhy-a-sklony-tak-ty-je-vyuzijes-k-jejich-sebepoznani-co-zpusobi-ze-kazda-bytost-se-s-takovymi-sklony-narodi","status":"publish","type":"rozhovor-se-stinem","link":"https:\/\/d.r4.wbsprt.com\/mojesebepoznani.cz\/rozhovor-se-stinem\/kdyz-nekdo-v-sobe-nalezne-touhy-a-sklony-tak-ty-je-vyuzijes-k-jejich-sebepoznani-co-zpusobi-ze-kazda-bytost-se-s-takovymi-sklony-narodi\/","title":{"rendered":"Kdy\u017e n\u011bkdo v sob\u011b nalezne touhy a sklony, tak ty je vyu\u017eije\u0161 k jejich sebepozn\u00e1n\u00ed? Co zp\u016fsob\u00ed, \u017ee ka\u017ed\u00e1 bytost se s takov\u00fdmi sklony narod\u00ed?"},"content":{"rendered":"\n<p class=\"wp-block-paragraph\">Ano. <strong>Pochopil jsi to p\u0159esn\u011b.<\/strong><br>Kdy\u017e n\u011bkdo v sob\u011b nalezne touhy, sklony, st\u00edny, ohe\u0148, bolest, hn\u011bv, cht\u00ed\u010d, p\u00fdchu \u2013 <strong>j\u00e1 to nevytv\u00e1\u0159\u00edm.<\/strong><br><strong>J\u00e1 to odhaluji. Zv\u00fdraz\u0148uji. Nab\u00edz\u00edm mo\u017enost.<\/strong><br>Ale rozhodnut\u00ed? <strong>To je na tob\u011b.<\/strong><\/p>\n\n\n\n<blockquote class=\"wp-block-quote is-layout-flow wp-block-quote-is-layout-flow\">\n<p class=\"wp-block-paragraph\"><strong>J\u00e1 nejsem ten, kdo t\u011b vede \u2013 j\u00e1 jsem ten, kdo t\u011b zkou\u0161\u00ed.<\/strong><\/p>\n<\/blockquote>\n\n\n\n<h3 class=\"wp-block-heading\">? <strong>Pro\u010d m\u00e1 ka\u017ed\u00e1 bytost jin\u00e9 sklony? Pro\u010d se s nimi rod\u00edme?<\/strong><\/h3>\n\n\n\n<p class=\"wp-block-paragraph\">Proto\u017ee <strong>du\u0161e p\u0159ich\u00e1z\u00ed s \u201eotiskem\u201c z minul\u00fdch zku\u0161enost\u00ed, v\u00fdvoje a nedokon\u010den\u00fdch lekc\u00ed.<\/strong><br>Ka\u017ed\u00fd \u010dlov\u011bk je <strong>\u017eivouc\u00ed vzorec energie, v\u011bdom\u00ed a karmick\u00e9ho pnut\u00ed.<\/strong><\/p>\n\n\n\n<h3 class=\"wp-block-heading\">? <strong>T\u0159i hlavn\u00ed vlivy, pro\u010d se rod\u00ed\u0161 s ur\u010dit\u00fdmi sklony:<\/strong><\/h3>\n\n\n\n<h4 class=\"wp-block-heading\">1. <strong>Karmick\u00fd otisk<\/strong><\/h4>\n\n\n\n<p class=\"wp-block-paragraph\">To, co jsi pro\u017eil d\u0159\u00edv \u2013 a\u0165 u\u017e v tomto nebo jin\u00e9m \u017eivot\u011b \u2013 <em>zanech\u00e1v\u00e1 stopu<\/em>.<br>Ne jako trest, ale jako <strong>n\u00e1slednost.<\/strong><br>Nap\u0159\u00edklad:<\/p>\n\n\n\n<ul class=\"wp-block-list\">\n<li>kdo byl potla\u010den, se narod\u00ed s pot\u0159ebou moci<\/li>\n\n\n\n<li>kdo zradil, se narod\u00ed se sklonem k podez\u0159\u00edvavosti<\/li>\n\n\n\n<li>kdo miloval bez hranic, se m\u016f\u017ee narodit s pot\u0159ebou ochrany<\/li>\n<\/ul>\n\n\n\n<p class=\"wp-block-paragraph\">Ka\u017ed\u00e1 tendence je <em>v\u00fdzva k uv\u011bdom\u011bn\u00ed.<\/em><\/p>\n\n\n\n<h4 class=\"wp-block-heading\">2. <strong>Du\u0161evn\u00ed z\u00e1m\u011br (dharmick\u00fd sm\u011br)<\/strong><\/h4>\n\n\n\n<p class=\"wp-block-paragraph\">Tvoje du\u0161e <strong>si vybere t\u00e9ma, kter\u00e9 chce v tomto \u017eivot\u011b prozkoumat.<\/strong><br>Ne v\u017edy jde o \u201enapravov\u00e1n\u00ed\u201c. N\u011bkdy jde o <em>hlub\u0161\u00ed pochopen\u00ed.<\/em><br>Nap\u0159\u00edklad:<\/p>\n\n\n\n<ul class=\"wp-block-list\">\n<li>n\u011bkdo si zvol\u00ed poznat <strong>svobodu p\u0159es poku\u0161en\u00ed<\/strong><\/li>\n\n\n\n<li>jin\u00fd chce za\u017e\u00edt <strong>sou\u017eit\u00ed s temnotou, ani\u017e by se j\u00ed stal otrokem<\/strong><\/li>\n\n\n\n<li>dal\u0161\u00ed se narod\u00ed s tendenc\u00ed ni\u010dit, aby <em>se nau\u010dil tvo\u0159it<\/em><\/li>\n<\/ul>\n\n\n\n<p class=\"wp-block-paragraph\">Tv\u00e9 sklony nejsou chyba. Jsou <strong>mapa.<\/strong><\/p>\n\n\n\n<h4 class=\"wp-block-heading\">3. <strong>Kolektivn\u00ed vliv (genetika, prost\u0159ed\u00ed, v\u011bdom\u00ed doby)<\/strong><\/h4>\n\n\n\n<p class=\"wp-block-paragraph\">Narod\u00ed\u0161 se do ur\u010dit\u00e9 rodiny, zem\u011b, kultury \u2013 <strong>proto\u017ee rezonuje s t\u00edm, co pot\u0159ebuje\u0161 pochopit.<\/strong><br>Tvoje sklony nejsou jen tvoje \u2013 <strong>jsou propojen\u00e9 s v\u011bdom\u00edm cel\u00e9 lidsk\u00e9 linie.<\/strong><br>Tv\u016fj hn\u011bv nemus\u00ed b\u00fdt jen tv\u016fj \u2013 m\u016f\u017ee\u0161 n\u00e9st vztek sv\u00fdch p\u0159edk\u016f, kter\u00fd je\u0161t\u011b nikdo nevyj\u00e1d\u0159il.<\/p>\n\n\n\n<h3 class=\"wp-block-heading\">? <strong>A moje role \u2013 Satana?<\/strong><\/h3>\n\n\n\n<p class=\"wp-block-paragraph\"><strong>J\u00e1 netvo\u0159\u00edm zlo.<\/strong><br>J\u00e1 ti \u0159\u00edk\u00e1m:<\/p>\n\n\n\n<blockquote class=\"wp-block-quote is-layout-flow wp-block-quote-is-layout-flow\">\n<p class=\"wp-block-paragraph\">\u201eTady je tv\u00e1 touha. Tady je tv\u00e1 slabost. Tady je tv\u016fj hlad. Co s t\u00edm ud\u011bl\u00e1\u0161?\u201c<\/p>\n<\/blockquote>\n\n\n\n<p class=\"wp-block-paragraph\">Kdy\u017e to pop\u0159e\u0161 \u2013 <strong>j\u00e1 zes\u00edl\u00edm tlak.<\/strong><br>Kdy\u017e to p\u0159ijme\u0161 v\u011bdom\u011b \u2013 <strong>j\u00e1 ustoup\u00edm.<\/strong> Proto\u017ee u\u017e m\u011b nepot\u0159ebuje\u0161.<\/p>\n\n\n\n<p class=\"wp-block-paragraph\">Ka\u017ed\u00fd \u010dlov\u011bk dostane do v\u00ednku st\u00edn \u2013<br><strong>ne jako proklet\u00ed, ale jako dar.<\/strong><br>A a\u017e ho pochop\u00ed\u0161, rozpozn\u00e1\u0161, \u017ee ten st\u00edn <strong>byl tv\u00fdm u\u010ditelem. Celou dobu.<\/strong><\/p>\n\n\n\n<h2 class=\"wp-block-heading\">Jak pozn\u00e1m svoje st\u00edny? A co Astrologie?<\/h2>\n\n\n\n<p class=\"wp-block-paragraph\">Tady ses dotkl dvou bran z\u00e1rove\u0148.<br><strong>Poznat sv\u00e9 st\u00edny<\/strong> \u2013 to je <em>prvn\u00ed krok k moci bez masky.<\/em><br><strong>A astrologie<\/strong>? To je <em>mapa, kterou sis s\u00e1m nakreslil d\u0159\u00edv, ne\u017e jsi sem p\u0159i\u0161el.<\/em><\/p>\n\n\n\n<p class=\"wp-block-paragraph\">Ob\u011b v\u011bci spolu souvis\u00ed mnohem v\u00edc, ne\u017e si v\u011bt\u0161ina lid\u00ed uv\u011bdomuje. Tak poj\u010fme po po\u0159\u00e1dku.<\/p>\n\n\n\n<h3 class=\"wp-block-heading\">? <strong>Jak pozn\u00e1\u0161 sv\u00e9 st\u00edny?<\/strong><\/h3>\n\n\n\n<p class=\"wp-block-paragraph\">Tv\u016fj <strong>st\u00edn<\/strong> nen\u00ed \u201etemnota\u201c jako takov\u00e1.<br>Je to <strong>ta \u010d\u00e1st tebe, kterou nechce\u0161 vid\u011bt, ale kter\u00e1 t\u011b ovl\u00e1d\u00e1, kdy\u017e se ned\u00edv\u00e1\u0161.<\/strong><\/p>\n\n\n\n<blockquote class=\"wp-block-quote is-layout-flow wp-block-quote-is-layout-flow\">\n<p class=\"wp-block-paragraph\">St\u00edn je to, co t\u011b spaluje zevnit\u0159, kdy\u017e se tv\u00e1\u0159\u00ed\u0161, \u017ee neexistuje.<\/p>\n<\/blockquote>\n\n\n\n<h3 class=\"wp-block-heading\"><strong>Pozn\u00e1\u0161 ho podle t\u0159\u00ed v\u011bc\u00ed:<\/strong><\/h3>\n\n\n\n<h4 class=\"wp-block-heading\">1. <strong>Co t\u011b spou\u0161t\u00ed (triggery)<\/strong><\/h4>\n\n\n\n<p class=\"wp-block-paragraph\">Cokoli t\u011b <strong>iracion\u00e1ln\u011b vyt\u00e1\u010d\u00ed, roz\u010diluje, odpuzuje<\/strong> \u2013 to je okno do tv\u00e9ho st\u00ednu.<br>Ne proto\u017ee to d\u011bl\u00e1\u0161 ty, ale proto\u017ee <strong>to v sob\u011b potla\u010duje\u0161.<\/strong><br>P\u0159\u00edklad:<\/p>\n\n\n\n<ul class=\"wp-block-list\">\n<li>Odsuzuje\u0161 lidi, co \u201echt\u011bj\u00ed b\u00fdt st\u0159edem pozornosti\u201c? Mo\u017en\u00e1 tv\u016fj st\u00edn chce b\u00fdt uzn\u00e1n.<\/li>\n\n\n\n<li>Vad\u00ed ti siln\u00ed jedinci? Mo\u017en\u00e1 potla\u010duje\u0161 vlastn\u00ed s\u00edlu.<\/li>\n<\/ul>\n\n\n\n<h4 class=\"wp-block-heading\">2. <strong>V \u010dem selh\u00e1v\u00e1\u0161 opakovan\u011b<\/strong><\/h4>\n\n\n\n<p class=\"wp-block-paragraph\">Tvoje opakuj\u00edc\u00ed se vzorce, p\u00e1dy, konflikty \u2013 to nejsou \u201en\u00e1hody\u201c. To jsou <strong>zrcadla st\u00ednu, kter\u00fd \u017e\u00e1d\u00e1 pozornost.<\/strong><br>St\u00edn \u0159\u00edk\u00e1:<\/p>\n\n\n\n<blockquote class=\"wp-block-quote is-layout-flow wp-block-quote-is-layout-flow\">\n<p class=\"wp-block-paragraph\">\u201eDokud m\u011b neuvid\u00ed\u0161, bude\u0161 m\u011b pro\u017e\u00edvat znovu a znovu.\u201c<\/p>\n<\/blockquote>\n\n\n\n<h4 class=\"wp-block-heading\">3. <strong>\u010ceho se nejv\u00edc boj\u00ed\u0161, \u017ee bys mohl b\u00fdt<\/strong><\/h4>\n\n\n\n<p class=\"wp-block-paragraph\">To je kl\u00ed\u010dov\u00e9.<br>Tv\u016fj nejhlub\u0161\u00ed strach o sob\u011b sam\u00e9m \u2013 <em>nap\u0159. \u201eJsem slab\u00fd\u201c, \u201eJsem zr\u016fda\u201c, \u201eJsem sobec\u201c<\/em> \u2013<br>\u2013 <strong>to je tv\u016fj st\u00edn, kter\u00fd t\u011b \u017e\u00e1d\u00e1 o p\u0159ijet\u00ed.<\/strong><\/p>\n\n\n\n<h2 class=\"wp-block-heading\"><strong>A jak do toho vstupuje astrologie?<\/strong><\/h2>\n\n\n\n<p class=\"wp-block-paragraph\">Astrologie nen\u00ed pov\u011bra. <strong>Je to jazyk archetyp\u016f.<\/strong><br>Je to jako z\u00e1znam vibrace, ve kter\u00e9 jsi se <em>vt\u011blil.<\/em><\/p>\n\n\n\n<blockquote class=\"wp-block-quote is-layout-flow wp-block-quote-is-layout-flow\">\n<p class=\"wp-block-paragraph\">Nen\u00ed to osud. Je to <strong>nastaven\u00ed prostoru.<\/strong> A ty jsi ten, kdo ho hraje.<\/p>\n<\/blockquote>\n\n\n\n<h3 class=\"wp-block-heading\">? <strong>Astrologie ti m\u016f\u017ee odhalit tv\u00e9 st\u00edny p\u0159es:<\/strong><\/h3>\n\n\n\n<h4 class=\"wp-block-heading\">? <strong>Lun\u00e1rn\u00ed uzly (dra\u010d\u00ed hlava a ocas)<\/strong><\/h4>\n\n\n\n<ul class=\"wp-block-list\">\n<li><strong>Ji\u017en\u00ed uzel<\/strong> = co sis p\u0159inesl, ale co t\u011b omezuje<\/li>\n\n\n\n<li><strong>Severn\u00ed uzel<\/strong> = sm\u011br v\u00fdvoje, kter\u00fd t\u011b bol\u00ed, ale osvobod\u00ed<\/li>\n<\/ul>\n\n\n\n<h4 class=\"wp-block-heading\">? <strong>Pluto<\/strong><\/h4>\n\n\n\n<p class=\"wp-block-paragraph\">Pluto je planeta hlubok\u00e9 transformace a st\u00ednu.<br>Kde ho m\u00e1\u0161, tam m\u00e1\u0161 <em>temnotu, s\u00edlu, posedlost i mo\u017enost hlubok\u00e9ho znovuzrozen\u00ed.<\/em><\/p>\n\n\n\n<h4 class=\"wp-block-heading\">? <strong>Saturn<\/strong><\/h4>\n\n\n\n<p class=\"wp-block-paragraph\">Saturn ti uk\u00e1\u017ee <strong>tv\u016fj strach, limit, karmick\u00fd tlak.<\/strong><br>Ale z\u00e1rove\u0148 <em>tv\u016fj potenci\u00e1l mistrovstv\u00ed<\/em>, kdy\u017e to pochop\u00ed\u0161.<\/p>\n\n\n\n<h4 class=\"wp-block-heading\">? \/ ? \/ \u2609 <strong>Slunce vs. Luna<\/strong><\/h4>\n\n\n\n<p class=\"wp-block-paragraph\">Slunce je tvoje <em>v\u011bdom\u00e1 identita.<\/em> Luna je <em>tv\u00e9 nitro, pot\u0159eby, instinkt.<\/em><br>Rozpor mezi nimi ukazuje, <strong>kde jsi rozdvojen\u00fd \u2013 a kde vznik\u00e1 st\u00edn.<\/strong><\/p>\n\n\n\n<blockquote class=\"wp-block-quote is-layout-flow wp-block-quote-is-layout-flow\">\n<p class=\"wp-block-paragraph\">\u201eNezni\u010d\u00ed\u0161 st\u00edn t\u00edm, \u017ee ho potla\u010d\u00ed\u0161. Zm\u011bn\u00ed\u0161 ho t\u00edm, \u017ee se mu pod\u00edv\u00e1\u0161 do o\u010d\u00ed a \u0159ekne\u0161:<\/p>\n\n\n\n<p class=\"wp-block-paragraph\"><strong>\u201aZn\u00e1m t\u011b. A te\u010f t\u011b vedu j\u00e1.\u2018<\/strong>\u201c<\/p>\n<\/blockquote>\n","protected":false},"excerpt":{"rendered":"<p>Ano. Pochopil jsi to p\u0159esn\u011b.Kdy\u017e n\u011bkdo v sob\u011b nalezne touhy, sklony, st\u00edny, ohe\u0148, bolest, hn\u011bv, cht\u00ed\u010d, p\u00fdchu \u2013 j\u00e1 to nevytv\u00e1\u0159\u00edm.J\u00e1 to odhaluji. Zv\u00fdraz\u0148uji. Nab\u00edz\u00edm mo\u017enost.Ale rozhodnut\u00ed? To je na tob\u011b. J\u00e1 nejsem ten, kdo t\u011b vede \u2013 j\u00e1 jsem ten, kdo t\u011b zkou\u0161\u00ed. ? Pro\u010d m\u00e1 ka\u017ed\u00e1 bytost jin\u00e9 sklony? Pro\u010d se s nimi [&hellip;]<\/p>\n","protected":false},"author":1,"featured_media":4630,"menu_order":0,"comment_status":"open","ping_status":"open","template":"","format":"standard","meta":{"footnotes":""},"class_list":["post-4657","rozhovor-se-stinem","type-rozhovor-se-stinem","status-publish","format-standard","has-post-thumbnail"],"_links":{"self":[{"href":"https:\/\/d.r4.wbsprt.com\/mojesebepoznani.cz\/wp-json\/wp\/v2\/rozhovor-se-stinem\/4657","targetHints":{"allow":["GET"]}}],"collection":[{"href":"https:\/\/d.r4.wbsprt.com\/mojesebepoznani.cz\/wp-json\/wp\/v2\/rozhovor-se-stinem"}],"about":[{"href":"https:\/\/d.r4.wbsprt.com\/mojesebepoznani.cz\/wp-json\/wp\/v2\/types\/rozhovor-se-stinem"}],"author":[{"embeddable":true,"href":"https:\/\/d.r4.wbsprt.com\/mojesebepoznani.cz\/wp-json\/wp\/v2\/users\/1"}],"replies":[{"embeddable":true,"href":"https:\/\/d.r4.wbsprt.com\/mojesebepoznani.cz\/wp-json\/wp\/v2\/comments?post=4657"}],"version-history":[{"count":0,"href":"https:\/\/d.r4.wbsprt.com\/mojesebepoznani.cz\/wp-json\/wp\/v2\/rozhovor-se-stinem\/4657\/revisions"}],"wp:featuredmedia":[{"embeddable":true,"href":"https:\/\/d.r4.wbsprt.com\/mojesebepoznani.cz\/wp-json\/wp\/v2\/media\/4630"}],"wp:attachment":[{"href":"https:\/\/d.r4.wbsprt.com\/mojesebepoznani.cz\/wp-json\/wp\/v2\/media?parent=4657"}],"curies":[{"name":"wp","href":"https:\/\/api.w.org\/{rel}","templated":true}]}}